{"id":16,"date":"2026-02-14T11:24:21","date_gmt":"2026-02-14T11:24:21","guid":{"rendered":"http:\/\/beta.weberlaw.de\/?page_id=16"},"modified":"2026-03-30T21:03:50","modified_gmt":"2026-03-30T21:03:50","slug":"impressum","status":"publish","type":"page","link":"https:\/\/www.weberlaw.de\/de\/impressum\/","title":{"rendered":"Impressum"},"content":{"rendered":"<div id='av_section_1'  class='avia-section av-1yayc-662f023f95dc17b5f2cecb2f227ae24d main_color avia-section-default avia-no-border-styling  avia-builder-el-0  avia-builder-el-no-sibling  avia-bg-style-scroll container_wrap fullsize'  ><div class='container av-section-cont-open' ><main  role=\"main\" itemprop=\"mainContentOfPage\"  class='template-page content  av-content-full alpha units'><div class='post-entry post-entry-type-page post-entry-16'><div class='entry-content-wrapper clearfix'>\n\n<style type=\"text\/css\" data-created_by=\"avia_inline_auto\" id=\"style-css-av-2hzio-3586ba6e4f929ae53002c026792d1d3b\">\n.flex_column.av-2hzio-3586ba6e4f929ae53002c026792d1d3b{\nborder-radius:0px 0px 0px 0px;\npadding:0px 0px 0px 0px;\n}\n<\/style>\n<div  class='flex_column av-2hzio-3586ba6e4f929ae53002c026792d1d3b av_one_full  avia-builder-el-1  el_before_av_one_half  avia-builder-el-first  first flex_column_div av-zero-column-padding  '     ><p>\n<style type=\"text\/css\" data-created_by=\"avia_inline_auto\" id=\"style-css-av-w9nw-abf1538b8a13d53c18b93ec967908440\">\n#top .av-special-heading.av-w9nw-abf1538b8a13d53c18b93ec967908440{\npadding-bottom:10px;\n}\nbody .av-special-heading.av-w9nw-abf1538b8a13d53c18b93ec967908440 .av-special-heading-tag .heading-char{\nfont-size:25px;\n}\n.av-special-heading.av-w9nw-abf1538b8a13d53c18b93ec967908440 .av-subheading{\nfont-size:15px;\n}\n<\/style>\n<div  class='av-special-heading av-w9nw-abf1538b8a13d53c18b93ec967908440 av-special-heading-h1 blockquote modern-quote modern-centered  avia-builder-el-2  el_before_av_hr  avia-builder-el-first '><h1 class='av-special-heading-tag '  itemprop=\"headline\"  >Impressum Fachanwalt f\u00fcr Steuerrecht in Karlsruhe <span class='special_amp'>&amp;<\/span> Ettlingen<\/h1><div class=\"special-heading-border\"><div class=\"special-heading-inner-border\"><\/div><\/div><\/div><br \/>\n<div  class='hr av-urt0-d3e73d52425d081570789598bf850eca hr-default  avia-builder-el-3  el_after_av_heading  avia-builder-el-last '><span class='hr-inner '><span class=\"hr-inner-style\"><\/span><\/span><\/div><\/p><\/div>\n<style type=\"text\/css\" data-created_by=\"avia_inline_auto\" id=\"style-css-av-1mehc-8194a60ac2953fba67502d9515930732\">\n.flex_column.av-1mehc-8194a60ac2953fba67502d9515930732{\nborder-radius:0px 0px 0px 0px;\npadding:0px 0px 0px 0px;\n}\n<\/style>\n<div  class='flex_column av-1mehc-8194a60ac2953fba67502d9515930732 av_one_half  avia-builder-el-4  el_after_av_one_full  el_before_av_one_half  first flex_column_div av-zero-column-padding  column-top-margin'     ><section  class='av_textblock_section av-kbuxggfa-af680ec82d42fa3f434ea03e752682f2 '   itemscope=\"itemscope\" itemtype=\"https:\/\/schema.org\/CreativeWork\" ><div class='avia_textblock'  itemprop=\"text\" ><p style=\"text-align: left;\"><strong>Name, Anschrift:<\/strong><\/p>\n<p style=\"text-align: left;\">Rechtsanwalt Konstantin Weber<br \/>\n<a href=\"https:\/\/de.wikipedia.org\/wiki\/Fachanwalt_f%C3%BCr_Steuerrecht\">Fachanwalt f\u00fcr Steuerrecht<\/a><br \/>\nHu\u00dfstra\u00dfe 6<br \/>\nD-76275<a href=\"https:\/\/www.ettlingen.de\/startseite.html\"> Ettlingen<\/a> bei <a href=\"https:\/\/www.karlsruhe.de\/\">Karlsruhe<\/a><\/p>\n<p style=\"text-align: left;\"><strong>Elektronischer Kontakt:<\/strong><\/p>\n<p style=\"text-align: left;\">Telefon: +49 (0)7243 364 7371<br \/>\nTelefax: +49 (0)7243 364 7971<br \/>\nE-Mail: <strong><a href=\"mailto:kw@weberlaw.de\">kw@weberlaw.de<\/a><\/strong><br \/>\nInternetauftritt: <strong><a href=\"https:\/\/www.weberlaw.de\/de\/\">www.weberlaw.de<\/a><\/strong><\/p>\n<\/div><\/section><\/div>\n<style type=\"text\/css\" data-created_by=\"avia_inline_auto\" id=\"style-css-av-16rwk-513d5231a070dce9743e389184d35bfa\">\n.flex_column.av-16rwk-513d5231a070dce9743e389184d35bfa{\nborder-radius:0px 0px 0px 0px;\npadding:0px 0px 0px 0px;\n}\n<\/style>\n<div  class='flex_column av-16rwk-513d5231a070dce9743e389184d35bfa av_one_half  avia-builder-el-6  el_after_av_one_half  el_before_av_one_full  flex_column_div av-zero-column-padding  column-top-margin'     ><section  class='av_textblock_section av-kbuxgpeq-b15478473a0f9022784f61ddd9815e7a '   itemscope=\"itemscope\" itemtype=\"https:\/\/schema.org\/CreativeWork\" ><div class='avia_textblock'  itemprop=\"text\" ><p style=\"text-align: left;\"><strong>Aufsichtsbeh\u00f6rde:<\/strong><\/p>\n<p style=\"text-align: left;\"><a href=\"ttps:\/\/www.rak-karlsruhe.de\">Rechtsanwaltskammer<\/a> <a href=\"https:\/\/www.karlsruhe.de\/\">Karlsruhe<\/a><br \/>\nReinhold-Frank-Str. 72<br \/>\n76133 <a href=\"https:\/\/www.karlsruhe.de\/\">Karlsruhe<\/a><br \/>\nTelefon: +49 (0)721 25340<br \/>\nTelefax: +49 (0)721 26627<\/p>\n<p style=\"text-align: left;\">E-Mail: <strong>info@rak-karlsruhe.de<\/strong><br \/>\nInternetauftritt: <strong><a href=\"https:\/\/www.rak-karlsruhe.de\">www.rak-karlsruhe.de<\/a><\/strong><\/p>\n<\/div><\/section><\/div>\n<style type=\"text\/css\" data-created_by=\"avia_inline_auto\" id=\"style-css-av-1be6o-b650005720feb445d42c983577e269f5\">\n#top .flex_column.av-1be6o-b650005720feb445d42c983577e269f5{\nmargin-top:0px;\nmargin-bottom:0px;\n}\n.flex_column.av-1be6o-b650005720feb445d42c983577e269f5{\nborder-radius:0px 0px 0px 0px;\npadding:0px 0px 0px 0px;\n}\n.responsive #top #wrap_all .flex_column.av-1be6o-b650005720feb445d42c983577e269f5{\nmargin-top:0px;\nmargin-bottom:0px;\n}\n<\/style>\n<div  class='flex_column av-1be6o-b650005720feb445d42c983577e269f5 av_one_full  avia-builder-el-8  el_after_av_one_half  avia-builder-el-last  first flex_column_div av-zero-column-padding  column-top-margin'     ><section  class='av_textblock_section av-k6m25tb9-4c0577f907fdc6b2a59e0e01d167a029 '   itemscope=\"itemscope\" itemtype=\"https:\/\/schema.org\/CreativeWork\" ><div class='avia_textblock'  itemprop=\"text\" ><p style=\"text-align: left;\"><strong>Berufsbezeichnung:<\/strong><\/p>\n<p style=\"text-align: left;\">Konstantin Weber wurde in der Bundesrepublik Deutschland von der Rechtsanwaltskammer Karlsruhe zur Rechtsanwaltschaft und als Rechtsanwalt zugelassen. Er ist berechtigt, die Berufsbezeichnung &#8222;Rechtsanwalt&#8220; zu f\u00fchren.<\/p>\n<p style=\"text-align: left;\">Rechtsanwalt Konstantin Weber wurde von der Rechtsanwaltskammer Karlsruhe die Erlaubnis erteilt, die Bezeichnung &#8222;Fachanwalt f\u00fcr Steuerrecht&#8220; zu f\u00fchren.<\/p>\n<p style=\"text-align: left;\"><strong>Berufsrechtliche Regelungen f\u00fcr Rechtsanw\u00e4lte:<\/strong><\/p>\n<p style=\"text-align: left;\">Es gelten insbesondere folgende berufsrechtliche Regelungen:<\/p>\n<p style=\"text-align: left;\">Bundesrechtsanwaltsordnung (BRAO)<\/p>\n<p style=\"text-align: left;\">Berufsordnung (BORA)<\/p>\n<p style=\"text-align: left;\">Fachanwaltsordnung (FAO)<\/p>\n<p style=\"text-align: left;\">Berufsregeln der Rechtsanw\u00e4lte der Europ\u00e4ischen Union (CCBE-Berufsregeln)<\/p>\n<p style=\"text-align: left;\">Gesetz \u00fcber die T\u00e4tigkeit der europ\u00e4ischen Rechtsanw\u00e4lte in Deutschland (EuRAG)<\/p>\n<p style=\"text-align: left;\">Gesetz \u00fcber die Verg\u00fctung der Rechtsanw\u00e4ltinnen und Rechtsanw\u00e4lte (RVG)<\/p>\n<p style=\"text-align: left;\">Bundesgeb\u00fchrenordnung (BRAGO)<\/p>\n<p style=\"text-align: left;\">Alle berufsrechtlichen Regelungen f\u00fcr Rechtsanw\u00e4lte k\u00f6nnen \u00fcber die Homepage der Bundesrechtsanwaltskammer unter www.brak.de und der Rubrik &#8222;Berufsrecht&#8220; und &#8222;Geb\u00fchren und Honorare&#8220; eingesehen werden.<\/p>\n<p style=\"text-align: left;\">Auch stehen alle berufsrechtlichen Regelungen f\u00fcr Rechtsanw\u00e4lte auf den Internetseiten des Bundesministeriums der Justiz und f\u00fcr Verbraucherschutz unter www.gesetze-im-internet.de zur Einsicht bereit.<\/p>\n<p style=\"text-align: left;\"><strong>Umsatzsteuer-Identifikationsnummer<\/strong><br \/>\n(USt-IdNr.):<\/p>\n<p style=\"text-align: left;\">DE292221861<\/p>\n<p style=\"text-align: left;\"><strong>Berufshaftpflicht-Versicherung:<\/strong><\/p>\n<p style=\"text-align: left;\">R+V Allgemeine Versicherung AG<br \/>\nRaiffeisenplatz 1<br \/>\n65189 Wiesbaden<\/p>\n<p style=\"text-align: left;\"><strong>R\u00e4umlicher Geltungsbereich:<\/strong><\/p>\n<p style=\"text-align: left;\">Der Versicherungsschutz gilt im gesamten EU- Gebiet und den Staaten des Abkommens \u00fcber den Europ\u00e4ischen Wirtschaftsraum.<\/p>\n<p style=\"text-align: left;\">Der Versicherungsschutz bezieht sich nicht auf Haftpflichtanspr\u00fcche im Zusammenhang mit der Beratung und Besch\u00e4ftigung im au\u00dfereurop\u00e4ischen Recht sowie mit T\u00e4tigkeiten bzw. der Inanspruchnahme vor au\u00dfereurop\u00e4ischen Gerichten.<\/p>\n<p style=\"text-align: left;\"><strong>Verantwortlicher f\u00fcr Inhalt:<\/strong><\/p>\n<p style=\"text-align: left;\">Konstantin Weber<\/p>\n<p style=\"text-align: left;\">Mediengestaltung und Umsetzung des Internetauftritts:<\/p>\n<p style=\"text-align: left;\">Axel Schilling<br \/>\nMedienfachwirt<br \/>\n<strong><a href=\"http:\/\/www.websites-karlsruhe.de\">www.websites-karlsruhe.de<\/a><\/strong><\/p>\n<p style=\"text-align: left;\"><strong>Haftungsausschluss:<\/strong><\/p>\n<p style=\"text-align: left;\">Die Inhalte unserer Seiten wurden mit gr\u00f6\u00dfter Sorgfalt erstellt. F\u00fcr die Aktualit\u00e4t, Richtigkeit und Vollst\u00e4ndigkeit der Inhalte \u00fcbernehmen wir keine Gew\u00e4hr. Wir \u00fcbernehmen auch keine Haftung f\u00fcr die Inhalte externer Links. F\u00fcr den Inhalt der verlinkten Seiten sind ausschlie\u00dflich die Betreiber dieser Seiten verantwortlich.<\/p>\n<p style=\"text-align: left;\"><strong>Datenschutz:<\/strong><\/p>\n<p style=\"text-align: left;\">Wir erheben, nutzen und verarbeiten personenbezogene Daten nur, wenn dies durch die einschl\u00e4gigen datenschutzrechtlichen Regelungen zugelassen ist oder der Nutzer in die Erhebung, Nutzung und Verarbeitung seiner personenbezogenen Daten eingewilligt hat.<\/p>\n<p style=\"text-align: left;\"><strong>Bildnachweise:<\/strong><\/p>\n<p style=\"text-align: left;\">Goodbild Bilder-Shop<\/p>\n<p style=\"text-align: left;\">Hinweise auf fremde Urheberrechte:<\/p>\n<p style=\"text-align: left;\">Die Rechte f\u00fcr das Bild auf unserer Seite Kontakt unter Rubrik &#8222;zum Standort&#8220; liegen bei Google (www.maps.google.de). 2026<\/p>\n<\/div><\/section><\/div>\n","protected":false},"excerpt":{"rendered":"","protected":false},"author":2,"featured_media":533,"parent":0,"menu_order":0,"comment_status":"closed","ping_status":"closed","template":"","meta":{"footnotes":""},"class_list":["post-16","page","type-page","status-publish","has-post-thumbnail","hentry"],"yoast_head":"<!-- This site is optimized with the Yoast SEO plugin v27.3 - https:\/\/yoast.com\/product\/yoast-seo-wordpress\/ -->\n<title>Impressum, Weber I Recht &amp; Steuern Kanzlei, Ettlingen, Karlsruhe<\/title>\n<meta name=\"description\" content=\"Impressum Weber I Recht &amp; Steuern Kanzlei, Ettlingen, Karlsruhe, Rechtsanwalt, Fachanwalt f\u00fcr Steuerrecht, Steuerberatung\" \/>\n<meta name=\"robots\" content=\"index, follow, max-snippet:-1, max-image-preview:large, max-video-preview:-1\" \/>\n<link rel=\"canonical\" href=\"https:\/\/www.weberlaw.de\/de\/impressum\/\" \/>\n<meta property=\"og:locale\" content=\"de_DE\" \/>\n<meta property=\"og:type\" content=\"article\" \/>\n<meta property=\"og:title\" content=\"Impressum, Weber I Recht &amp; Steuern Kanzlei, Ettlingen, Karlsruhe\" \/>\n<meta property=\"og:description\" content=\"Impressum Weber I Recht &amp; Steuern Kanzlei, Ettlingen, Karlsruhe, Rechtsanwalt, Fachanwalt f\u00fcr Steuerrecht, Steuerberatung\" \/>\n<meta property=\"og:url\" content=\"https:\/\/www.weberlaw.de\/de\/impressum\/\" \/>\n<meta property=\"og:site_name\" content=\"Weber | Recht &amp; Steuern\" \/>\n<meta property=\"article:modified_time\" content=\"2026-03-30T21:03:50+00:00\" \/>\n<meta property=\"og:image\" content=\"https:\/\/www.weberlaw.de\/wp-content\/uploads\/2020\/05\/Kontakt.jpg\" \/>\n\t<meta property=\"og:image:width\" content=\"800\" \/>\n\t<meta property=\"og:image:height\" content=\"533\" \/>\n\t<meta property=\"og:image:type\" content=\"image\/jpeg\" \/>\n<meta name=\"twitter:card\" content=\"summary_large_image\" \/>\n<meta name=\"twitter:label1\" content=\"Gesch\u00e4tzte Lesezeit\" \/>\n\t<meta name=\"twitter:data1\" content=\"3\u00a0Minuten\" \/>\n<script type=\"application\/ld+json\" class=\"yoast-schema-graph\">{\"@context\":\"https:\\\/\\\/schema.org\",\"@graph\":[{\"@type\":\"WebPage\",\"@id\":\"https:\\\/\\\/www.weberlaw.de\\\/de\\\/impressum\\\/\",\"url\":\"https:\\\/\\\/www.weberlaw.de\\\/de\\\/impressum\\\/\",\"name\":\"Impressum, Weber I Recht & Steuern Kanzlei, Ettlingen, Karlsruhe\",\"isPartOf\":{\"@id\":\"https:\\\/\\\/www.weberlaw.de\\\/de\\\/#website\"},\"primaryImageOfPage\":{\"@id\":\"https:\\\/\\\/www.weberlaw.de\\\/de\\\/impressum\\\/#primaryimage\"},\"image\":{\"@id\":\"https:\\\/\\\/www.weberlaw.de\\\/de\\\/impressum\\\/#primaryimage\"},\"thumbnailUrl\":\"https:\\\/\\\/www.weberlaw.de\\\/wp-content\\\/uploads\\\/2020\\\/05\\\/Kontakt.jpg\",\"datePublished\":\"2026-02-14T11:24:21+00:00\",\"dateModified\":\"2026-03-30T21:03:50+00:00\",\"description\":\"Impressum Weber I Recht & Steuern Kanzlei, Ettlingen, Karlsruhe, Rechtsanwalt, Fachanwalt f\u00fcr Steuerrecht, Steuerberatung\",\"breadcrumb\":{\"@id\":\"https:\\\/\\\/www.weberlaw.de\\\/de\\\/impressum\\\/#breadcrumb\"},\"inLanguage\":\"de\",\"potentialAction\":[{\"@type\":\"ReadAction\",\"target\":[\"https:\\\/\\\/www.weberlaw.de\\\/de\\\/impressum\\\/\"]}]},{\"@type\":\"ImageObject\",\"inLanguage\":\"de\",\"@id\":\"https:\\\/\\\/www.weberlaw.de\\\/de\\\/impressum\\\/#primaryimage\",\"url\":\"https:\\\/\\\/www.weberlaw.de\\\/wp-content\\\/uploads\\\/2020\\\/05\\\/Kontakt.jpg\",\"contentUrl\":\"https:\\\/\\\/www.weberlaw.de\\\/wp-content\\\/uploads\\\/2020\\\/05\\\/Kontakt.jpg\",\"width\":800,\"height\":533,\"caption\":\"Karlsruher Schloss bei Nacht\"},{\"@type\":\"BreadcrumbList\",\"@id\":\"https:\\\/\\\/www.weberlaw.de\\\/de\\\/impressum\\\/#breadcrumb\",\"itemListElement\":[{\"@type\":\"ListItem\",\"position\":1,\"name\":\"Kanzlei f\u00fcr Recht &amp; Steuern\",\"item\":\"https:\\\/\\\/www.weberlaw.de\\\/de\\\/fachanwalt-fuer-steuerrecht-in-karlsruhe-ettlingen-kanzlei-weber\\\/\"},{\"@type\":\"ListItem\",\"position\":2,\"name\":\"Impressum\"}]},{\"@type\":\"WebSite\",\"@id\":\"https:\\\/\\\/www.weberlaw.de\\\/de\\\/#website\",\"url\":\"https:\\\/\\\/www.weberlaw.de\\\/de\\\/\",\"name\":\"Weber | Recht &amp; Steuern\",\"description\":\"Kanzlei f\u00fcr Wirtschafts- und Steuerrecht\",\"publisher\":{\"@id\":\"https:\\\/\\\/www.weberlaw.de\\\/de\\\/#organization\"},\"potentialAction\":[{\"@type\":\"SearchAction\",\"target\":{\"@type\":\"EntryPoint\",\"urlTemplate\":\"https:\\\/\\\/www.weberlaw.de\\\/de\\\/?s={search_term_string}\"},\"query-input\":{\"@type\":\"PropertyValueSpecification\",\"valueRequired\":true,\"valueName\":\"search_term_string\"}}],\"inLanguage\":\"de\"},{\"@type\":\"Organization\",\"@id\":\"https:\\\/\\\/www.weberlaw.de\\\/de\\\/#organization\",\"name\":\"Weber Recht & Steuern Kanzlei\",\"url\":\"https:\\\/\\\/www.weberlaw.de\\\/de\\\/\",\"logo\":{\"@type\":\"ImageObject\",\"inLanguage\":\"de\",\"@id\":\"https:\\\/\\\/www.weberlaw.de\\\/de\\\/#\\\/schema\\\/logo\\\/image\\\/\",\"url\":\"https:\\\/\\\/www.weberlaw.de\\\/wp-content\\\/uploads\\\/2020\\\/05\\\/weber-recht-steuern-karlsruhe-baden-baden-3.png\",\"contentUrl\":\"https:\\\/\\\/www.weberlaw.de\\\/wp-content\\\/uploads\\\/2020\\\/05\\\/weber-recht-steuern-karlsruhe-baden-baden-3.png\",\"width\":890,\"height\":200,\"caption\":\"Weber Recht & Steuern Kanzlei\"},\"image\":{\"@id\":\"https:\\\/\\\/www.weberlaw.de\\\/de\\\/#\\\/schema\\\/logo\\\/image\\\/\"},\"sameAs\":[\"https:\\\/\\\/de.linkedin.com\\\/in\\\/konstantinweber\"]}]}<\/script>\n<!-- \/ Yoast SEO plugin. -->","yoast_head_json":{"title":"Impressum, Weber I Recht & Steuern Kanzlei, Ettlingen, Karlsruhe","description":"Impressum Weber I Recht & Steuern Kanzlei, Ettlingen, Karlsruhe, Rechtsanwalt, Fachanwalt f\u00fcr Steuerrecht, Steuerberatung","robots":{"index":"index","follow":"follow","max-snippet":"max-snippet:-1","max-image-preview":"max-image-preview:large","max-video-preview":"max-video-preview:-1"},"canonical":"https:\/\/www.weberlaw.de\/de\/impressum\/","og_locale":"de_DE","og_type":"article","og_title":"Impressum, Weber I Recht & Steuern Kanzlei, Ettlingen, Karlsruhe","og_description":"Impressum Weber I Recht & Steuern Kanzlei, Ettlingen, Karlsruhe, Rechtsanwalt, Fachanwalt f\u00fcr Steuerrecht, Steuerberatung","og_url":"https:\/\/www.weberlaw.de\/de\/impressum\/","og_site_name":"Weber | Recht &amp; Steuern","article_modified_time":"2026-03-30T21:03:50+00:00","og_image":[{"width":800,"height":533,"url":"https:\/\/www.weberlaw.de\/wp-content\/uploads\/2020\/05\/Kontakt.jpg","type":"image\/jpeg"}],"twitter_card":"summary_large_image","twitter_misc":{"Gesch\u00e4tzte Lesezeit":"3\u00a0Minuten"},"schema":{"@context":"https:\/\/schema.org","@graph":[{"@type":"WebPage","@id":"https:\/\/www.weberlaw.de\/de\/impressum\/","url":"https:\/\/www.weberlaw.de\/de\/impressum\/","name":"Impressum, Weber I Recht & Steuern Kanzlei, Ettlingen, Karlsruhe","isPartOf":{"@id":"https:\/\/www.weberlaw.de\/de\/#website"},"primaryImageOfPage":{"@id":"https:\/\/www.weberlaw.de\/de\/impressum\/#primaryimage"},"image":{"@id":"https:\/\/www.weberlaw.de\/de\/impressum\/#primaryimage"},"thumbnailUrl":"https:\/\/www.weberlaw.de\/wp-content\/uploads\/2020\/05\/Kontakt.jpg","datePublished":"2026-02-14T11:24:21+00:00","dateModified":"2026-03-30T21:03:50+00:00","description":"Impressum Weber I Recht & Steuern Kanzlei, Ettlingen, Karlsruhe, Rechtsanwalt, Fachanwalt f\u00fcr Steuerrecht, Steuerberatung","breadcrumb":{"@id":"https:\/\/www.weberlaw.de\/de\/impressum\/#breadcrumb"},"inLanguage":"de","potentialAction":[{"@type":"ReadAction","target":["https:\/\/www.weberlaw.de\/de\/impressum\/"]}]},{"@type":"ImageObject","inLanguage":"de","@id":"https:\/\/www.weberlaw.de\/de\/impressum\/#primaryimage","url":"https:\/\/www.weberlaw.de\/wp-content\/uploads\/2020\/05\/Kontakt.jpg","contentUrl":"https:\/\/www.weberlaw.de\/wp-content\/uploads\/2020\/05\/Kontakt.jpg","width":800,"height":533,"caption":"Karlsruher Schloss bei Nacht"},{"@type":"BreadcrumbList","@id":"https:\/\/www.weberlaw.de\/de\/impressum\/#breadcrumb","itemListElement":[{"@type":"ListItem","position":1,"name":"Kanzlei f\u00fcr Recht &amp; Steuern","item":"https:\/\/www.weberlaw.de\/de\/fachanwalt-fuer-steuerrecht-in-karlsruhe-ettlingen-kanzlei-weber\/"},{"@type":"ListItem","position":2,"name":"Impressum"}]},{"@type":"WebSite","@id":"https:\/\/www.weberlaw.de\/de\/#website","url":"https:\/\/www.weberlaw.de\/de\/","name":"Weber | Recht &amp; Steuern","description":"Kanzlei f\u00fcr Wirtschafts- und Steuerrecht","publisher":{"@id":"https:\/\/www.weberlaw.de\/de\/#organization"},"potentialAction":[{"@type":"SearchAction","target":{"@type":"EntryPoint","urlTemplate":"https:\/\/www.weberlaw.de\/de\/?s={search_term_string}"},"query-input":{"@type":"PropertyValueSpecification","valueRequired":true,"valueName":"search_term_string"}}],"inLanguage":"de"},{"@type":"Organization","@id":"https:\/\/www.weberlaw.de\/de\/#organization","name":"Weber Recht & Steuern Kanzlei","url":"https:\/\/www.weberlaw.de\/de\/","logo":{"@type":"ImageObject","inLanguage":"de","@id":"https:\/\/www.weberlaw.de\/de\/#\/schema\/logo\/image\/","url":"https:\/\/www.weberlaw.de\/wp-content\/uploads\/2020\/05\/weber-recht-steuern-karlsruhe-baden-baden-3.png","contentUrl":"https:\/\/www.weberlaw.de\/wp-content\/uploads\/2020\/05\/weber-recht-steuern-karlsruhe-baden-baden-3.png","width":890,"height":200,"caption":"Weber Recht & Steuern Kanzlei"},"image":{"@id":"https:\/\/www.weberlaw.de\/de\/#\/schema\/logo\/image\/"},"sameAs":["https:\/\/de.linkedin.com\/in\/konstantinweber"]}]}},"_links":{"self":[{"href":"https:\/\/www.weberlaw.de\/de\/wp-json\/wp\/v2\/pages\/16","targetHints":{"allow":["GET"]}}],"collection":[{"href":"https:\/\/www.weberlaw.de\/de\/wp-json\/wp\/v2\/pages"}],"about":[{"href":"https:\/\/www.weberlaw.de\/de\/wp-json\/wp\/v2\/types\/page"}],"author":[{"embeddable":true,"href":"https:\/\/www.weberlaw.de\/de\/wp-json\/wp\/v2\/users\/2"}],"replies":[{"embeddable":true,"href":"https:\/\/www.weberlaw.de\/de\/wp-json\/wp\/v2\/comments?post=16"}],"version-history":[{"count":12,"href":"https:\/\/www.weberlaw.de\/de\/wp-json\/wp\/v2\/pages\/16\/revisions"}],"predecessor-version":[{"id":2530,"href":"https:\/\/www.weberlaw.de\/de\/wp-json\/wp\/v2\/pages\/16\/revisions\/2530"}],"wp:featuredmedia":[{"embeddable":true,"href":"https:\/\/www.weberlaw.de\/de\/wp-json\/wp\/v2\/media\/533"}],"wp:attachment":[{"href":"https:\/\/www.weberlaw.de\/de\/wp-json\/wp\/v2\/media?parent=16"}],"curies":[{"name":"wp","href":"https:\/\/api.w.org\/{rel}","templated":true}]}}