{"id":167,"date":"2026-02-21T16:18:59","date_gmt":"2026-02-21T16:18:59","guid":{"rendered":"http:\/\/beta.weberlaw.de\/?page_id=167"},"modified":"2026-04-03T12:40:35","modified_gmt":"2026-04-03T12:40:35","slug":"kompetenzen-steuerstrafrecht-steuerstreitrecht-steuerrecht","status":"publish","type":"page","link":"https:\/\/www.weberlaw.de\/de\/kompetenzen-steuerstrafrecht-steuerstreitrecht-steuerrecht\/","title":{"rendered":"Kompetenzen"},"content":{"rendered":"\n<style type=\"text\/css\" data-created_by=\"avia_inline_auto\" id=\"style-css-av-7mqw-89b965069db752453971a8dcdecbb2c9\">\n.avia-section.av-7mqw-89b965069db752453971a8dcdecbb2c9{\nbackground-repeat:no-repeat;\nbackground-image:url(https:\/\/www.weberlaw.de\/wp-content\/uploads\/2020\/04\/weber-recht-und-steuern.jpg);\nbackground-position:50% 50%;\nbackground-attachment:fixed;\n}\n.avia-section.av-7mqw-89b965069db752453971a8dcdecbb2c9 .av-section-color-overlay{\nopacity:0.1;\nbackground-color:#000000;\n}\n<\/style>\n<div id='av_section_1'  class='avia-section av-7mqw-89b965069db752453971a8dcdecbb2c9 main_color avia-section-default avia-no-border-styling  avia-builder-el-0  el_before_av_section  avia-builder-el-first  heading-roboto avia-full-stretch avia-bg-style-fixed av-section-color-overlay-active av-minimum-height av-minimum-height-50 av-height-50  container_wrap fullsize'  data-section-bg-repeat='stretch' data-av_minimum_height_pc='50' data-av_min_height_opt='50'><div class=\"av-section-color-overlay-wrap\"><div class=\"av-section-color-overlay\"><\/div><div class='container av-section-cont-open' ><main  role=\"main\" itemprop=\"mainContentOfPage\"  class='template-page content  av-content-full alpha units'><div class='post-entry post-entry-type-page post-entry-167'><div class='entry-content-wrapper clearfix'>\n\n<style type=\"text\/css\" data-created_by=\"avia_inline_auto\" id=\"style-css-av-ka49d6vi-f1e91fa0609e1045cb9f00b556bced6f\">\n#top .av-special-heading.av-ka49d6vi-f1e91fa0609e1045cb9f00b556bced6f{\npadding-bottom:10px;\ncolor:#ffffff;\nfont-size:50px;\n}\nbody .av-special-heading.av-ka49d6vi-f1e91fa0609e1045cb9f00b556bced6f .av-special-heading-tag .heading-char{\nfont-size:25px;\n}\n#top #wrap_all .av-special-heading.av-ka49d6vi-f1e91fa0609e1045cb9f00b556bced6f .av-special-heading-tag{\nfont-size:50px;\n}\n.av-special-heading.av-ka49d6vi-f1e91fa0609e1045cb9f00b556bced6f .special-heading-inner-border{\nborder-color:#ffffff;\n}\n.av-special-heading.av-ka49d6vi-f1e91fa0609e1045cb9f00b556bced6f .av-subheading{\nfont-size:15px;\n}\n\n@media only screen and (min-width: 480px) and (max-width: 767px){ \n#top #wrap_all .av-special-heading.av-ka49d6vi-f1e91fa0609e1045cb9f00b556bced6f .av-special-heading-tag{\nfont-size:0.8em;\n}\n}\n\n@media only screen and (max-width: 479px){ \n#top #wrap_all .av-special-heading.av-ka49d6vi-f1e91fa0609e1045cb9f00b556bced6f .av-special-heading-tag{\nfont-size:0.8em;\n}\n}\n<\/style>\n<div  class='av-special-heading av-ka49d6vi-f1e91fa0609e1045cb9f00b556bced6f av-special-heading-h1 custom-color-heading blockquote modern-quote modern-centered  avia-builder-el-1  avia-builder-el-no-sibling  av-inherit-size'><h1 class='av-special-heading-tag '  itemprop=\"headline\"  >Kompetenzen<\/h1><div class=\"special-heading-border\"><div class=\"special-heading-inner-border\"><\/div><\/div><\/div>\n\n<\/div><\/div><\/main><!-- close content main element --><\/div><\/div><\/div><div id='av_section_2'  class='avia-section av-94qyx-7f89490e5e1cbd03b57ab941069f6126 main_color avia-section-default avia-no-border-styling  avia-builder-el-2  el_after_av_section  el_before_av_masonry_entries  avia-bg-style-scroll container_wrap fullsize'  ><div class='container av-section-cont-open' ><div class='template-page content  av-content-full alpha units'><div class='post-entry post-entry-type-page post-entry-167'><div class='entry-content-wrapper clearfix'>\n\n<style type=\"text\/css\" data-created_by=\"avia_inline_auto\" id=\"style-css-av-b4uon-d52a21f6eb3e609016322c9efe3d0b14\">\n#top .av-special-heading.av-b4uon-d52a21f6eb3e609016322c9efe3d0b14{\npadding-bottom:10px;\n}\nbody .av-special-heading.av-b4uon-d52a21f6eb3e609016322c9efe3d0b14 .av-special-heading-tag .heading-char{\nfont-size:25px;\n}\n.av-special-heading.av-b4uon-d52a21f6eb3e609016322c9efe3d0b14 .av-subheading{\nfont-size:15px;\n}\n<\/style>\n<div  class='av-special-heading av-b4uon-d52a21f6eb3e609016322c9efe3d0b14 av-special-heading-h2 blockquote modern-quote modern-centered  avia-builder-el-3  el_before_av_hr  avia-builder-el-first '><h2 class='av-special-heading-tag '  itemprop=\"headline\"  >T\u00e4tigkeitsschwerpunkte Rechtsanwalt und Fachanwalt f\u00fcr Steuerrecht Karlsruhe <span class='special_amp'>&amp;<\/span> Ettlingen<\/h2><div class=\"special-heading-border\"><div class=\"special-heading-inner-border\"><\/div><\/div><\/div>\n\n<style type=\"text\/css\" data-created_by=\"avia_inline_auto\" id=\"style-css-av-k8e4jr89-fbdb95677888c7a3d5342c1037bc3a63\">\n#top .hr.av-k8e4jr89-fbdb95677888c7a3d5342c1037bc3a63{\nmargin-top:10px;\nmargin-bottom:10px;\n}\n.hr.av-k8e4jr89-fbdb95677888c7a3d5342c1037bc3a63 .hr-inner{\nwidth:50px;\nmax-width:45%;\n}\n<\/style>\n<div  class='hr av-k8e4jr89-fbdb95677888c7a3d5342c1037bc3a63 hr-custom  avia-builder-el-4  el_after_av_heading  el_before_av_textblock  hr-center hr-icon-yes'><span class='hr-inner inner-border-av-border-thin'><span class=\"hr-inner-style\"><\/span><\/span><span class='av-seperator-icon avia-iconfont avia-font-entypo-fontello' data-av_icon='\ue8c9' data-av_iconfont='entypo-fontello' ><\/span><span class='hr-inner inner-border-av-border-thin'><span class=\"hr-inner-style\"><\/span><\/span><\/div>\n<section  class='av_textblock_section av-ka496awi-c763ee76ac4b0dba0a0e8bdf63ef47d6 '   itemscope=\"itemscope\" itemtype=\"https:\/\/schema.org\/CreativeWork\" ><div class='avia_textblock'  itemprop=\"text\" ><p style=\"text-align: left;\"><strong><a href=\"https:\/\/www.weberlaw.de\/de\/kontakt-weber-i-recht-steuern-kanzlei-ettlingen-karlsruhe\/\">Weber | Recht &amp; Steuern Kanzlei aus Ettlingen bei Karlsruhe<\/a><\/strong> ber\u00e4t deutsche und ausl\u00e4ndische Unternehmen, Unternehmer, Vereine, handwerkliche Betriebe, Verb\u00e4nde, Kommunen, Freiberufler und Privatpersonen.<\/p>\n<p style=\"text-align: left;\">Aufgrund unserer langj\u00e4hrigen Erfahrung verf\u00fcgen wir \u00fcber umfangreiche Fachexpertise in folgenden Bereichen:<strong> <a href=\"https:\/\/www.weberlaw.de\/de\/kompetenz\/steuerrecht\/\">Steuerrecht<\/a>, <a href=\"https:\/\/www.weberlaw.de\/de\/kompetenz\/umsatzsteuerrecht\/\">Umsatzsteuerrecht<\/a>, <a href=\"https:\/\/www.weberlaw.de\/de\/kompetenz\/steuerstrafrecht\/\">Steuerstrafrecht<\/a>, <a href=\"https:\/\/www.weberlaw.de\/de\/kompetenz\/wirtschaftsstrafrecht\/\">Wirtschaftsstrafrecht<\/a>, <a href=\"https:\/\/www.weberlaw.de\/de\/kompetenz\/steuerstreitrecht\/\">Steuerstreitrecht<\/a>, <a href=\"https:\/\/www.weberlaw.de\/de\/kompetenz\/deutsch-schweizer-steuerrecht\/\">Deutsch-Schweizer Steuerrecht<\/a>, <a href=\"https:\/\/www.weberlaw.de\/de\/kompetenz\/tax-compliance-und-compliance\/\">Compliance<\/a> <\/strong>und <strong><a href=\"https:\/\/www.weberlaw.de\/de\/kompetenz\/haftungsrecht\/\">Haftungsrecht<\/a><\/strong>.<\/p>\n<p style=\"text-align: left;\">Wir beraten unsere Mandanten im <strong><a title=\"Umsatzsteuerrecht\" href=\"\/de\/kompetenzen\/umsatzsteuerrecht\/\">Umsatzsteuer<\/a><a href=\"https:\/\/www.weberlaw.de\/de\/schwerpunkte.html?showall=&amp;start=2\">&#8211;<\/a>, <a href=\"\/de\/kompetenzen\/steuerstrafrecht\/\">Steuerstraf-<\/a>, <a href=\"\/de\/kompetenzen\/wirtschaftsstrafrecht\/\">Wirtschaftsstraf-<\/a><\/strong>\u00a0und <a title=\"Steuerstrafrecht\" href=\"\/de\/kompetenzen\/steuerstreitrecht\/\"><strong>Steuerstreitrecht<\/strong><\/a>\u00a0zu s\u00e4mtlichen <strong><a title=\"Umsatzsteuerrecht\" href=\"\/de\/kompetenzen\/umsatzsteuerrecht\/\">umsatzsteuerlichen<\/a><\/strong>, <strong><a title=\"Steuerstrafrecht\" href=\"\/de\/kompetenzen\/steuerstrafrecht\/\">steuerstrafrechtlichen<\/a><\/strong>, <a href=\"\/de\/kompetenzen\/wirtschaftsstrafrecht\/\"><strong>wirtschaftsstrafrechtlichen<\/strong><\/a> und <a href=\"\/de\/kompetenzen\/steuerstreitrecht\/\"><strong>steuerstreitrechtlichen<\/strong><\/a> Fragen. Zum Beratungsportfolio geh\u00f6ren auch das <strong><a href=\"https:\/\/www.weberlaw.de\/de\/kompetenz\/deutsch-schweizer-steuerrecht\/\">Deutsch-Schweizer Steuerrecht<\/a><\/strong>, <a href=\"https:\/\/www.weberlaw.de\/de\/kompetenz\/tax-compliance-und-compliance\/\"><strong>Compliance<\/strong><\/a> und das <strong><a href=\"https:\/\/www.weberlaw.de\/de\/kompetenz\/haftungsrecht\/\">Haftungsrecht<\/a>.<\/strong><\/p>\n<p style=\"text-align: left;\">Wir f\u00fchren Finanzgerichtsverfahren vor Finanzgerichten und dem Bundesfinanzhof. Au\u00dferdem verteidigen wir Unternehmer und Privatpersonen im <strong><a href=\"\/de\/kompetenzen\/wirtschaftsstrafrecht\/\">Wirtschaftsstrafrecht<\/a><\/strong> vor deutschen Strafgerichten. Dar\u00fcber hinaus verteidigen wir Unternehmen in Bu\u00dfgeldverfahren.<\/p>\n<p style=\"text-align: left;\">Unsere Fachexpertise im <strong><a title=\"Umsatzsteuerrecht\" href=\"\/de\/kompetenzen\/umsatzsteuerrecht\/\">Umsatzsteuerrecht<\/a><\/strong>, <strong><a title=\"Steuerstrafrecht\" href=\"\/de\/kompetenzen\/steuerstrafrecht\/\">Steuerstrafrecht<\/a><\/strong>, <a href=\"\/de\/kompetenzen\/wirtschaftsstrafrecht\/\"><strong>Wirtschaftsstrafrecht<\/strong>, <\/a><strong><a href=\"https:\/\/www.weberlaw.de\/de\/kompetenz\/deutsch-schweizer-steuerrecht\/\">Deutsch-Schweizer Steuerrecht, <\/a><a href=\"https:\/\/www.weberlaw.de\/de\/kompetenz\/haftungsrecht\/\">Haftungsrecht<\/a> und <a title=\"Steuerstreitrecht\" href=\"\/de\/kompetenzen\/steuerstreitrecht\/\">Steuerstreitrecht<\/a><\/strong> stellen wir zus\u00e4tzlich durch unsere bundesweiten Referentent\u00e4tigkeiten und <a href=\"https:\/\/www.weberlaw.de\/de\/publikationen-veroeffentlichungen-rechtsanwalt-und-fachanwalt-fuer-steuerrecht-konstantin-weber\/\"><strong>Fachpublikationen<\/strong><\/a> unter Beweis.<\/p>\n<p style=\"text-align: left;\">F\u00fcr ein pers\u00f6nliches Gespr\u00e4ch oder bei akuten Fragestellungen k\u00f6nnen Sie jederzeit mit uns <span tabindex=\"0\" role=\"button\" data-url=\"https:\/\/www.weberlaw.de\/de\/kontakt-weber-i-recht-steuern-kanzlei-ettlingen-karlsruhe\/\" aria-label=\"Kontaktformular, dadurch gelangen Sie zu www.weberlaw.de\"><strong><a href=\"https:\/\/www.weberlaw.de\/de\/kontakt-weber-i-recht-steuern-kanzlei-ettlingen-karlsruhe\/\">Kontakt<\/a><\/strong>\u00a0 oder per E-Mail:\u00a0<a href=\"mailto:kw@weberlaw.de\"><strong>kw@weberlaw.de<\/strong><\/a>\u00a0aufnehmen<\/span>.<\/p>\n<\/div><\/section>\n<div id='av-masonry-1' class='av-masonry av-apmuf-d30bb9c789251522e617f225e636d764 noHover av-fixed-size av-1px-gap av-hover-overlay-fade_out av-masonry-animation-active av-masonry-col-4 av-caption-on-hover-hide av-caption-style-overlay av-masonry-entries av-orientation-square ' data-post_id=\"167\"><div class=\"av-masonry-container isotope av-js-disabled\"><div class='av-masonry-entry isotope-item av-masonry-item-no-image all_sort kompetenzen_sort '><\/div><a href=\"https:\/\/www.weberlaw.de\/de\/kompetenz\/steuerrecht\/\"  id='av-masonry-1-item-216' data-av-masonry-item='216' class='av-masonry-entry isotope-item post-216 portfolio type-portfolio status-publish has-post-thumbnail hentry portfolio_entries-kompetenzen all_sort kompetenzen_sort  av-masonry-item-with-image' title=\"Steuerrecht\"   itemscope=\"itemscope\" itemtype=\"https:\/\/schema.org\/CreativeWork\" ><div class='av-inner-masonry-sizer'><\/div><figure class='av-inner-masonry main_color'><div class=\"av-masonry-outerimage-container\"><div class='av-masonry-image-container' style=\"background-image: url(https:\/\/www.weberlaw.de\/wp-content\/uploads\/2020\/03\/panthermedia_B193773850_800x534-705x471.jpg);\"  title=\"Steuerrecht\" ><\/div><\/div><figcaption class='av-inner-masonry-content site-background'><div class='av-inner-masonry-content-pos'><div class='av-inner-masonry-content-pos-content'><div class='avia-arrow'><\/div><h3 class='av-masonry-entry-title entry-title '  itemprop=\"headline\" >Steuerrecht<\/h3><\/div><\/div><\/figcaption><\/figure><\/a><!--end av-masonry entry--><a href=\"https:\/\/www.weberlaw.de\/de\/kompetenz\/umsatzsteuerrecht\/\"  id='av-masonry-1-item-188' data-av-masonry-item='188' class='av-masonry-entry isotope-item post-188 portfolio type-portfolio status-publish has-post-thumbnail hentry portfolio_entries-kompetenzen all_sort kompetenzen_sort  av-masonry-item-with-image' title=\"umsatzsteuerrecht-vat\"   itemscope=\"itemscope\" itemtype=\"https:\/\/schema.org\/CreativeWork\" ><div class='av-inner-masonry-sizer'><\/div><figure class='av-inner-masonry main_color'><div class=\"av-masonry-outerimage-container\"><div class='av-masonry-image-container' style=\"background-image: url(https:\/\/www.weberlaw.de\/wp-content\/uploads\/2020\/04\/umsatzsteuerrecht-vat-705x470.jpg);\"  title=\"umsatzsteuerrecht-vat\" ><\/div><\/div><figcaption class='av-inner-masonry-content site-background'><div class='av-inner-masonry-content-pos'><div class='av-inner-masonry-content-pos-content'><div class='avia-arrow'><\/div><h3 class='av-masonry-entry-title entry-title '  itemprop=\"headline\" >Umsatzsteuerrecht<\/h3><\/div><\/div><\/figcaption><\/figure><\/a><!--end av-masonry entry--><a href=\"https:\/\/www.weberlaw.de\/de\/kompetenz\/deutsch-schweizer-steuerrecht\/\"  id='av-masonry-1-item-1748' data-av-masonry-item='1748' class='av-masonry-entry isotope-item post-1748 portfolio type-portfolio status-publish has-post-thumbnail hentry portfolio_entries-kompetenzen all_sort kompetenzen_sort  av-masonry-item-with-image' title=\"Deutsch-Schweizer Steuerrecht\"   itemscope=\"itemscope\" itemtype=\"https:\/\/schema.org\/CreativeWork\" ><div class='av-inner-masonry-sizer'><\/div><figure class='av-inner-masonry main_color'><div class=\"av-masonry-outerimage-container\"><div class='av-masonry-image-container' style=\"background-image: url(https:\/\/www.weberlaw.de\/wp-content\/uploads\/2024\/11\/deutsch-schweizer-steuerrecht-705x469.jpg);\"  title=\"Deutsch-Schweizer Steuerrecht\" ><\/div><\/div><figcaption class='av-inner-masonry-content site-background'><div class='av-inner-masonry-content-pos'><div class='av-inner-masonry-content-pos-content'><div class='avia-arrow'><\/div><h3 class='av-masonry-entry-title entry-title '  itemprop=\"headline\" >Deutsch-Schweizer Steuerrecht<\/h3><\/div><\/div><\/figcaption><\/figure><\/a><!--end av-masonry entry--><a href=\"https:\/\/www.weberlaw.de\/de\/kompetenz\/tax-compliance-und-compliance\/\"  id='av-masonry-1-item-1762' data-av-masonry-item='1762' class='av-masonry-entry isotope-item post-1762 portfolio type-portfolio status-publish has-post-thumbnail hentry portfolio_entries-kompetenzen all_sort kompetenzen_sort  av-masonry-item-with-image' title=\"Tax-Compliance und Compliance\"   itemscope=\"itemscope\" itemtype=\"https:\/\/schema.org\/CreativeWork\" ><div class='av-inner-masonry-sizer'><\/div><figure class='av-inner-masonry main_color'><div class=\"av-masonry-outerimage-container\"><div class='av-masonry-image-container' style=\"background-image: url(https:\/\/www.weberlaw.de\/wp-content\/uploads\/2024\/11\/Tax-tompliance-705x471.jpg);\"  title=\"Tax-Compliance und Compliance\" ><\/div><\/div><figcaption class='av-inner-masonry-content site-background'><div class='av-inner-masonry-content-pos'><div class='av-inner-masonry-content-pos-content'><div class='avia-arrow'><\/div><h3 class='av-masonry-entry-title entry-title '  itemprop=\"headline\" >Tax-Compliance und Compliance<\/h3><\/div><\/div><\/figcaption><\/figure><\/a><!--end av-masonry entry--><a href=\"https:\/\/www.weberlaw.de\/de\/kompetenz\/haftung-rechtsanwaelte-steuerberater-wirtschaftspruefer\/\"  id='av-masonry-1-item-1757' data-av-masonry-item='1757' class='av-masonry-entry isotope-item post-1757 portfolio type-portfolio status-publish has-post-thumbnail hentry portfolio_entries-kompetenzen all_sort kompetenzen_sort  av-masonry-item-with-image' title=\"Haftungsrecht\"   itemscope=\"itemscope\" itemtype=\"https:\/\/schema.org\/CreativeWork\" ><div class='av-inner-masonry-sizer'><\/div><figure class='av-inner-masonry main_color'><div class=\"av-masonry-outerimage-container\"><div class='av-masonry-image-container' style=\"background-image: url(https:\/\/www.weberlaw.de\/wp-content\/uploads\/2024\/11\/haftungsrecht-705x470.jpg);\"  title=\"Haftungsrecht\" ><\/div><\/div><figcaption class='av-inner-masonry-content site-background'><div class='av-inner-masonry-content-pos'><div class='av-inner-masonry-content-pos-content'><div class='avia-arrow'><\/div><h3 class='av-masonry-entry-title entry-title '  itemprop=\"headline\" >Haftungsrecht<\/h3><\/div><\/div><\/figcaption><\/figure><\/a><!--end av-masonry entry--><a href=\"https:\/\/www.weberlaw.de\/de\/kompetenz\/wirtschaftsstrafrecht\/\"  id='av-masonry-1-item-203' data-av-masonry-item='203' class='av-masonry-entry isotope-item post-203 portfolio type-portfolio status-publish has-post-thumbnail hentry portfolio_entries-kompetenzen all_sort kompetenzen_sort  av-masonry-item-with-image' title=\"Wirtschaftsstrafrecht\"   itemscope=\"itemscope\" itemtype=\"https:\/\/schema.org\/CreativeWork\" ><div class='av-inner-masonry-sizer'><\/div><figure class='av-inner-masonry main_color'><div class=\"av-masonry-outerimage-container\"><div class='av-masonry-image-container' style=\"background-image: url(https:\/\/www.weberlaw.de\/wp-content\/uploads\/2020\/04\/Wirtschaftsstrafrecht-705x321.jpg);\"  title=\"Wirtschaftsstrafrecht\" ><\/div><\/div><figcaption class='av-inner-masonry-content site-background'><div class='av-inner-masonry-content-pos'><div class='av-inner-masonry-content-pos-content'><div class='avia-arrow'><\/div><h3 class='av-masonry-entry-title entry-title '  itemprop=\"headline\" >Wirtschaftsstrafrecht<\/h3><\/div><\/div><\/figcaption><\/figure><\/a><!--end av-masonry entry--><a href=\"https:\/\/www.weberlaw.de\/de\/kompetenz\/steuerstrafrecht-verteidigung-beratung-fachanwalt-steuerrecht\/\"  id='av-masonry-1-item-195' data-av-masonry-item='195' class='av-masonry-entry isotope-item post-195 portfolio type-portfolio status-publish has-post-thumbnail hentry portfolio_entries-kompetenzen all_sort kompetenzen_sort  av-masonry-item-with-image' title=\"Steuersttrafrecht\"   itemscope=\"itemscope\" itemtype=\"https:\/\/schema.org\/CreativeWork\" ><div class='av-inner-masonry-sizer'><\/div><figure class='av-inner-masonry main_color'><div class=\"av-masonry-outerimage-container\"><div class='av-masonry-image-container' style=\"background-image: url(https:\/\/www.weberlaw.de\/wp-content\/uploads\/2020\/04\/panthermedia_B323302582_800x534-705x471.jpg);\"  title=\"Steuersttrafrecht\" ><\/div><\/div><figcaption class='av-inner-masonry-content site-background'><div class='av-inner-masonry-content-pos'><div class='av-inner-masonry-content-pos-content'><div class='avia-arrow'><\/div><h3 class='av-masonry-entry-title entry-title '  itemprop=\"headline\" >Steuerstrafrecht<\/h3><\/div><\/div><\/figcaption><\/figure><\/a><!--end av-masonry entry--><a href=\"https:\/\/www.weberlaw.de\/de\/kompetenz\/steuerstreitrecht-vertretung-vor-finanzgerichten\/\"  id='av-masonry-1-item-199' data-av-masonry-item='199' class='av-masonry-entry isotope-item post-199 portfolio type-portfolio status-publish has-post-thumbnail hentry portfolio_entries-kompetenzen all_sort kompetenzen_sort  av-masonry-item-with-image' title=\"Steuerstreitrecht\"   itemscope=\"itemscope\" itemtype=\"https:\/\/schema.org\/CreativeWork\" ><div class='av-inner-masonry-sizer'><\/div><figure class='av-inner-masonry main_color'><div class=\"av-masonry-outerimage-container\"><div class='av-masonry-image-container' style=\"background-image: url(https:\/\/www.weberlaw.de\/wp-content\/uploads\/2020\/04\/Steuerstreitrecht-weberlaw-705x470.jpg);\"  title=\"Steuerstreitrecht\" ><\/div><\/div><figcaption class='av-inner-masonry-content site-background'><div class='av-inner-masonry-content-pos'><div class='av-inner-masonry-content-pos-content'><div class='avia-arrow'><\/div><h3 class='av-masonry-entry-title entry-title '  itemprop=\"headline\" >Steuerstreitrecht<\/h3><\/div><\/div><\/figcaption><\/figure><\/a><!--end av-masonry entry--><\/div><\/div><\/p>\n<div  class='flex_column av-148fnb-f58cd29837918c358fc7b70d63bee87b av_one_full  avia-builder-el-7  el_after_av_masonry_entries  el_before_av_one_full  avia-builder-el-first  first flex_column_div  '     ><\/div>\n<div  class='flex_column av-y6mlj-f856b8edc1d6a2176b5997b435aa7dff av_one_full  avia-builder-el-8  el_after_av_one_full  el_before_av_one_full  first flex_column_div  column-top-margin'     ><\/div>\n<div  class='flex_column av-tisxj-fe776d8841f03081518d01be45b49a82 av_one_full  avia-builder-el-9  el_after_av_one_full  el_before_av_one_full  first flex_column_div  column-top-margin'     ><\/div>\n<div  class='flex_column av-ina0v-3b053957ff6dba968c27761d308e3e61 av_one_full  avia-builder-el-10  el_after_av_one_full  el_before_av_three_fifth  first flex_column_div  column-top-margin'     ><\/div>\n<div  class='flex_column av-ffcev-20a75de4266207df9d1aebc317be0ab3 av_three_fifth  avia-builder-el-11  el_after_av_one_full  el_before_av_three_fifth  first flex_column_div  column-top-margin'     ><\/div>\n<div  class='flex_column av-15r7r-aa284cd61ffa8b8ad37aa15d9e1cc8e5 av_three_fifth  avia-builder-el-12  el_after_av_three_fifth  avia-builder-el-last  first flex_column_div  '     ><\/div>\n","protected":false},"excerpt":{"rendered":"","protected":false},"author":2,"featured_media":254,"parent":0,"menu_order":0,"comment_status":"closed","ping_status":"closed","template":"","meta":{"footnotes":""},"class_list":["post-167","page","type-page","status-publish","has-post-thumbnail","hentry"],"yoast_head":"<!-- This site is optimized with the Yoast SEO plugin v27.3 - https:\/\/yoast.com\/product\/yoast-seo-wordpress\/ -->\n<title>Kompetenzen Steuerstrafrecht Steuerstreitrecht Steuerrecht<\/title>\n<meta name=\"description\" content=\"Kompetenzen Steuerstrafrecht, Steuerstreitrecht, Steuerrecht, Karlsruhe, Deutsch\u2011Schweizer Steuerrecht - Vertretung und Verteidigung\" \/>\n<meta name=\"robots\" content=\"index, follow, max-snippet:-1, max-image-preview:large, max-video-preview:-1\" \/>\n<link rel=\"canonical\" href=\"https:\/\/www.weberlaw.de\/de\/kompetenzen-steuerstrafrecht-steuerstreitrecht-steuerrecht\/\" \/>\n<meta property=\"og:locale\" content=\"de_DE\" \/>\n<meta property=\"og:type\" content=\"article\" \/>\n<meta property=\"og:title\" content=\"Kompetenzen Steuerstrafrecht Steuerstreitrecht Steuerrecht\" \/>\n<meta property=\"og:description\" content=\"Kompetenzen Steuerstrafrecht, Steuerstreitrecht, Steuerrecht, Karlsruhe, Deutsch\u2011Schweizer Steuerrecht - Vertretung und Verteidigung\" \/>\n<meta property=\"og:url\" content=\"https:\/\/www.weberlaw.de\/de\/kompetenzen-steuerstrafrecht-steuerstreitrecht-steuerrecht\/\" \/>\n<meta property=\"og:site_name\" content=\"Weber | Recht &amp; Steuern\" \/>\n<meta property=\"article:modified_time\" content=\"2026-04-03T12:40:35+00:00\" \/>\n<meta property=\"og:image\" content=\"https:\/\/www.weberlaw.de\/wp-content\/uploads\/2020\/04\/Kompetenzen.jpg\" \/>\n\t<meta property=\"og:image:width\" content=\"1920\" \/>\n\t<meta property=\"og:image:height\" content=\"1282\" \/>\n\t<meta property=\"og:image:type\" content=\"image\/jpeg\" \/>\n<meta name=\"twitter:card\" content=\"summary_large_image\" \/>\n<meta name=\"twitter:label1\" content=\"Gesch\u00e4tzte Lesezeit\" \/>\n\t<meta name=\"twitter:data1\" content=\"1\u00a0Minute\" \/>\n<script type=\"application\/ld+json\" class=\"yoast-schema-graph\">{\"@context\":\"https:\\\/\\\/schema.org\",\"@graph\":[{\"@type\":\"WebPage\",\"@id\":\"https:\\\/\\\/www.weberlaw.de\\\/de\\\/kompetenzen-steuerstrafrecht-steuerstreitrecht-steuerrecht\\\/\",\"url\":\"https:\\\/\\\/www.weberlaw.de\\\/de\\\/kompetenzen-steuerstrafrecht-steuerstreitrecht-steuerrecht\\\/\",\"name\":\"Kompetenzen Steuerstrafrecht Steuerstreitrecht Steuerrecht\",\"isPartOf\":{\"@id\":\"https:\\\/\\\/www.weberlaw.de\\\/de\\\/#website\"},\"primaryImageOfPage\":{\"@id\":\"https:\\\/\\\/www.weberlaw.de\\\/de\\\/kompetenzen-steuerstrafrecht-steuerstreitrecht-steuerrecht\\\/#primaryimage\"},\"image\":{\"@id\":\"https:\\\/\\\/www.weberlaw.de\\\/de\\\/kompetenzen-steuerstrafrecht-steuerstreitrecht-steuerrecht\\\/#primaryimage\"},\"thumbnailUrl\":\"https:\\\/\\\/www.weberlaw.de\\\/wp-content\\\/uploads\\\/2020\\\/04\\\/Kompetenzen.jpg\",\"datePublished\":\"2026-02-21T16:18:59+00:00\",\"dateModified\":\"2026-04-03T12:40:35+00:00\",\"description\":\"Kompetenzen Steuerstrafrecht, Steuerstreitrecht, Steuerrecht, Karlsruhe, Deutsch\u2011Schweizer Steuerrecht - Vertretung und Verteidigung\",\"breadcrumb\":{\"@id\":\"https:\\\/\\\/www.weberlaw.de\\\/de\\\/kompetenzen-steuerstrafrecht-steuerstreitrecht-steuerrecht\\\/#breadcrumb\"},\"inLanguage\":\"de\",\"potentialAction\":[{\"@type\":\"ReadAction\",\"target\":[\"https:\\\/\\\/www.weberlaw.de\\\/de\\\/kompetenzen-steuerstrafrecht-steuerstreitrecht-steuerrecht\\\/\"]}]},{\"@type\":\"ImageObject\",\"inLanguage\":\"de\",\"@id\":\"https:\\\/\\\/www.weberlaw.de\\\/de\\\/kompetenzen-steuerstrafrecht-steuerstreitrecht-steuerrecht\\\/#primaryimage\",\"url\":\"https:\\\/\\\/www.weberlaw.de\\\/wp-content\\\/uploads\\\/2020\\\/04\\\/Kompetenzen.jpg\",\"contentUrl\":\"https:\\\/\\\/www.weberlaw.de\\\/wp-content\\\/uploads\\\/2020\\\/04\\\/Kompetenzen.jpg\",\"width\":1920,\"height\":1282,\"caption\":\"Rechtsanwalt Konstantin Weber Fachanwalt f\u00fcr Steuerrecht\"},{\"@type\":\"BreadcrumbList\",\"@id\":\"https:\\\/\\\/www.weberlaw.de\\\/de\\\/kompetenzen-steuerstrafrecht-steuerstreitrecht-steuerrecht\\\/#breadcrumb\",\"itemListElement\":[{\"@type\":\"ListItem\",\"position\":1,\"name\":\"Kanzlei f\u00fcr Recht &amp; Steuern\",\"item\":\"https:\\\/\\\/www.weberlaw.de\\\/de\\\/fachanwalt-fuer-steuerrecht-in-karlsruhe-ettlingen-kanzlei-weber\\\/\"},{\"@type\":\"ListItem\",\"position\":2,\"name\":\"Kompetenzen\"}]},{\"@type\":\"WebSite\",\"@id\":\"https:\\\/\\\/www.weberlaw.de\\\/de\\\/#website\",\"url\":\"https:\\\/\\\/www.weberlaw.de\\\/de\\\/\",\"name\":\"Weber | Recht &amp; Steuern\",\"description\":\"Kanzlei f\u00fcr Wirtschafts- und Steuerrecht\",\"publisher\":{\"@id\":\"https:\\\/\\\/www.weberlaw.de\\\/de\\\/#organization\"},\"potentialAction\":[{\"@type\":\"SearchAction\",\"target\":{\"@type\":\"EntryPoint\",\"urlTemplate\":\"https:\\\/\\\/www.weberlaw.de\\\/de\\\/?s={search_term_string}\"},\"query-input\":{\"@type\":\"PropertyValueSpecification\",\"valueRequired\":true,\"valueName\":\"search_term_string\"}}],\"inLanguage\":\"de\"},{\"@type\":\"Organization\",\"@id\":\"https:\\\/\\\/www.weberlaw.de\\\/de\\\/#organization\",\"name\":\"Weber Recht & Steuern Kanzlei\",\"url\":\"https:\\\/\\\/www.weberlaw.de\\\/de\\\/\",\"logo\":{\"@type\":\"ImageObject\",\"inLanguage\":\"de\",\"@id\":\"https:\\\/\\\/www.weberlaw.de\\\/de\\\/#\\\/schema\\\/logo\\\/image\\\/\",\"url\":\"https:\\\/\\\/www.weberlaw.de\\\/wp-content\\\/uploads\\\/2020\\\/05\\\/weber-recht-steuern-karlsruhe-baden-baden-3.png\",\"contentUrl\":\"https:\\\/\\\/www.weberlaw.de\\\/wp-content\\\/uploads\\\/2020\\\/05\\\/weber-recht-steuern-karlsruhe-baden-baden-3.png\",\"width\":890,\"height\":200,\"caption\":\"Weber Recht & Steuern Kanzlei\"},\"image\":{\"@id\":\"https:\\\/\\\/www.weberlaw.de\\\/de\\\/#\\\/schema\\\/logo\\\/image\\\/\"},\"sameAs\":[\"https:\\\/\\\/de.linkedin.com\\\/in\\\/konstantinweber\"]}]}<\/script>\n<!-- \/ Yoast SEO plugin. -->","yoast_head_json":{"title":"Kompetenzen Steuerstrafrecht Steuerstreitrecht Steuerrecht","description":"Kompetenzen Steuerstrafrecht, Steuerstreitrecht, Steuerrecht, Karlsruhe, Deutsch\u2011Schweizer Steuerrecht - Vertretung und Verteidigung","robots":{"index":"index","follow":"follow","max-snippet":"max-snippet:-1","max-image-preview":"max-image-preview:large","max-video-preview":"max-video-preview:-1"},"canonical":"https:\/\/www.weberlaw.de\/de\/kompetenzen-steuerstrafrecht-steuerstreitrecht-steuerrecht\/","og_locale":"de_DE","og_type":"article","og_title":"Kompetenzen Steuerstrafrecht Steuerstreitrecht Steuerrecht","og_description":"Kompetenzen Steuerstrafrecht, Steuerstreitrecht, Steuerrecht, Karlsruhe, Deutsch\u2011Schweizer Steuerrecht - Vertretung und Verteidigung","og_url":"https:\/\/www.weberlaw.de\/de\/kompetenzen-steuerstrafrecht-steuerstreitrecht-steuerrecht\/","og_site_name":"Weber | Recht &amp; Steuern","article_modified_time":"2026-04-03T12:40:35+00:00","og_image":[{"width":1920,"height":1282,"url":"https:\/\/www.weberlaw.de\/wp-content\/uploads\/2020\/04\/Kompetenzen.jpg","type":"image\/jpeg"}],"twitter_card":"summary_large_image","twitter_misc":{"Gesch\u00e4tzte Lesezeit":"1\u00a0Minute"},"schema":{"@context":"https:\/\/schema.org","@graph":[{"@type":"WebPage","@id":"https:\/\/www.weberlaw.de\/de\/kompetenzen-steuerstrafrecht-steuerstreitrecht-steuerrecht\/","url":"https:\/\/www.weberlaw.de\/de\/kompetenzen-steuerstrafrecht-steuerstreitrecht-steuerrecht\/","name":"Kompetenzen Steuerstrafrecht Steuerstreitrecht Steuerrecht","isPartOf":{"@id":"https:\/\/www.weberlaw.de\/de\/#website"},"primaryImageOfPage":{"@id":"https:\/\/www.weberlaw.de\/de\/kompetenzen-steuerstrafrecht-steuerstreitrecht-steuerrecht\/#primaryimage"},"image":{"@id":"https:\/\/www.weberlaw.de\/de\/kompetenzen-steuerstrafrecht-steuerstreitrecht-steuerrecht\/#primaryimage"},"thumbnailUrl":"https:\/\/www.weberlaw.de\/wp-content\/uploads\/2020\/04\/Kompetenzen.jpg","datePublished":"2026-02-21T16:18:59+00:00","dateModified":"2026-04-03T12:40:35+00:00","description":"Kompetenzen Steuerstrafrecht, Steuerstreitrecht, Steuerrecht, Karlsruhe, Deutsch\u2011Schweizer Steuerrecht - Vertretung und Verteidigung","breadcrumb":{"@id":"https:\/\/www.weberlaw.de\/de\/kompetenzen-steuerstrafrecht-steuerstreitrecht-steuerrecht\/#breadcrumb"},"inLanguage":"de","potentialAction":[{"@type":"ReadAction","target":["https:\/\/www.weberlaw.de\/de\/kompetenzen-steuerstrafrecht-steuerstreitrecht-steuerrecht\/"]}]},{"@type":"ImageObject","inLanguage":"de","@id":"https:\/\/www.weberlaw.de\/de\/kompetenzen-steuerstrafrecht-steuerstreitrecht-steuerrecht\/#primaryimage","url":"https:\/\/www.weberlaw.de\/wp-content\/uploads\/2020\/04\/Kompetenzen.jpg","contentUrl":"https:\/\/www.weberlaw.de\/wp-content\/uploads\/2020\/04\/Kompetenzen.jpg","width":1920,"height":1282,"caption":"Rechtsanwalt Konstantin Weber Fachanwalt f\u00fcr Steuerrecht"},{"@type":"BreadcrumbList","@id":"https:\/\/www.weberlaw.de\/de\/kompetenzen-steuerstrafrecht-steuerstreitrecht-steuerrecht\/#breadcrumb","itemListElement":[{"@type":"ListItem","position":1,"name":"Kanzlei f\u00fcr Recht &amp; Steuern","item":"https:\/\/www.weberlaw.de\/de\/fachanwalt-fuer-steuerrecht-in-karlsruhe-ettlingen-kanzlei-weber\/"},{"@type":"ListItem","position":2,"name":"Kompetenzen"}]},{"@type":"WebSite","@id":"https:\/\/www.weberlaw.de\/de\/#website","url":"https:\/\/www.weberlaw.de\/de\/","name":"Weber | Recht &amp; Steuern","description":"Kanzlei f\u00fcr Wirtschafts- und Steuerrecht","publisher":{"@id":"https:\/\/www.weberlaw.de\/de\/#organization"},"potentialAction":[{"@type":"SearchAction","target":{"@type":"EntryPoint","urlTemplate":"https:\/\/www.weberlaw.de\/de\/?s={search_term_string}"},"query-input":{"@type":"PropertyValueSpecification","valueRequired":true,"valueName":"search_term_string"}}],"inLanguage":"de"},{"@type":"Organization","@id":"https:\/\/www.weberlaw.de\/de\/#organization","name":"Weber Recht & Steuern Kanzlei","url":"https:\/\/www.weberlaw.de\/de\/","logo":{"@type":"ImageObject","inLanguage":"de","@id":"https:\/\/www.weberlaw.de\/de\/#\/schema\/logo\/image\/","url":"https:\/\/www.weberlaw.de\/wp-content\/uploads\/2020\/05\/weber-recht-steuern-karlsruhe-baden-baden-3.png","contentUrl":"https:\/\/www.weberlaw.de\/wp-content\/uploads\/2020\/05\/weber-recht-steuern-karlsruhe-baden-baden-3.png","width":890,"height":200,"caption":"Weber Recht & Steuern Kanzlei"},"image":{"@id":"https:\/\/www.weberlaw.de\/de\/#\/schema\/logo\/image\/"},"sameAs":["https:\/\/de.linkedin.com\/in\/konstantinweber"]}]}},"_links":{"self":[{"href":"https:\/\/www.weberlaw.de\/de\/wp-json\/wp\/v2\/pages\/167","targetHints":{"allow":["GET"]}}],"collection":[{"href":"https:\/\/www.weberlaw.de\/de\/wp-json\/wp\/v2\/pages"}],"about":[{"href":"https:\/\/www.weberlaw.de\/de\/wp-json\/wp\/v2\/types\/page"}],"author":[{"embeddable":true,"href":"https:\/\/www.weberlaw.de\/de\/wp-json\/wp\/v2\/users\/2"}],"replies":[{"embeddable":true,"href":"https:\/\/www.weberlaw.de\/de\/wp-json\/wp\/v2\/comments?post=167"}],"version-history":[{"count":38,"href":"https:\/\/www.weberlaw.de\/de\/wp-json\/wp\/v2\/pages\/167\/revisions"}],"predecessor-version":[{"id":2947,"href":"https:\/\/www.weberlaw.de\/de\/wp-json\/wp\/v2\/pages\/167\/revisions\/2947"}],"wp:featuredmedia":[{"embeddable":true,"href":"https:\/\/www.weberlaw.de\/de\/wp-json\/wp\/v2\/media\/254"}],"wp:attachment":[{"href":"https:\/\/www.weberlaw.de\/de\/wp-json\/wp\/v2\/media?parent=167"}],"curies":[{"name":"wp","href":"https:\/\/api.w.org\/{rel}","templated":true}]}}