{"id":2,"date":"2026-03-26T03:48:21","date_gmt":"2026-03-26T03:48:21","guid":{"rendered":"http:\/\/beta.weberlaw.de\/?page_id=2"},"modified":"2026-03-30T21:10:02","modified_gmt":"2026-03-30T21:10:02","slug":"fachanwalt-fuer-steuerrecht-in-karlsruhe-ettlingen-kanzlei-weber","status":"publish","type":"page","link":"https:\/\/www.weberlaw.de\/de\/","title":{"rendered":"Kanzlei"},"content":{"rendered":"<div id='revolutionslider_1'  class='avia-layerslider avia-revolutionslider main_color avia-shadow  avia-builder-el-0  el_before_av_section  avia-builder-el-first   container_wrap fullsize'  >\n\t\t\t<!-- START kanzlei REVOLUTION SLIDER 6.7.25 --><p class=\"rs-p-wp-fix\"><\/p>\n\t\t\t<rs-module-wrap id=\"rev_slider_1_1_wrapper\" data-source=\"gallery\" style=\"visibility:hidden;background:transparent;padding:0;margin:0px auto;margin-top:0;margin-bottom:0;\">\n\t\t\t\t<rs-module id=\"rev_slider_1_1\" style=\"\" data-version=\"6.7.25\">\n\t\t\t\t\t<rs-slides style=\"overflow: hidden; position: absolute;\">\n\t\t\t\t\t\t<rs-slide style=\"position: absolute;\" data-key=\"rs-4\" data-title=\"Slide\" data-anim=\"ms:500ms;\" data-in=\"o:0;\" data-out=\"a:false;\">\n\t\t\t\t\t\t\t<img decoding=\"async\" src=\"\/\/www.weberlaw.de\/wp-content\/plugins\/revslider\/sr6\/assets\/assets\/dummy.png\" alt=\"Rechtsanwalt Konstantin Weber Fachanwalt f\u00fcr Steuerrecht\" title=\"Rechtsanwalt Konstantin Weber Fachanwalt f\u00fcr Steuerrecht\" width=\"1920\" height=\"1282\" class=\"rev-slidebg tp-rs-img rs-lazyload\" data-lazyload=\"\/\/www.weberlaw.de\/wp-content\/uploads\/2020\/04\/rechtsanwalt-weberl-kanzlei-1.jpg\" data-bg=\"p:center bottom;\" data-panzoom=\"d:10000;ss:110%;se:100;\" data-no-retina>\n<!--\n\t\t\t\t\t\t\t--><rs-layer\n\t\t\t\t\t\t\t\tid=\"slider-1-slide-4-layer-3\" \n\t\t\t\t\t\t\t\tdata-type=\"shape\"\n\t\t\t\t\t\t\t\tdata-rsp_ch=\"on\"\n\t\t\t\t\t\t\t\tdata-text=\"w:normal;\"\n\t\t\t\t\t\t\t\tdata-dim=\"w:100%;h:100%;\"\n\t\t\t\t\t\t\t\tdata-frame_999=\"o:0;st:w;sR:8600;\"\n\t\t\t\t\t\t\t\tstyle=\"z-index:8;background-color:rgba(0,0,0,0.12);\"\n\t\t\t\t\t\t\t> \n\t\t\t\t\t\t\t<\/rs-layer><!--\n-->\t\t\t\t\t<\/rs-slide>\n\t\t\t\t\t\t<rs-slide style=\"position: absolute;\" data-key=\"rs-11\" data-title=\"Slide\" data-anim=\"ms:500ms;r:0;\" data-in=\"o:0;\" data-out=\"a:false;\">\n\t\t\t\t\t\t\t<img decoding=\"async\" src=\"\/\/www.weberlaw.de\/wp-content\/plugins\/revslider\/sr6\/assets\/assets\/dummy.png\" alt=\"Rechtsanwalt Konstantin Weber Fachanwalt f\u00fcr Steuerrecht\" title=\"Rechtsanwalt Konstantin Weber Fachanwalt f\u00fcr Steuerrecht\" width=\"800\" height=\"533\" class=\"rev-slidebg tp-rs-img rs-lazyload\" data-lazyload=\"\/\/www.weberlaw.de\/wp-content\/uploads\/2020\/05\/kanzlei-3.jpg\" data-bg=\"p:center bottom;\" data-panzoom=\"d:10000;ss:110%;se:100;\" data-no-retina>\n<!--\n\t\t\t\t\t\t\t--><rs-layer\n\t\t\t\t\t\t\t\tid=\"slider-1-slide-11-layer-3\" \n\t\t\t\t\t\t\t\tdata-type=\"shape\"\n\t\t\t\t\t\t\t\tdata-rsp_ch=\"on\"\n\t\t\t\t\t\t\t\tdata-text=\"w:normal;\"\n\t\t\t\t\t\t\t\tdata-dim=\"w:100%;h:100%;\"\n\t\t\t\t\t\t\t\tdata-frame_999=\"o:0;st:w;sR:8600;\"\n\t\t\t\t\t\t\t\tstyle=\"z-index:8;background-color:rgba(0,0,0,0.12);\"\n\t\t\t\t\t\t\t> \n\t\t\t\t\t\t\t<\/rs-layer><!--\n-->\t\t\t\t\t<\/rs-slide>\n\t\t\t\t\t<\/rs-slides>\n\t\t\t\t\t<rs-static-layers><!--\n\n\t\t\t\t\t\t\t--><h2\n\t\t\t\t\t\t\t\tid=\"slider-1-slide-1-layer-0\" \n\t\t\t\t\t\t\t\tclass=\"rs-layer headline-shadow rs-layer-static\"\n\t\t\t\t\t\t\t\tdata-type=\"text\"\n\t\t\t\t\t\t\t\tdata-color=\"#fff\"\n\t\t\t\t\t\t\t\tdata-rsp_ch=\"on\"\n\t\t\t\t\t\t\t\tdata-xy=\"x:c;y:b;yo:130px;\"\n\t\t\t\t\t\t\t\tdata-text=\"w:normal;s:60;l:90;fw:500;a:center;\"\n\t\t\t\t\t\t\t\tdata-dim=\"w:#2\/3#;minh:0px;\"\n\t\t\t\t\t\t\t\tdata-onslides=\"s:1;\"\n\t\t\t\t\t\t\t\tdata-frame_1=\"st:1130;sp:1000;sR:1130;\"\n\t\t\t\t\t\t\t\tdata-frame_999=\"o:0;st:w;sR:6870;\"\n\t\t\t\t\t\t\t\tstyle=\"z-index:7;font-family:'Raleway';\"\n\t\t\t\t\t\t\t>Compliance \n\t\t\t\t\t\t\t<\/h2><!--\n\n\t\t\t\t\t\t\t--><h1\n\t\t\t\t\t\t\t\tid=\"slider-1-slide-1-layer-1\" \n\t\t\t\t\t\t\t\tclass=\"rs-layer headline-shadow rs-layer-static\"\n\t\t\t\t\t\t\t\tdata-type=\"text\"\n\t\t\t\t\t\t\t\tdata-color=\"#fff\"\n\t\t\t\t\t\t\t\tdata-rsp_ch=\"on\"\n\t\t\t\t\t\t\t\tdata-xy=\"x:c;y:120px;\"\n\t\t\t\t\t\t\t\tdata-text=\"w:normal;s:60;l:90;fw:500;a:center;\"\n\t\t\t\t\t\t\t\tdata-dim=\"w:#2\/3#;minh:0px;\"\n\t\t\t\t\t\t\t\tdata-onslides=\"s:1;\"\n\t\t\t\t\t\t\t\tdata-frame_1=\"st:510;sp:1000;sR:510;\"\n\t\t\t\t\t\t\t\tdata-frame_999=\"o:0;st:w;sR:7490;\"\n\t\t\t\t\t\t\t\tstyle=\"z-index:10;font-family:'Raleway';\"\n\t\t\t\t\t\t\t>Steuerstreitrecht \n\t\t\t\t\t\t\t<\/h1><!--\n\n\t\t\t\t\t\t\t--><h2\n\t\t\t\t\t\t\t\tid=\"slider-1-slide-1-layer-2\" \n\t\t\t\t\t\t\t\tclass=\"rs-layer headline-shadow rs-layer-static\"\n\t\t\t\t\t\t\t\tdata-type=\"text\"\n\t\t\t\t\t\t\t\tdata-color=\"#fff\"\n\t\t\t\t\t\t\t\tdata-rsp_ch=\"on\"\n\t\t\t\t\t\t\t\tdata-xy=\"x:c;xo:1px;y:c;yo:40px;\"\n\t\t\t\t\t\t\t\tdata-text=\"w:normal;s:60;l:90;fw:500;a:center;\"\n\t\t\t\t\t\t\t\tdata-dim=\"w:#2\/3#;minh:0px;\"\n\t\t\t\t\t\t\t\tdata-onslides=\"s:1;\"\n\t\t\t\t\t\t\t\tdata-frame_0=\"x:-50;\"\n\t\t\t\t\t\t\t\tdata-frame_1=\"st:990;sp:1000;sR:990;\"\n\t\t\t\t\t\t\t\tdata-frame_999=\"o:0;st:w;sR:7010;\"\n\t\t\t\t\t\t\t\tstyle=\"z-index:8;font-family:'Raleway';\"\n\t\t\t\t\t\t\t>Deutsch-Schweizer Steuerrecht \n\t\t\t\t\t\t\t<\/h2><!--\n\n\t\t\t\t\t\t\t--><h2\n\t\t\t\t\t\t\t\tid=\"slider-1-slide-1-layer-4\" \n\t\t\t\t\t\t\t\tclass=\"rs-layer headline-shadow rs-layer-static\"\n\t\t\t\t\t\t\t\tdata-type=\"text\"\n\t\t\t\t\t\t\t\tdata-color=\"#fff\"\n\t\t\t\t\t\t\t\tdata-rsp_ch=\"on\"\n\t\t\t\t\t\t\t\tdata-xy=\"x:c;xo:1px;y:c;yo:-50px;\"\n\t\t\t\t\t\t\t\tdata-text=\"w:normal;s:60;l:90;fw:500;a:center;\"\n\t\t\t\t\t\t\t\tdata-dim=\"w:#2\/3#;minh:0px;\"\n\t\t\t\t\t\t\t\tdata-onslides=\"s:1;\"\n\t\t\t\t\t\t\t\tdata-frame_0=\"x:-50;\"\n\t\t\t\t\t\t\t\tdata-frame_1=\"st:790;sp:1000;sR:790;\"\n\t\t\t\t\t\t\t\tdata-frame_999=\"o:0;st:w;sR:7210;\"\n\t\t\t\t\t\t\t\tstyle=\"z-index:9;font-family:'Raleway';\"\n\t\t\t\t\t\t\t>Steuer- und Umsatzsteuerrecht \n\t\t\t\t\t\t\t<\/h2><!--\n\n\t\t\t\t\t\t\t--><h1\n\t\t\t\t\t\t\t\tid=\"slider-1-slide-1-layer-6\" \n\t\t\t\t\t\t\t\tclass=\"rs-layer headline-shadow rs-layer-static\"\n\t\t\t\t\t\t\t\tdata-type=\"text\"\n\t\t\t\t\t\t\t\tdata-color=\"#fff\"\n\t\t\t\t\t\t\t\tdata-rsp_ch=\"on\"\n\t\t\t\t\t\t\t\tdata-xy=\"x:c;y:30px;\"\n\t\t\t\t\t\t\t\tdata-text=\"w:normal;s:60;l:90;fw:500;a:center;\"\n\t\t\t\t\t\t\t\tdata-dim=\"w:#2\/3#;minh:0px;\"\n\t\t\t\t\t\t\t\tdata-onslides=\"s:1;\"\n\t\t\t\t\t\t\t\tdata-frame_1=\"st:110;sp:1020;sR:110;\"\n\t\t\t\t\t\t\t\tdata-frame_999=\"o:0;st:w;sR:7870;\"\n\t\t\t\t\t\t\t\tstyle=\"z-index:12;font-family:'Raleway';\"\n\t\t\t\t\t\t\t>Steuer- und Wirtschaftsstrafrecht \n\t\t\t\t\t\t\t<\/h1><!--\n\n\t\t\t\t\t\t\t--><h2\n\t\t\t\t\t\t\t\tid=\"slider-1-slide-1-layer-11\" \n\t\t\t\t\t\t\t\tclass=\"rs-layer headline-shadow rs-layer-static\"\n\t\t\t\t\t\t\t\tdata-type=\"text\"\n\t\t\t\t\t\t\t\tdata-color=\"#fff\"\n\t\t\t\t\t\t\t\tdata-rsp_ch=\"on\"\n\t\t\t\t\t\t\t\tdata-xy=\"x:c;y:b;yo:50px;\"\n\t\t\t\t\t\t\t\tdata-text=\"w:normal;s:60;l:90;fw:500;a:center;\"\n\t\t\t\t\t\t\t\tdata-dim=\"w:#2\/3#;minh:0px;\"\n\t\t\t\t\t\t\t\tdata-onslides=\"s:1;\"\n\t\t\t\t\t\t\t\tdata-frame_1=\"st:1410;sp:1000;sR:1410;\"\n\t\t\t\t\t\t\t\tdata-frame_999=\"o:0;st:w;sR:6590;\"\n\t\t\t\t\t\t\t\tstyle=\"z-index:6;font-family:'Raleway';\"\n\t\t\t\t\t\t\t>Haftungsrecht \n\t\t\t\t\t\t\t<\/h2><!--\n\t\t\t\t\t--><\/rs-static-layers>\n\t\t\t\t<\/rs-module>\n\t\t\t\t<script>\n\t\t\t\t\tsetREVStartSize({c: 'rev_slider_1_1',rl:[1240,1024,778,480],el:[600],gw:[1920],gh:[600],type:'standard',justify:'',layout:'fullwidth',mh:\"0\"});if (window.RS_MODULES!==undefined && window.RS_MODULES.modules!==undefined && window.RS_MODULES.modules[\"revslider11\"]!==undefined) {window.RS_MODULES.modules[\"revslider11\"].once = false;window.revapi1 = undefined;if (window.RS_MODULES.checkMinimal!==undefined) window.RS_MODULES.checkMinimal()}\n\t\t\t\t<\/script>\n\t\t\t<\/rs-module-wrap>\n\t\t\t<!-- END REVOLUTION SLIDER -->\n<\/div>\n<div id='av_section_1'  class='avia-section av-7mqw-19e7d8caa8129fa486078ab11760f1b4 main_color avia-section-default avia-no-border-styling  avia-builder-el-1  el_after_av_revolutionslider  el_before_av_masonry_entries  avia-bg-style-scroll container_wrap fullsize'  ><div class='container av-section-cont-open' ><div class='template-page content  av-content-full alpha units'><div class='post-entry post-entry-type-page post-entry-2'><div class='entry-content-wrapper clearfix'>\n\n<style type=\"text\/css\" data-created_by=\"avia_inline_auto\" id=\"style-css-av-9l0c-a69ecda84a126d1bbc0662475cce908f\">\n.flex_column.av-9l0c-a69ecda84a126d1bbc0662475cce908f{\nborder-radius:0px 0px 0px 0px;\npadding:0px 0px 0px 0px;\n}\n<\/style>\n<div  class='flex_column av-9l0c-a69ecda84a126d1bbc0662475cce908f av_one_fifth  avia-builder-el-2  el_before_av_three_fifth  avia-builder-el-first  first flex_column_div av-zero-column-padding  '     ><\/div>\n<style type=\"text\/css\" data-created_by=\"avia_inline_auto\" id=\"style-css-av-89wi-87fc1383694bca02dc79c4910c8283f2\">\n.flex_column.av-89wi-87fc1383694bca02dc79c4910c8283f2{\nborder-radius:0px 0px 0px 0px;\npadding:0px 0px 0px 0px;\n}\n<\/style>\n<div  class='flex_column av-89wi-87fc1383694bca02dc79c4910c8283f2 av_three_fifth  avia-builder-el-3  el_after_av_one_fifth  el_before_av_one_fifth  flex_column_div av-zero-column-padding  '     ><style type=\"text\/css\" data-created_by=\"avia_inline_auto\" id=\"style-css-av-3a72-aecde8b95e4e6f0a39f73e48bf2a0d54\">\n#top .av-special-heading.av-3a72-aecde8b95e4e6f0a39f73e48bf2a0d54{\npadding-bottom:10px;\n}\nbody .av-special-heading.av-3a72-aecde8b95e4e6f0a39f73e48bf2a0d54 .av-special-heading-tag .heading-char{\nfont-size:25px;\n}\n.av-special-heading.av-3a72-aecde8b95e4e6f0a39f73e48bf2a0d54 .av-subheading{\nfont-size:18px;\n}\n<\/style>\n<div  class='av-special-heading av-3a72-aecde8b95e4e6f0a39f73e48bf2a0d54 av-special-heading-h2 blockquote modern-quote modern-centered  avia-builder-el-4  avia-builder-el-no-sibling '><h2 class='av-special-heading-tag '  itemprop=\"headline\"  >Rechtsanwalt und Fachanwalt f\u00fcr Steuerrecht in Karlsruhe <span class='special_amp'>&amp;<\/span> Ettlingen <span class='special_amp'>\u201e<\/span>Kompetent, erfahren, pers\u00f6nlich<span class='special_amp'>\u201c<\/span> <\/h2><div class=\"special-heading-border\"><div class=\"special-heading-inner-border\"><\/div><\/div><\/div><\/div>\n<style type=\"text\/css\" data-created_by=\"avia_inline_auto\" id=\"style-css-av-390a-f59dc0855766dea715452f7a317f43bc\">\n.flex_column.av-390a-f59dc0855766dea715452f7a317f43bc{\nborder-radius:0px 0px 0px 0px;\npadding:0px 0px 0px 0px;\n}\n<\/style>\n<div  class='flex_column av-390a-f59dc0855766dea715452f7a317f43bc av_one_fifth  avia-builder-el-5  el_after_av_three_fifth  el_before_av_hr  flex_column_div av-zero-column-padding  '     ><\/div>\n<style type=\"text\/css\" data-created_by=\"avia_inline_auto\" id=\"style-css-av-k8e4jr89-fbdb95677888c7a3d5342c1037bc3a63\">\n#top .hr.av-k8e4jr89-fbdb95677888c7a3d5342c1037bc3a63{\nmargin-top:10px;\nmargin-bottom:10px;\n}\n.hr.av-k8e4jr89-fbdb95677888c7a3d5342c1037bc3a63 .hr-inner{\nwidth:50px;\nmax-width:45%;\n}\n<\/style>\n<div  class='hr av-k8e4jr89-fbdb95677888c7a3d5342c1037bc3a63 hr-custom  avia-builder-el-6  el_after_av_one_fifth  el_before_av_one_full  hr-center hr-icon-yes'><span class='hr-inner inner-border-av-border-thin'><span class=\"hr-inner-style\"><\/span><\/span><span class='av-seperator-icon avia-iconfont avia-font-entypo-fontello' data-av_icon='\ue8c9' data-av_iconfont='entypo-fontello' ><\/span><span class='hr-inner inner-border-av-border-thin'><span class=\"hr-inner-style\"><\/span><\/span><\/div>\n\n<style type=\"text\/css\" data-created_by=\"avia_inline_auto\" id=\"style-css-av-6cc2-3eb23653b579926b77ee5ef1599341a9\">\n.flex_column.av-6cc2-3eb23653b579926b77ee5ef1599341a9{\nborder-radius:0px 0px 0px 0px;\npadding:0px 0px 0px 0px;\n}\n<\/style>\n<div  class='flex_column av-6cc2-3eb23653b579926b77ee5ef1599341a9 av_one_full  avia-builder-el-7  el_after_av_hr  avia-builder-el-last  first flex_column_div av-zero-column-padding  '     ><section  class='av_textblock_section av-2pnc-e15129b3bc3b213c8494bcbb04217a71 '   itemscope=\"itemscope\" itemtype=\"https:\/\/schema.org\/CreativeWork\" ><div class='avia_textblock'  itemprop=\"text\" ><p style=\"text-align: left;\">Aus diesem Selbstverst\u00e4ndnis ist unsere Kanzlei eine Kanzlei mit klarem Fokus auf das <a href=\"https:\/\/www.weberlaw.de\/de\/kompetenz\/steuerrecht\/\">Steuerrecht<\/a>, <a href=\"https:\/\/www.weberlaw.de\/de\/kompetenz\/umsatzsteuerrecht\/\">Umsatzsteuerrecht<\/a>, <a href=\"https:\/\/www.weberlaw.de\/de\/kompetenz\/steuerstrafrecht\/\">Steuerstrafrecht<\/a>, <a href=\"https:\/\/www.weberlaw.de\/de\/kompetenz\/wirtschaftsstrafrecht\/\">Wirtschaftsstrafrecht<\/a>, <a href=\"https:\/\/www.weberlaw.de\/de\/kompetenz\/steuerstreitrecht\/\">Steuerstreitrecht<\/a>, <a href=\"https:\/\/www.weberlaw.de\/de\/kompetenz\/deutsch-schweizer-steuerrecht\/\">Deutsch-Schweizer Steuerrecht<\/a>, <a href=\"https:\/\/www.weberlaw.de\/de\/kompetenz\/tax-compliance-und-compliance\/\">Compliance<\/a> und <a href=\"https:\/\/www.weberlaw.de\/de\/kompetenz\/haftungsrecht\/\">Haftungsrecht<\/a>. Der Anspruch an die Qualit\u00e4t unserer Arbeit erfordert diese Spezialisierung. Die fachliche Qualifikation des Kanzleiinhabers als Rechtsanwalt und Fachanwalt f\u00fcr Steuerrecht stellt dies unter Beweis. Diese Spezialisierung ist der Garant f\u00fcr hervorragendes Know-how und st\u00e4ndige Aktualit\u00e4t. Ein direkter und vertrauensvoller Kontakt mit Ihnen ist uns dabei besonders wichtig.<\/p>\n<p style=\"text-align: left;\">Als Fachanwalt f\u00fcr Steuerrecht in Karlsruhe, Ettlingen und Region ber\u00e4t der Kanzleiinhaber Unternehmen, Selbstst\u00e4ndige und Privatpersonen in steuerrechtlichen und steuerstrafrechtlichen Fragestellungen.<\/p>\n<\/div><\/section><br \/>\n<section  class='av_textblock_section av-2pnc-1-866494941df7cee64e61e9b8b2807638 '   itemscope=\"itemscope\" itemtype=\"https:\/\/schema.org\/CreativeWork\" ><div class='avia_textblock'  itemprop=\"text\" ><p style=\"text-align: center;\"><strong><em>Es ist uns ein besonderes Anliegen, Ihnen auch in schwierigen Situationen rechtlich und steuerrechtlich zur Seite zu stehen.<\/em><\/strong><\/p>\n<p style=\"text-align: left;\">Insbesondere <a href=\"https:\/\/www.weberlaw.de\/de\/publikationen\/\">zahlreiche, fundierte Publikationen<\/a> belegen unsere au\u00dfergew\u00f6hnliche Expertise, insbesondere im <a href=\"https:\/\/www.weberlaw.de\/de\/kompetenz\/steuerrecht\/\">Steuerrecht<\/a>, <a href=\"https:\/\/www.weberlaw.de\/de\/kompetenz\/umsatzsteuerrecht\/\">Umsatzsteuerrecht<\/a>, <a href=\"https:\/\/www.weberlaw.de\/de\/kompetenz\/steuerstrafrecht\/\">Steuerstrafrecht<\/a>, <a href=\"https:\/\/www.weberlaw.de\/de\/kompetenz\/wirtschaftsstrafrecht\/\">Wirtschaftsstrafrecht<\/a>, <a href=\"https:\/\/www.weberlaw.de\/de\/kompetenz\/steuerstreitrecht\/\">Steuerstreitrecht<\/a>, <a href=\"https:\/\/www.weberlaw.de\/de\/kompetenz\/deutsch-schweizer-steuerrecht\/\">Deutsch-Schweizer Steuerrecht<\/a>, <a href=\"https:\/\/www.weberlaw.de\/de\/kompetenz\/tax-compliance-und-compliance\/\">Compliance<\/a> und <a href=\"https:\/\/www.weberlaw.de\/de\/kompetenz\/haftungsrecht\/\">Haftungsrecht<\/a>.<\/p>\n<p style=\"text-align: left;\">F\u00fcr ein pers\u00f6nliches Gespr\u00e4ch oder bei akuten Fragestellungen k\u00f6nnen Sie jederzeit mit uns <span tabindex=\"0\" role=\"button\" data-url=\"https:\/\/www.weberlaw.de\/de\/kontakt-weber-i-recht-steuern-kanzlei-ettlingen-karlsruhe\/\" aria-label=\"Kontaktformular, dadurch gelangen Sie zu www.weberlaw.de\"><strong><a href=\"https:\/\/www.weberlaw.de\/de\/kontakt-weber-i-recht-steuern-kanzlei-ettlingen-karlsruhe\/\">Kontakt<\/a>,<\/strong> auch per E-Mail: <strong><a href=\"mailto:kw@weberlaw.de\">kw@weberlaw.de<\/a><\/strong>\u00a0aufnehmen<\/span>.<\/p>\n<\/div><\/section><\/p><\/div><div id='av-masonry-1' class='av-masonry av-apmuf-c6d81b03bbbc8206b00a1e24c88f4621 noHover av-fixed-size av-1px-gap av-hover-overlay-fade_out av-masonry-animation-active av-masonry-col-4 av-caption-on-hover-hide av-caption-style-overlay av-masonry-entries av-orientation-square ' data-post_id=\"2\"><div class=\"av-masonry-container isotope av-js-disabled\"><div class='av-masonry-entry isotope-item av-masonry-item-no-image all_sort kompetenzen_sort '><\/div><a href=\"https:\/\/www.weberlaw.de\/de\/kompetenz\/steuerrecht\/\"  id='av-masonry-1-item-216' data-av-masonry-item='216' class='av-masonry-entry isotope-item post-216 portfolio type-portfolio status-publish has-post-thumbnail hentry portfolio_entries-kompetenzen all_sort kompetenzen_sort  av-masonry-item-with-image' title=\"Steuerrecht\"   itemscope=\"itemscope\" itemtype=\"https:\/\/schema.org\/CreativeWork\" ><div class='av-inner-masonry-sizer'><\/div><figure class='av-inner-masonry main_color'><div class=\"av-masonry-outerimage-container\"><div class='av-masonry-image-container' style=\"background-image: url(https:\/\/www.weberlaw.de\/wp-content\/uploads\/2020\/03\/panthermedia_B193773850_800x534-705x471.jpg);\"  title=\"Steuerrecht\" ><\/div><\/div><figcaption class='av-inner-masonry-content site-background'><div class='av-inner-masonry-content-pos'><div class='av-inner-masonry-content-pos-content'><div class='avia-arrow'><\/div><h3 class='av-masonry-entry-title entry-title '  itemprop=\"headline\" >Steuerrecht<\/h3><\/div><\/div><\/figcaption><\/figure><\/a><!--end av-masonry entry--><a href=\"https:\/\/www.weberlaw.de\/de\/kompetenz\/umsatzsteuerrecht\/\"  id='av-masonry-1-item-188' data-av-masonry-item='188' class='av-masonry-entry isotope-item post-188 portfolio type-portfolio status-publish has-post-thumbnail hentry portfolio_entries-kompetenzen all_sort kompetenzen_sort  av-masonry-item-with-image' title=\"umsatzsteuerrecht-vat\"   itemscope=\"itemscope\" itemtype=\"https:\/\/schema.org\/CreativeWork\" ><div class='av-inner-masonry-sizer'><\/div><figure class='av-inner-masonry main_color'><div class=\"av-masonry-outerimage-container\"><div class='av-masonry-image-container' style=\"background-image: url(https:\/\/www.weberlaw.de\/wp-content\/uploads\/2020\/04\/umsatzsteuerrecht-vat-705x470.jpg);\"  title=\"umsatzsteuerrecht-vat\" ><\/div><\/div><figcaption class='av-inner-masonry-content site-background'><div class='av-inner-masonry-content-pos'><div class='av-inner-masonry-content-pos-content'><div class='avia-arrow'><\/div><h3 class='av-masonry-entry-title entry-title '  itemprop=\"headline\" >Umsatzsteuerrecht<\/h3><\/div><\/div><\/figcaption><\/figure><\/a><!--end av-masonry entry--><a href=\"https:\/\/www.weberlaw.de\/de\/kompetenz\/deutsch-schweizer-steuerrecht\/\"  id='av-masonry-1-item-1748' data-av-masonry-item='1748' class='av-masonry-entry isotope-item post-1748 portfolio type-portfolio status-publish has-post-thumbnail hentry portfolio_entries-kompetenzen all_sort kompetenzen_sort  av-masonry-item-with-image' title=\"Deutsch-Schweizer Steuerrecht\"   itemscope=\"itemscope\" itemtype=\"https:\/\/schema.org\/CreativeWork\" ><div class='av-inner-masonry-sizer'><\/div><figure class='av-inner-masonry main_color'><div class=\"av-masonry-outerimage-container\"><div class='av-masonry-image-container' style=\"background-image: url(https:\/\/www.weberlaw.de\/wp-content\/uploads\/2024\/11\/deutsch-schweizer-steuerrecht-705x469.jpg);\"  title=\"Deutsch-Schweizer Steuerrecht\" ><\/div><\/div><figcaption class='av-inner-masonry-content site-background'><div class='av-inner-masonry-content-pos'><div class='av-inner-masonry-content-pos-content'><div class='avia-arrow'><\/div><h3 class='av-masonry-entry-title entry-title '  itemprop=\"headline\" >Deutsch-Schweizer Steuerrecht<\/h3><\/div><\/div><\/figcaption><\/figure><\/a><!--end av-masonry entry--><a href=\"https:\/\/www.weberlaw.de\/de\/kompetenz\/tax-compliance-und-compliance\/\"  id='av-masonry-1-item-1762' data-av-masonry-item='1762' class='av-masonry-entry isotope-item post-1762 portfolio type-portfolio status-publish has-post-thumbnail hentry portfolio_entries-kompetenzen all_sort kompetenzen_sort  av-masonry-item-with-image' title=\"Tax-Compliance und Compliance\"   itemscope=\"itemscope\" itemtype=\"https:\/\/schema.org\/CreativeWork\" ><div class='av-inner-masonry-sizer'><\/div><figure class='av-inner-masonry main_color'><div class=\"av-masonry-outerimage-container\"><div class='av-masonry-image-container' style=\"background-image: url(https:\/\/www.weberlaw.de\/wp-content\/uploads\/2024\/11\/Tax-tompliance-705x471.jpg);\"  title=\"Tax-Compliance und Compliance\" ><\/div><\/div><figcaption class='av-inner-masonry-content site-background'><div class='av-inner-masonry-content-pos'><div class='av-inner-masonry-content-pos-content'><div class='avia-arrow'><\/div><h3 class='av-masonry-entry-title entry-title '  itemprop=\"headline\" >Tax-Compliance und Compliance<\/h3><\/div><\/div><\/figcaption><\/figure><\/a><!--end av-masonry entry--><a href=\"https:\/\/www.weberlaw.de\/de\/kompetenz\/haftung-rechtsanwaelte-steuerberater-wirtschaftspruefer\/\"  id='av-masonry-1-item-1757' data-av-masonry-item='1757' class='av-masonry-entry isotope-item post-1757 portfolio type-portfolio status-publish has-post-thumbnail hentry portfolio_entries-kompetenzen all_sort kompetenzen_sort  av-masonry-item-with-image' title=\"Haftungsrecht\"   itemscope=\"itemscope\" itemtype=\"https:\/\/schema.org\/CreativeWork\" ><div class='av-inner-masonry-sizer'><\/div><figure class='av-inner-masonry main_color'><div class=\"av-masonry-outerimage-container\"><div class='av-masonry-image-container' style=\"background-image: url(https:\/\/www.weberlaw.de\/wp-content\/uploads\/2024\/11\/haftungsrecht-705x470.jpg);\"  title=\"Haftungsrecht\" ><\/div><\/div><figcaption class='av-inner-masonry-content site-background'><div class='av-inner-masonry-content-pos'><div class='av-inner-masonry-content-pos-content'><div class='avia-arrow'><\/div><h3 class='av-masonry-entry-title entry-title '  itemprop=\"headline\" >Haftungsrecht<\/h3><\/div><\/div><\/figcaption><\/figure><\/a><!--end av-masonry entry--><a href=\"https:\/\/www.weberlaw.de\/de\/kompetenz\/wirtschaftsstrafrecht\/\"  id='av-masonry-1-item-203' data-av-masonry-item='203' class='av-masonry-entry isotope-item post-203 portfolio type-portfolio status-publish has-post-thumbnail hentry portfolio_entries-kompetenzen all_sort kompetenzen_sort  av-masonry-item-with-image' title=\"Wirtschaftsstrafrecht\"   itemscope=\"itemscope\" itemtype=\"https:\/\/schema.org\/CreativeWork\" ><div class='av-inner-masonry-sizer'><\/div><figure class='av-inner-masonry main_color'><div class=\"av-masonry-outerimage-container\"><div class='av-masonry-image-container' style=\"background-image: url(https:\/\/www.weberlaw.de\/wp-content\/uploads\/2020\/04\/Wirtschaftsstrafrecht-705x321.jpg);\"  title=\"Wirtschaftsstrafrecht\" ><\/div><\/div><figcaption class='av-inner-masonry-content site-background'><div class='av-inner-masonry-content-pos'><div class='av-inner-masonry-content-pos-content'><div class='avia-arrow'><\/div><h3 class='av-masonry-entry-title entry-title '  itemprop=\"headline\" >Wirtschaftsstrafrecht<\/h3><\/div><\/div><\/figcaption><\/figure><\/a><!--end av-masonry entry--><a href=\"https:\/\/www.weberlaw.de\/de\/kompetenz\/steuerstrafrecht-verteidigung-beratung-fachanwalt-steuerrecht\/\"  id='av-masonry-1-item-195' data-av-masonry-item='195' class='av-masonry-entry isotope-item post-195 portfolio type-portfolio status-publish has-post-thumbnail hentry portfolio_entries-kompetenzen all_sort kompetenzen_sort  av-masonry-item-with-image' title=\"Steuersttrafrecht\"   itemscope=\"itemscope\" itemtype=\"https:\/\/schema.org\/CreativeWork\" ><div class='av-inner-masonry-sizer'><\/div><figure class='av-inner-masonry main_color'><div class=\"av-masonry-outerimage-container\"><div class='av-masonry-image-container' style=\"background-image: url(https:\/\/www.weberlaw.de\/wp-content\/uploads\/2020\/04\/panthermedia_B323302582_800x534-705x471.jpg);\"  title=\"Steuersttrafrecht\" ><\/div><\/div><figcaption class='av-inner-masonry-content site-background'><div class='av-inner-masonry-content-pos'><div class='av-inner-masonry-content-pos-content'><div class='avia-arrow'><\/div><h3 class='av-masonry-entry-title entry-title '  itemprop=\"headline\" >Steuerstrafrecht<\/h3><\/div><\/div><\/figcaption><\/figure><\/a><!--end av-masonry entry--><a href=\"https:\/\/www.weberlaw.de\/de\/kompetenz\/steuerstreitrecht-vertretung-vor-finanzgerichten\/\"  id='av-masonry-1-item-199' data-av-masonry-item='199' class='av-masonry-entry isotope-item post-199 portfolio type-portfolio status-publish has-post-thumbnail hentry portfolio_entries-kompetenzen all_sort kompetenzen_sort  av-masonry-item-with-image' title=\"Steuerstreitrecht\"   itemscope=\"itemscope\" itemtype=\"https:\/\/schema.org\/CreativeWork\" ><div class='av-inner-masonry-sizer'><\/div><figure class='av-inner-masonry main_color'><div class=\"av-masonry-outerimage-container\"><div class='av-masonry-image-container' style=\"background-image: url(https:\/\/www.weberlaw.de\/wp-content\/uploads\/2020\/04\/Steuerstreitrecht-weberlaw-705x470.jpg);\"  title=\"Steuerstreitrecht\" ><\/div><\/div><figcaption class='av-inner-masonry-content site-background'><div class='av-inner-masonry-content-pos'><div class='av-inner-masonry-content-pos-content'><div class='avia-arrow'><\/div><h3 class='av-masonry-entry-title entry-title '  itemprop=\"headline\" >Steuerstreitrecht<\/h3><\/div><\/div><\/figcaption><\/figure><\/a><!--end av-masonry entry--><\/div><\/div><\/p>\n","protected":false},"excerpt":{"rendered":"","protected":false},"author":2,"featured_media":76,"parent":0,"menu_order":0,"comment_status":"closed","ping_status":"closed","template":"","meta":{"footnotes":""},"class_list":["post-2","page","type-page","status-publish","has-post-thumbnail","hentry"],"yoast_head":"<!-- This site is optimized with the Yoast SEO plugin v27.3 - https:\/\/yoast.com\/product\/yoast-seo-wordpress\/ -->\n<title>Fachanwalt f\u00fcr Steuerrecht Karlsruhe &amp; Ettlingen Kanzlei Weber<\/title>\n<meta name=\"description\" content=\"Fachanwalt Steuerrecht Karlsruhe, Steuerrecht, Steuerstrafrecht, Deutsch\u2011Schweizer Steuerrecht - bundesweite Beratung und Verteidigung.\" \/>\n<meta name=\"robots\" content=\"index, follow, max-snippet:-1, max-image-preview:large, max-video-preview:-1\" \/>\n<link rel=\"canonical\" href=\"https:\/\/www.weberlaw.de\/de\/fachanwalt-fuer-steuerrecht-in-karlsruhe-ettlingen-kanzlei-weber\/\" \/>\n<meta property=\"og:locale\" content=\"de_DE\" \/>\n<meta property=\"og:type\" content=\"article\" \/>\n<meta property=\"og:title\" content=\"Fachanwalt f\u00fcr Steuerrecht Karlsruhe &amp; Ettlingen Kanzlei Weber\" \/>\n<meta property=\"og:description\" content=\"Fachanwalt Steuerrecht Karlsruhe, Steuerrecht, Steuerstrafrecht, Deutsch\u2011Schweizer Steuerrecht - bundesweite Beratung und Verteidigung.\" \/>\n<meta property=\"og:url\" content=\"https:\/\/www.weberlaw.de\/de\/fachanwalt-fuer-steuerrecht-in-karlsruhe-ettlingen-kanzlei-weber\/\" \/>\n<meta property=\"og:site_name\" content=\"Weber | Recht &amp; Steuern\" \/>\n<meta property=\"article:modified_time\" content=\"2026-03-30T21:10:02+00:00\" \/>\n<meta property=\"og:image\" content=\"https:\/\/www.weberlaw.de\/wp-content\/uploads\/2020\/03\/panthermedia_B162229740_800x534.jpg\" \/>\n\t<meta property=\"og:image:width\" content=\"800\" \/>\n\t<meta property=\"og:image:height\" content=\"534\" \/>\n\t<meta property=\"og:image:type\" content=\"image\/jpeg\" \/>\n<meta name=\"twitter:card\" content=\"summary_large_image\" \/>\n<meta name=\"twitter:label1\" content=\"Gesch\u00e4tzte Lesezeit\" \/>\n\t<meta name=\"twitter:data1\" content=\"2\u00a0Minuten\" \/>\n<script type=\"application\/ld+json\" class=\"yoast-schema-graph\">{\"@context\":\"https:\\\/\\\/schema.org\",\"@graph\":[{\"@type\":\"WebPage\",\"@id\":\"https:\\\/\\\/www.weberlaw.de\\\/de\\\/fachanwalt-fuer-steuerrecht-in-karlsruhe-ettlingen-kanzlei-weber\\\/\",\"url\":\"https:\\\/\\\/www.weberlaw.de\\\/de\\\/fachanwalt-fuer-steuerrecht-in-karlsruhe-ettlingen-kanzlei-weber\\\/\",\"name\":\"Fachanwalt f\u00fcr Steuerrecht Karlsruhe & Ettlingen Kanzlei Weber\",\"isPartOf\":{\"@id\":\"https:\\\/\\\/www.weberlaw.de\\\/de\\\/#website\"},\"primaryImageOfPage\":{\"@id\":\"https:\\\/\\\/www.weberlaw.de\\\/de\\\/fachanwalt-fuer-steuerrecht-in-karlsruhe-ettlingen-kanzlei-weber\\\/#primaryimage\"},\"image\":{\"@id\":\"https:\\\/\\\/www.weberlaw.de\\\/de\\\/fachanwalt-fuer-steuerrecht-in-karlsruhe-ettlingen-kanzlei-weber\\\/#primaryimage\"},\"thumbnailUrl\":\"https:\\\/\\\/www.weberlaw.de\\\/wp-content\\\/uploads\\\/2020\\\/03\\\/panthermedia_B162229740_800x534.jpg\",\"datePublished\":\"2026-03-26T03:48:21+00:00\",\"dateModified\":\"2026-03-30T21:10:02+00:00\",\"description\":\"Fachanwalt Steuerrecht Karlsruhe, Steuerrecht, Steuerstrafrecht, Deutsch\u2011Schweizer Steuerrecht - bundesweite Beratung und Verteidigung.\",\"breadcrumb\":{\"@id\":\"https:\\\/\\\/www.weberlaw.de\\\/de\\\/fachanwalt-fuer-steuerrecht-in-karlsruhe-ettlingen-kanzlei-weber\\\/#breadcrumb\"},\"inLanguage\":\"de\",\"potentialAction\":[{\"@type\":\"ReadAction\",\"target\":[\"https:\\\/\\\/www.weberlaw.de\\\/de\\\/fachanwalt-fuer-steuerrecht-in-karlsruhe-ettlingen-kanzlei-weber\\\/\"]}]},{\"@type\":\"ImageObject\",\"inLanguage\":\"de\",\"@id\":\"https:\\\/\\\/www.weberlaw.de\\\/de\\\/fachanwalt-fuer-steuerrecht-in-karlsruhe-ettlingen-kanzlei-weber\\\/#primaryimage\",\"url\":\"https:\\\/\\\/www.weberlaw.de\\\/wp-content\\\/uploads\\\/2020\\\/03\\\/panthermedia_B162229740_800x534.jpg\",\"contentUrl\":\"https:\\\/\\\/www.weberlaw.de\\\/wp-content\\\/uploads\\\/2020\\\/03\\\/panthermedia_B162229740_800x534.jpg\",\"width\":800,\"height\":534,\"caption\":\"Weber Recht & Steuern Kanzlei\"},{\"@type\":\"BreadcrumbList\",\"@id\":\"https:\\\/\\\/www.weberlaw.de\\\/de\\\/fachanwalt-fuer-steuerrecht-in-karlsruhe-ettlingen-kanzlei-weber\\\/#breadcrumb\",\"itemListElement\":[{\"@type\":\"ListItem\",\"position\":1,\"name\":\"Kanzlei f\u00fcr Recht &amp; Steuern\",\"item\":\"https:\\\/\\\/www.weberlaw.de\\\/de\\\/fachanwalt-fuer-steuerrecht-in-karlsruhe-ettlingen-kanzlei-weber\\\/\"},{\"@type\":\"ListItem\",\"position\":2,\"name\":\"Kanzlei\"}]},{\"@type\":\"WebSite\",\"@id\":\"https:\\\/\\\/www.weberlaw.de\\\/de\\\/#website\",\"url\":\"https:\\\/\\\/www.weberlaw.de\\\/de\\\/\",\"name\":\"Weber | Recht &amp; Steuern\",\"description\":\"Kanzlei f\u00fcr Wirtschafts- und Steuerrecht\",\"publisher\":{\"@id\":\"https:\\\/\\\/www.weberlaw.de\\\/de\\\/#organization\"},\"potentialAction\":[{\"@type\":\"SearchAction\",\"target\":{\"@type\":\"EntryPoint\",\"urlTemplate\":\"https:\\\/\\\/www.weberlaw.de\\\/de\\\/?s={search_term_string}\"},\"query-input\":{\"@type\":\"PropertyValueSpecification\",\"valueRequired\":true,\"valueName\":\"search_term_string\"}}],\"inLanguage\":\"de\"},{\"@type\":\"Organization\",\"@id\":\"https:\\\/\\\/www.weberlaw.de\\\/de\\\/#organization\",\"name\":\"Weber Recht & Steuern Kanzlei\",\"url\":\"https:\\\/\\\/www.weberlaw.de\\\/de\\\/\",\"logo\":{\"@type\":\"ImageObject\",\"inLanguage\":\"de\",\"@id\":\"https:\\\/\\\/www.weberlaw.de\\\/de\\\/#\\\/schema\\\/logo\\\/image\\\/\",\"url\":\"https:\\\/\\\/www.weberlaw.de\\\/wp-content\\\/uploads\\\/2020\\\/05\\\/weber-recht-steuern-karlsruhe-baden-baden-3.png\",\"contentUrl\":\"https:\\\/\\\/www.weberlaw.de\\\/wp-content\\\/uploads\\\/2020\\\/05\\\/weber-recht-steuern-karlsruhe-baden-baden-3.png\",\"width\":890,\"height\":200,\"caption\":\"Weber Recht & Steuern Kanzlei\"},\"image\":{\"@id\":\"https:\\\/\\\/www.weberlaw.de\\\/de\\\/#\\\/schema\\\/logo\\\/image\\\/\"},\"sameAs\":[\"https:\\\/\\\/de.linkedin.com\\\/in\\\/konstantinweber\"]}]}<\/script>\n<!-- \/ Yoast SEO plugin. -->","yoast_head_json":{"title":"Fachanwalt f\u00fcr Steuerrecht Karlsruhe & Ettlingen Kanzlei Weber","description":"Fachanwalt Steuerrecht Karlsruhe, Steuerrecht, Steuerstrafrecht, Deutsch\u2011Schweizer Steuerrecht - bundesweite Beratung und Verteidigung.","robots":{"index":"index","follow":"follow","max-snippet":"max-snippet:-1","max-image-preview":"max-image-preview:large","max-video-preview":"max-video-preview:-1"},"canonical":"https:\/\/www.weberlaw.de\/de\/fachanwalt-fuer-steuerrecht-in-karlsruhe-ettlingen-kanzlei-weber\/","og_locale":"de_DE","og_type":"article","og_title":"Fachanwalt f\u00fcr Steuerrecht Karlsruhe & Ettlingen Kanzlei Weber","og_description":"Fachanwalt Steuerrecht Karlsruhe, Steuerrecht, Steuerstrafrecht, Deutsch\u2011Schweizer Steuerrecht - bundesweite Beratung und Verteidigung.","og_url":"https:\/\/www.weberlaw.de\/de\/fachanwalt-fuer-steuerrecht-in-karlsruhe-ettlingen-kanzlei-weber\/","og_site_name":"Weber | Recht &amp; Steuern","article_modified_time":"2026-03-30T21:10:02+00:00","og_image":[{"width":800,"height":534,"url":"https:\/\/www.weberlaw.de\/wp-content\/uploads\/2020\/03\/panthermedia_B162229740_800x534.jpg","type":"image\/jpeg"}],"twitter_card":"summary_large_image","twitter_misc":{"Gesch\u00e4tzte Lesezeit":"2\u00a0Minuten"},"schema":{"@context":"https:\/\/schema.org","@graph":[{"@type":"WebPage","@id":"https:\/\/www.weberlaw.de\/de\/fachanwalt-fuer-steuerrecht-in-karlsruhe-ettlingen-kanzlei-weber\/","url":"https:\/\/www.weberlaw.de\/de\/fachanwalt-fuer-steuerrecht-in-karlsruhe-ettlingen-kanzlei-weber\/","name":"Fachanwalt f\u00fcr Steuerrecht Karlsruhe & Ettlingen Kanzlei Weber","isPartOf":{"@id":"https:\/\/www.weberlaw.de\/de\/#website"},"primaryImageOfPage":{"@id":"https:\/\/www.weberlaw.de\/de\/fachanwalt-fuer-steuerrecht-in-karlsruhe-ettlingen-kanzlei-weber\/#primaryimage"},"image":{"@id":"https:\/\/www.weberlaw.de\/de\/fachanwalt-fuer-steuerrecht-in-karlsruhe-ettlingen-kanzlei-weber\/#primaryimage"},"thumbnailUrl":"https:\/\/www.weberlaw.de\/wp-content\/uploads\/2020\/03\/panthermedia_B162229740_800x534.jpg","datePublished":"2026-03-26T03:48:21+00:00","dateModified":"2026-03-30T21:10:02+00:00","description":"Fachanwalt Steuerrecht Karlsruhe, Steuerrecht, Steuerstrafrecht, Deutsch\u2011Schweizer Steuerrecht - bundesweite Beratung und Verteidigung.","breadcrumb":{"@id":"https:\/\/www.weberlaw.de\/de\/fachanwalt-fuer-steuerrecht-in-karlsruhe-ettlingen-kanzlei-weber\/#breadcrumb"},"inLanguage":"de","potentialAction":[{"@type":"ReadAction","target":["https:\/\/www.weberlaw.de\/de\/fachanwalt-fuer-steuerrecht-in-karlsruhe-ettlingen-kanzlei-weber\/"]}]},{"@type":"ImageObject","inLanguage":"de","@id":"https:\/\/www.weberlaw.de\/de\/fachanwalt-fuer-steuerrecht-in-karlsruhe-ettlingen-kanzlei-weber\/#primaryimage","url":"https:\/\/www.weberlaw.de\/wp-content\/uploads\/2020\/03\/panthermedia_B162229740_800x534.jpg","contentUrl":"https:\/\/www.weberlaw.de\/wp-content\/uploads\/2020\/03\/panthermedia_B162229740_800x534.jpg","width":800,"height":534,"caption":"Weber Recht & Steuern Kanzlei"},{"@type":"BreadcrumbList","@id":"https:\/\/www.weberlaw.de\/de\/fachanwalt-fuer-steuerrecht-in-karlsruhe-ettlingen-kanzlei-weber\/#breadcrumb","itemListElement":[{"@type":"ListItem","position":1,"name":"Kanzlei f\u00fcr Recht &amp; Steuern","item":"https:\/\/www.weberlaw.de\/de\/fachanwalt-fuer-steuerrecht-in-karlsruhe-ettlingen-kanzlei-weber\/"},{"@type":"ListItem","position":2,"name":"Kanzlei"}]},{"@type":"WebSite","@id":"https:\/\/www.weberlaw.de\/de\/#website","url":"https:\/\/www.weberlaw.de\/de\/","name":"Weber | Recht &amp; Steuern","description":"Kanzlei f\u00fcr Wirtschafts- und Steuerrecht","publisher":{"@id":"https:\/\/www.weberlaw.de\/de\/#organization"},"potentialAction":[{"@type":"SearchAction","target":{"@type":"EntryPoint","urlTemplate":"https:\/\/www.weberlaw.de\/de\/?s={search_term_string}"},"query-input":{"@type":"PropertyValueSpecification","valueRequired":true,"valueName":"search_term_string"}}],"inLanguage":"de"},{"@type":"Organization","@id":"https:\/\/www.weberlaw.de\/de\/#organization","name":"Weber Recht & Steuern Kanzlei","url":"https:\/\/www.weberlaw.de\/de\/","logo":{"@type":"ImageObject","inLanguage":"de","@id":"https:\/\/www.weberlaw.de\/de\/#\/schema\/logo\/image\/","url":"https:\/\/www.weberlaw.de\/wp-content\/uploads\/2020\/05\/weber-recht-steuern-karlsruhe-baden-baden-3.png","contentUrl":"https:\/\/www.weberlaw.de\/wp-content\/uploads\/2020\/05\/weber-recht-steuern-karlsruhe-baden-baden-3.png","width":890,"height":200,"caption":"Weber Recht & Steuern Kanzlei"},"image":{"@id":"https:\/\/www.weberlaw.de\/de\/#\/schema\/logo\/image\/"},"sameAs":["https:\/\/de.linkedin.com\/in\/konstantinweber"]}]}},"_links":{"self":[{"href":"https:\/\/www.weberlaw.de\/de\/wp-json\/wp\/v2\/pages\/2","targetHints":{"allow":["GET"]}}],"collection":[{"href":"https:\/\/www.weberlaw.de\/de\/wp-json\/wp\/v2\/pages"}],"about":[{"href":"https:\/\/www.weberlaw.de\/de\/wp-json\/wp\/v2\/types\/page"}],"author":[{"embeddable":true,"href":"https:\/\/www.weberlaw.de\/de\/wp-json\/wp\/v2\/users\/2"}],"replies":[{"embeddable":true,"href":"https:\/\/www.weberlaw.de\/de\/wp-json\/wp\/v2\/comments?post=2"}],"version-history":[{"count":65,"href":"https:\/\/www.weberlaw.de\/de\/wp-json\/wp\/v2\/pages\/2\/revisions"}],"predecessor-version":[{"id":2888,"href":"https:\/\/www.weberlaw.de\/de\/wp-json\/wp\/v2\/pages\/2\/revisions\/2888"}],"wp:featuredmedia":[{"embeddable":true,"href":"https:\/\/www.weberlaw.de\/de\/wp-json\/wp\/v2\/media\/76"}],"wp:attachment":[{"href":"https:\/\/www.weberlaw.de\/de\/wp-json\/wp\/v2\/media?parent=2"}],"curies":[{"name":"wp","href":"https:\/\/api.w.org\/{rel}","templated":true}]}}