{"id":5,"date":"2026-03-12T07:17:25","date_gmt":"2026-03-12T07:17:25","guid":{"rendered":"http:\/\/beta.weberlaw.de\/?page_id=5"},"modified":"2026-03-30T21:01:11","modified_gmt":"2026-03-30T21:01:11","slug":"datenschutz-weber-i-recht-steuern","status":"publish","type":"page","link":"https:\/\/www.weberlaw.de\/de\/datenschutz-weber-i-recht-steuern\/","title":{"rendered":"Datenschutz"},"content":{"rendered":"<div id='av_section_1'  class='avia-section av-18p1-f932e98931b0b1edaa6c43b2fc7d7a52 main_color avia-section-default avia-no-border-styling  avia-builder-el-0  avia-builder-el-no-sibling  avia-bg-style-scroll container_wrap fullsize'  ><div class='container av-section-cont-open' ><main  role=\"main\" itemprop=\"mainContentOfPage\"  class='template-page content  av-content-full alpha units'><div class='post-entry post-entry-type-page post-entry-5'><div class='entry-content-wrapper clearfix'>\n\n<style type=\"text\/css\" data-created_by=\"avia_inline_auto\" id=\"style-css-av-92qn-c4962dc48b055bb7764f03234b886556\">\n.flex_column.av-92qn-c4962dc48b055bb7764f03234b886556{\nborder-radius:0px 0px 0px 0px;\npadding:0px 0px 0px 0px;\n}\n<\/style>\n<div  class='flex_column av-92qn-c4962dc48b055bb7764f03234b886556 av_one_full  avia-builder-el-1  el_before_av_one_full  avia-builder-el-first  first flex_column_div av-zero-column-padding  '     ><p>\n<style type=\"text\/css\" data-created_by=\"avia_inline_auto\" id=\"style-css-av-kc0v35pd-8f39e4fbe31667bfa03a7c12dc3ea5a3\">\n#top .av-special-heading.av-kc0v35pd-8f39e4fbe31667bfa03a7c12dc3ea5a3{\npadding-bottom:10px;\n}\nbody .av-special-heading.av-kc0v35pd-8f39e4fbe31667bfa03a7c12dc3ea5a3 .av-special-heading-tag .heading-char{\nfont-size:25px;\n}\n.av-special-heading.av-kc0v35pd-8f39e4fbe31667bfa03a7c12dc3ea5a3 .av-subheading{\nfont-size:15px;\n}\n\n@media only screen and (max-width: 479px){ \n#top #wrap_all .av-special-heading.av-kc0v35pd-8f39e4fbe31667bfa03a7c12dc3ea5a3 .av-special-heading-tag{\nfont-size:24px;\n}\n}\n<\/style>\n<div  class='av-special-heading av-kc0v35pd-8f39e4fbe31667bfa03a7c12dc3ea5a3 av-special-heading-h1 blockquote modern-quote modern-centered  avia-builder-el-2  el_before_av_hr  avia-builder-el-first '><h1 class='av-special-heading-tag '  itemprop=\"headline\"  >Datenschutzerkl\u00e4rung<\/h1><div class=\"special-heading-border\"><div class=\"special-heading-inner-border\"><\/div><\/div><\/div><br \/>\n<div  class='hr av-8eyj-57abd22daf47202d1d162548669be1bf hr-default  avia-builder-el-3  el_after_av_heading  el_before_av_textblock '><span class='hr-inner '><span class=\"hr-inner-style\"><\/span><\/span><\/div><br \/>\n<section  class='av_textblock_section av-k6m25tb9-4c0577f907fdc6b2a59e0e01d167a029 '   itemscope=\"itemscope\" itemtype=\"https:\/\/schema.org\/CreativeWork\" ><div class='avia_textblock'  itemprop=\"text\" ><p style=\"text-align: left;\"><strong>Allgemeine Information \u00fcber die Verarbeitung personen\u00adbezogener Daten durch Weber Recht &amp; Steuern Kanzlei f\u00fcr Wirtschafts- und Steuerrecht, Rechtsanwalt und Fachanwalt f\u00fcr Steuerrecht Konstantin Weber (Weber Recht &amp; Steuern Kanzlei)<\/strong><\/p>\n<p style=\"text-align: left;\">Mit diesem Schreiben informieren wir Sie \u00fcber die Verarbeitung Ihrer personen\u00adbezogenen Daten durch die Weber Recht &amp; Steuern Kanzlei f\u00fcr Wirtschafts- und Steuerrecht, Rechtsanwalt und Fachanwalt f\u00fcr Steuerrecht Konstantin Weber (\u201eWeber Recht &amp; Steuern Kanzlei\u201c). Dieses Informations\u00adschreiben richtet sich an jede nat\u00fcrliche Person (insbesondere Vertreter, Ansprech\u00adpartner oder Mitarbeiter unserer Mandanten oder sonstigen Gesch\u00e4fts\u00adpartner), mit der wir in einer (auch sich anbahnenden) Mandats-, Auftrags- bzw. Gesch\u00e4fts\u00adbeziehung oder sonstigen Kommunikations\u00adbeziehung stehen.<\/p>\n<p style=\"text-align: left;\">Wir nehmen die Vertraulichkeit und den Schutz Ihrer personen\u00adbezogenen Daten sehr ernst. Wir verarbeiten Ihre personen\u00adbezogenen Daten daher nur, soweit dies auf der Grundlage gesetzlicher Vorschriften, insbesondere der EU-Datenschutz-Grund\u00adverordnung (\u201eDS-GVO\u201d) und des Bundes\u00addaten\u00adschutz\u00adgesetzes (\u201eBDSG\u201c) zul\u00e4ssig ist.<\/p>\n<p style=\"text-align: left;\">Bei Fragen zu diesem Informations\u00adschreiben oder zu unserem Umgang mit Ihren personen\u00adbezogenen Daten k\u00f6nnen Sie sich jederzeit an eine der unten genannten Kontakt\u00adadressen wenden.<\/p>\n<p style=\"text-align: left;\"><strong>I. Zust\u00e4ndigkeiten und Kontaktdaten<\/strong><\/p>\n<p style=\"text-align: left;\">Verantwortlicher f\u00fcr die Verarbeitung Ihrer personen\u00adbezogenen Daten (Datenver\u00adantwortlicher) ist:<\/p>\n<p style=\"text-align: left;\">Weber Recht &amp; Steuern Kanzlei f\u00fcr Wirtschafts- und Steuerrecht, Rechtsanwalt und Fachanwalt f\u00fcr Steuerrecht Konstantin Weber<\/p>\n<p style=\"text-align: left;\">Hu\u00dfstra\u00dfe\u00a0 6<br \/>\nD-76275 Ettlingen bei Karlsruhe<br \/>\nDeutschland<\/p>\n<p style=\"text-align: left;\">Unseren Datenschutzbeauftragten erreichen Sie unter folgender E-Mail-Adresse:\u00a0<a href=\"mailto:kw@weberlaw.de\">kw@weberlaw.de<\/a><br \/>\noder postalisch unter:<br \/>\nWeber Recht &amp; Steuern Kanzlei f\u00fcr Wirtschafts- und Steuerrecht,<\/p>\n<p style=\"text-align: left;\">Rechtsanwalt und Fachanwalt f\u00fcr Steuerrecht Konstantin Weber<\/p>\n<p style=\"text-align: left;\">Hu\u00dfstra\u00dfe\u00a0 6<br \/>\nD-76275 Ettlingen bei Karlsruhe<br \/>\nDeutschland<br \/>\nTelefon: +49 (0)7243 364 7371<\/p>\n<p style=\"text-align: left;\"><strong>II. Verarbeitung Ihrer personenbezogenen Daten<\/strong><\/p>\n<p style=\"text-align: left;\">Gegenstand der Datenverarbeitung durch uns sind Ihre Kontakt\u00addaten sowie ggf. weitere, f\u00fcr unsere Leistungs\u00aderbringung oder unsere Kommunikation mit Ihnen erforderliche personen\u00adbezogene Daten.<\/p>\n<p style=\"text-align: left;\">Wir verarbeiten Ihre personen\u00adbezogenen Daten, soweit dies zur Wahrung\u00a0<strong>der berechtigten Interessen<\/strong>\u00a0von Weber Recht &amp; Steuern Kanzlei (Art.\u00a06 Abs.\u00a01 lit.\u00a0f DS-GVO) erforderlich ist, insbesondere<\/p>\n<ul style=\"text-align: left;\">\n<li>zum Abschluss oder zur Durchf\u00fchrung von Mandats\u00advereinbarungen, Auftr\u00e4gen an Notare, Vertr\u00e4gen und anderen Gesch\u00e4fts\u00adbeziehungen (einschlie\u00dflich zur Abwicklung von Kauf\u00adauftr\u00e4gen, Lieferungen oder Zahlungen) oder zur Erstellung oder Beant\u00adwortung von Angebots\u00adanfragen und zur Fest\u00adlegung der Bedingungen des Vertrags\u00adverh\u00e4ltnisses, und zwar mit unseren Mandanten, Gesch\u00e4fts\u00adpartnern, Dienst\u00adleistern oder Kooperations\u00adpartnern, f\u00fcr die Sie ggf. als Vertreter oder Mitarbeiter t\u00e4tig sind;<\/li>\n<li>f\u00fcr interne Verwaltungszwecke der Weber Recht &amp; Steuern Kanzlei (z.B. f\u00fcr die Buchhaltung);<\/li>\n<li>um Ihnen im f\u00fcr Ihre Gesch\u00e4fts\u00adt\u00e4tigkeit relevanten Umfang unseren Mandanten\u00adinformationen wie etwa Newsletter mit Hinweisen auf aktuelle rechtliche Themen oder Kanzlei\u00adveranstaltungen zur Verf\u00fcgung zu stellen oder zuzusenden;<\/li>\n<li>zu sonstigen Kommunikations\u00adzwecken;<\/li>\n<li>um die IT-Sicherheit und den IT-Betrieb unserer Kanzlei sicherzustellen;<\/li>\n<li>zum Einsatz von Dienst\u00adleistern (z.B. externen IT-Dienstleistern), die unsere Gesch\u00e4fts\u00adprozesse unterst\u00fctzen;<\/li>\n<li>um im Einzelfall Compliance-Untersuchungen durchzuf\u00fchren.<\/li>\n<\/ul>\n<p style=\"text-align: left;\">Die Verarbeitung personen\u00adbezogener Daten erfolgt dar\u00fcber hinaus zur Erf\u00fcllung<strong>\u00a0von Vertr\u00e4gen mit oder Auftr\u00e4gen durch Einzelpersonen<\/strong>\u00a0(nat\u00fcrliche Personen), mit denen wir in Gesch\u00e4fts\u00adbeziehungen stehen (Art. 6 Abs. 1 lit. b DS-GVO).<\/p>\n<p style=\"text-align: left;\">Stellen Sie uns Ihre personen\u00adbezogenen Daten nicht bereit, k\u00f6nnen wir das Vertrags\u00adverh\u00e4ltnis nicht durchf\u00fchren bzw. die oben genannten Kommunikations\u00adzwecke nicht erf\u00fcllen.<\/p>\n<p style=\"text-align: left;\">Die Datenverarbeitung ist uns au\u00dferdem zum Teil\u00a0<strong>gesetzlich vorgeschrieben<\/strong>\u00a0(Art.\u00a06 Abs.\u00a01 lit.\u00a0c) DS-GVO). So sind wir z.B. nach den Bestimmungen des Geldw\u00e4sche\u00adgesetzes dazu verpflichtet, unsere Mandanten zu identifizieren, und ben\u00f6tigen die daf\u00fcr erforderlichen Informationen von Ihnen (\u00a7\u00a011 Abs.\u00a06 Satz\u00a01 GWG). Nach \u00a7\u00a050 BRAO sind wir berufsrechtlich zur F\u00fchrung von anwaltlichen Handakten verpflichtet und k\u00f6nnen uns dazu der elektronischen Daten\u00adverarbeitung bedienen.<\/p>\n<p style=\"text-align: left;\">Soweit Sie uns Ihre personen\u00adbezogenen Daten nicht selbst zur Verf\u00fcgung gestellt haben, haben wir diese von unseren Mandanten oder Gesch\u00e4fts\u00adpartnern erhalten oder wir haben die Daten \u00f6ffentlich zug\u00e4nglichen Quellen, insbesondere Webseiten von Unternehmen oder Branchen\u00adverzeichnissen entnommen.<\/p>\n<p style=\"text-align: left;\"><strong>III. Vertraulichkeit und L\u00f6schung Ihrer personenbezogenen Daten<\/strong><\/p>\n<p style=\"text-align: left;\">Jeder unserer Mitarbeiter und alle Mitarbeiter von externen Dienstleistern, die Zugriff auf personen\u00adbezogene Daten haben, sind verpflichtet, diese Daten vertraulich zu behandeln.<\/p>\n<p style=\"text-align: left;\">Wir l\u00f6schen die personenbezogenen Daten nach Beendigung des Mandats-, Auftrags- oder Vertrags\u00adverh\u00e4ltnisses oder unseres Kontakts, wenn die Speicherung nicht mehr zur Erf\u00fcllung unserer (nach)vertraglichen Pflichten oder der in dieser Daten\u00adschutz\u00aderkl\u00e4rung genannten berechtigten Interessen erforderlich ist und keine gesetzlichen Aufbewahrungs\u00adpflichten bestehen. Sofern gesetzliche Aufbewahrungs\u00adpflichten bestehen, schr\u00e4nken wir die Verarbeitung der Daten ein.<\/p>\n<p style=\"text-align: left;\"><strong>IV. Weitergabe Ihrer personenbezogenen Daten<\/strong><\/p>\n<p style=\"text-align: left;\">An Dritte \u00fcbermitteln wir Ihre personenbezogenen Daten nur auf Grundlage der gesetzlichen Regelungen oder soweit Sie im Einzelfall Ihre Einwilligung erteilt haben.<\/p>\n<p style=\"text-align: left;\">Ihre personenbezogenen Daten k\u00f6nnen, soweit f\u00fcr die unter Punkt II. genannten Zwecke erforderlich sind, an Auftrag\u00adnehmer innerhalb und au\u00dferhalb der Europ\u00e4ischen Union (EU), die f\u00fcr uns bestimmte Dienstleistungen wie IT-Dienstleistungen erbringen (Auftrags\u00adverarbeiter), weitergegeben werden. Die Auftragnehmer werden von uns zur Verschwiegen\u00adheit verpflichtet und verarbeiten personen\u00adbezogene Daten nur nach unserer Weisung.<\/p>\n<p style=\"text-align: left;\">Im Rahmen des gew\u00f6hnlichen Kanzleiablaufs und f\u00fcr die unter Punkt II. genannten Zwecke kann es zudem vorkommen, dass wir Ihre Daten an Dritte innerhalb und au\u00dferhalb der EU, z.B. an unsere Gesch\u00e4fts\u00adpartner oder Kanzleien, mit denen wir im Rahmen eines Mandats zusammenarbeiten, \u00dcbersetzer, Gegner und sonstige Dritte weitergeben.<\/p>\n<p style=\"text-align: left;\">Dar\u00fcber hinaus k\u00f6nnen wir, soweit rechtlich zul\u00e4ssig, Ihre personen\u00adbezogenen Daten zur Erf\u00fcllung gesetzlicher Pflichten oder im Kanzlei\u00adinteresse an Beh\u00f6rden (z.B. Sozial\u00adversicherungs\u00adtr\u00e4ger, Finanz\u00adbeh\u00f6rden oder Straf\u00adverfolgungs\u00adbeh\u00f6rden), \u00f6ffentliche Register und Gerichte im In- und Ausland \u00fcbermitteln. Dies k\u00f6nnen auch ausl\u00e4ndische Beh\u00f6rden und Gerichte sein.<\/p>\n<p style=\"text-align: left;\">In L\u00e4ndern au\u00dferhalb der EU gelten m\u00f6glicherweise andere Datenschutzvorschriften als in der EU. Soweit in diesen L\u00e4ndern kein dem europ\u00e4ischen Datenschutz\u00adrecht vergleich\u00adbares gesetzliches Schutz\u00adniveau besteht, werden wir im Falle einer \u00dcber\u00admittlung Ihrer personen\u00adbezogenen Daten in diese L\u00e4nder Vorkehrungen treffen, um den angemessenen Schutz Ihrer personen\u00adbezogenen Daten in diesen L\u00e4ndern sicherzustellen. Insbesondere stehen uns hierf\u00fcr die von der Europ\u00e4ischen Kommission ver\u00f6ffentlichten Standard\u00advertrags\u00adklauseln zur Verf\u00fcgung. Weitere Informationen k\u00f6nnen Sie von unserem Datenschutz\u00adbeauftragten erhalten und dort insbesondere auch die abgeschlossenen Vertr\u00e4ge zur Einsicht anfragen.<\/p>\n<p style=\"text-align: left;\"><strong>V. Ihre Rechte<\/strong><\/p>\n<p style=\"text-align: left;\">Unter den gesetzlichen Voraussetzungen, deren Vorliegen im Einzelfall zu pr\u00fcfen ist, haben Sie das Recht, Informationen \u00fcber Ihre personen\u00adbezogenen Daten zu erhalten und die Berichtigung oder L\u00f6schung Ihrer personen\u00adbezogenen Daten oder die Einschr\u00e4nkung der Verarbeitung zu beantragen und Ihre personen\u00adbezogenen Daten in einem strukturierten, g\u00e4ngigen und maschinen\u00adlesbaren Format (Daten\u00ad\u00fcbertrag\u00adbarkeit) zu erhalten.<\/p>\n<p style=\"text-align: left;\">Unter den gesetzlichen Voraussetzungen, deren Vorliegen im Einzelfall zu pr\u00fcfen ist, haben Sie auch das Recht, Widerspruch gegen die Verarbeitung Ihrer personen\u00adbezogenen Daten einzulegen.<\/p>\n<p style=\"text-align: left;\">Soweit wir Ihre personen\u00adbezogenen Daten verarbeiten, um Sie im f\u00fcr Ihre Gesch\u00e4fts\u00adt\u00e4tigkeit relevanten Umfang \u00fcber unsere Beratungs\u00adt\u00e4tigkeit sowie \u00fcber aktuelle Entwicklungen zu informieren, k\u00f6nnen sie einer Verarbeitung Ihrer personen\u00adbezogenen Daten jederzeit ohne Angabe von Gr\u00fcnden widersprechen.<\/p>\n<p style=\"text-align: left;\">Des Weiteren haben Sie in Bezug auf die Verarbeitung Ihrer personen\u00adbezogenen Daten das Recht, sich mit Beschwerden an eine Aufsichts\u00adbeh\u00f6rde zu wenden.<\/p>\n<p style=\"text-align: left;\"><em>Stand: April 2026<\/em><\/p>\n<\/div><\/section><\/p><\/div>\n<style type=\"text\/css\" data-created_by=\"avia_inline_auto\" id=\"style-css-av-iu7-b205f5eafdf9fb782a4e758bb59515dc\">\n.flex_column.av-iu7-b205f5eafdf9fb782a4e758bb59515dc{\nborder-radius:0px 0px 0px 0px;\npadding:0px 0px 0px 0px;\n}\n<\/style>\n<div  class='flex_column av-iu7-b205f5eafdf9fb782a4e758bb59515dc av_one_full  avia-builder-el-5  el_after_av_one_full  avia-builder-el-last  first flex_column_div av-zero-column-padding  column-top-margin'     ><section  class='av_textblock_section av-k6m25tb9-1-87e5e6e3e9e180541c02a0aa1dfedb99 '   itemscope=\"itemscope\" itemtype=\"https:\/\/schema.org\/CreativeWork\" ><div class='avia_textblock'  itemprop=\"text\" ><p style=\"text-align: left;\"><strong>Information \u00fcber die Verarbeitung personenbezogener Daten auf der Webseite von Weber Recht &amp; Steuern Kanzlei<\/strong><\/p>\n<p style=\"text-align: left;\">Wir freuen uns \u00fcber Ihren Besuch auf der Webseite der Weber Recht &amp; Steuern Kanzlei f\u00fcr Wirtschafts- und Steuerrecht, Rechtsanwalt und Fachanwalt f\u00fcr Steuerrecht Konstantin Weber sowie \u00fcber Ihr Interesse an unserer Kanzlei. W\u00e4hrend Ihres Besuches auf unserer Webseite werden in geringem Umfang Ihre personenbezogenen Daten verarbeitet. Mit dieser Datenschutzinformation informieren wir Sie dar\u00fcber, wie und zu welchem Zweck dies geschieht.<\/p>\n<p style=\"text-align: left;\">Wir nehmen die Vertraulichkeit und den Schutz Ihrer personenbezogenen Daten sehr ernst. Wir verarbeiten Ihre personenbezogenen Daten daher nur, soweit dies auf der Grundlage gesetzlicher Vorschriften, insbesondere der EU-Datenschutz-Grundverordnung (\u201eDS-GVO\u201d) und des Bundesdatenschutzgesetzes (\u201eBDSG\u201c) zul\u00e4ssig ist.<\/p>\n<p style=\"text-align: left;\">Bei Fragen zu diesem Informationsschreiben oder zu unserem Umgang mit Ihren personenbezogenen Daten k\u00f6nnen Sie sich jederzeit an eine der unten genannten Kontaktadressen wenden.<\/p>\n<p style=\"text-align: left;\"><strong>I. Zust\u00e4ndigkeiten und Kontaktdaten<\/strong><\/p>\n<p style=\"text-align: left;\">Verantwortlicher f\u00fcr die Verarbeitung Ihrer personenbezogenen Daten ist:<\/p>\n<p style=\"text-align: left;\">Weber Recht &amp; Steuern Kanzlei f\u00fcr Wirtschafts- und Steuerrecht, Rechtsanwalt und Fachanwalt f\u00fcr Steuerrecht Konstantin Weber<\/p>\n<p style=\"text-align: left;\">Hu\u00dfstra\u00dfe\u00a0 6<br \/>\nD-76275 Ettlingen bei Karlsruhe<br \/>\nDeutschland<\/p>\n<p style=\"text-align: left;\">Unseren Datenschutzbeauftragten erreichen Sie unter folgender E-Mail-Adresse:\u00a0<a href=\"mailto:kw@weberlaw.de\">kw@weberlaw.de<\/a><br \/>\noder postalisch unter:<br \/>\nWeber Recht &amp; Steuern Kanzlei f\u00fcr Wirtschafts- und Steuerrecht,<\/p>\n<p style=\"text-align: left;\">Rechtsanwalt und Fachanwalt f\u00fcr Steuerrecht Konstantin Weber<\/p>\n<p style=\"text-align: left;\">Hu\u00dfstra\u00dfe 6<br \/>\nD-76275 Ettlingen bei Karlsruhe<br \/>\nDeutschland<br \/>\nTelefon: +49 (0)7243 364 7371<\/p>\n<p style=\"text-align: left;\"><strong>II. Verarbeitung personenbezogener Daten beim Besuch unserer Webseite<\/strong><\/p>\n<p style=\"text-align: left;\">Wenn sie unsere Webseite zur Information \u00fcber unsere Kanzlei und Expertise besuchen, erheben wir nur diejenigen personenbezogenen Daten in Logdateien (log files), die Ihr Browser an unseren Server \u00fcbermittelt.<\/p>\n<p style=\"text-align: left;\">Dazu geh\u00f6ren die Art des Webbrowsers, das verwendete Betriebssystem, der Domainname des Internet Service Providers, die IP-Adresse des verwendeten Computers, die Webseite, von der aus Sie uns besuchen, die Seiten, die Sie bei uns besuchen, sowie das Datum und die Dauer des Besuches. Diese Informationen sind f\u00fcr uns technisch erforderlich, um Ihnen unsere Webseite anzuzeigen und die Stabilit\u00e4t und Sicherheit der Webseite zu gew\u00e4hrleisten. Rechtsgrundlage ist Art. 6 Abs. 1 lit. f DS-GVO. Die Daten werden dabei nur f\u00fcr statistische Zwecke und nur in pseudonymisierter Form ausgewertet. Sie werden nicht an Dritte weitergeben.<\/p>\n<p style=\"text-align: left;\"><strong>II. L\u00f6schung<\/strong><\/p>\n<p style=\"text-align: left;\">Wir l\u00f6schen Ihre personenbezogenen Daten in den Logdateien nach Ablauf von 8 Wochen, es sei denn, eine l\u00e4ngere Speicherung der Daten ist zur Sicherstellung der oben genannten Verarbeitungszwecke erforderlich. In diesem Fall l\u00f6schen wir Ihre personenbezogenen Daten, sobald diese f\u00fcr die oben genannten Zwecke nicht mehr erforderlich und entsprechende gesetzliche Aufbewahrungsfristen abgelaufen sind.<\/p>\n<p style=\"text-align: left;\"><strong>III. Ihre Rechte<\/strong><\/p>\n<p style=\"text-align: left;\">Unter den gesetzlichen Voraussetzungen, deren Vorliegen im Einzelfall zu pr\u00fcfen ist, haben Sie das Recht, Informationen \u00fcber Ihre personenbezogenen Daten zu erhalten und die Berichtigung oder L\u00f6schung Ihrer personenbezogenen Daten oder die Einschr\u00e4nkung der Verarbeitung zu beantragen und Ihre personenbezogenen Daten in einem strukturierten, g\u00e4ngigen und maschinenlesbaren Format (Daten\u00fcbertragbarkeit) zu erhalten. Zudem haben Sie das Recht, aus Gr\u00fcnden, die sich aus Ihrer besonderen pers\u00f6nlichen Situation ergeben, Widerspruch gegen die Verarbeitung Ihrer personenbezogenen Daten einzulegen.<\/p>\n<p style=\"text-align: left;\">Sie haben in Bezug auf die Verarbeitung Ihrer personenbezogenen Daten das Recht, sich mit Beschwerden an eine Aufsichtsbeh\u00f6rde zu wenden.<\/p>\n<p style=\"text-align: left;\"><strong>IV. Sicherheit<\/strong><\/p>\n<p style=\"text-align: left;\">Wir setzen technische und organisatorische Sicherheitsma\u00dfnahmen ein, um Ihre durch uns verarbeiteten personenbezogenen Daten zu sch\u00fctzen.<\/p>\n<p style=\"text-align: left;\"><strong>V. \u00c4nderung dieser Datenschutzinformation<\/strong><\/p>\n<p style=\"text-align: left;\">Diese Datenschutzerkl\u00e4rung hat den Stand Oktober 2018. Durch die Weiterentwicklung unserer Webseite oder aufgrund ge\u00e4nderter gesetzlicher bzw. beh\u00f6rdlicher Vorgaben kann es notwendig werden, diese Datenschutzinformation zu \u00e4ndern. Die jeweils aktuelle Datenschutzinformation kann jederzeit auf der Webseite von Ihnen abgerufen und ausgedruckt werden.<\/p>\n<p style=\"text-align: left;\"><strong>VI. Kontakt<\/strong><\/p>\n<p style=\"text-align: left;\">Bei Fragen zur Verarbeitung Ihrer personenbezogenen Daten \u00fcber unsere Webseite k\u00f6nnen Sie jederzeit unseren Datenschutzbeauftragten unter\u00a0<a href=\"mailto:kw@weberlaw.de\">kw@weberlaw.de<\/a>\u00a0kontaktieren.<\/p>\n<\/div><\/section><\/div>\n","protected":false},"excerpt":{"rendered":"","protected":false},"author":2,"featured_media":535,"parent":0,"menu_order":0,"comment_status":"closed","ping_status":"closed","template":"","meta":{"footnotes":""},"class_list":["post-5","page","type-page","status-publish","has-post-thumbnail","hentry"],"yoast_head":"<!-- This site is optimized with the Yoast SEO plugin v27.3 - https:\/\/yoast.com\/product\/yoast-seo-wordpress\/ -->\n<title>Datenschutz Weber I Recht &amp; Steuern Kanzlei Ettlingen Karlsruhe<\/title>\n<meta name=\"description\" content=\"Datenschutz Weber I Recht &amp; Steuern Kanzlei Ettlingen Karlsruhe Rechtsanwalt Fachanwalt f\u00fcr Steuerrecht Steuerrecht\" \/>\n<meta name=\"robots\" content=\"index, follow, max-snippet:-1, max-image-preview:large, max-video-preview:-1\" \/>\n<link rel=\"canonical\" href=\"https:\/\/www.weberlaw.de\/de\/datenschutz-weber-i-recht-steuern\/\" \/>\n<meta property=\"og:locale\" content=\"de_DE\" \/>\n<meta property=\"og:type\" content=\"article\" \/>\n<meta property=\"og:title\" content=\"Datenschutz Weber I Recht &amp; Steuern Kanzlei Ettlingen Karlsruhe\" \/>\n<meta property=\"og:description\" content=\"Datenschutz Weber I Recht &amp; Steuern Kanzlei Ettlingen Karlsruhe Rechtsanwalt Fachanwalt f\u00fcr Steuerrecht Steuerrecht\" \/>\n<meta property=\"og:url\" content=\"https:\/\/www.weberlaw.de\/de\/datenschutz-weber-i-recht-steuern\/\" \/>\n<meta property=\"og:site_name\" content=\"Weber | Recht &amp; Steuern\" \/>\n<meta property=\"article:modified_time\" content=\"2026-03-30T21:01:11+00:00\" \/>\n<meta property=\"og:image\" content=\"https:\/\/www.weberlaw.de\/wp-content\/uploads\/2020\/05\/Contact-header.jpg\" \/>\n\t<meta property=\"og:image:width\" content=\"1920\" \/>\n\t<meta property=\"og:image:height\" content=\"700\" \/>\n\t<meta property=\"og:image:type\" content=\"image\/jpeg\" \/>\n<meta name=\"twitter:card\" content=\"summary_large_image\" \/>\n<meta name=\"twitter:label1\" content=\"Gesch\u00e4tzte Lesezeit\" \/>\n\t<meta name=\"twitter:data1\" content=\"9\u00a0Minuten\" \/>\n<script type=\"application\/ld+json\" class=\"yoast-schema-graph\">{\"@context\":\"https:\\\/\\\/schema.org\",\"@graph\":[{\"@type\":\"WebPage\",\"@id\":\"https:\\\/\\\/www.weberlaw.de\\\/de\\\/datenschutz-weber-i-recht-steuern\\\/\",\"url\":\"https:\\\/\\\/www.weberlaw.de\\\/de\\\/datenschutz-weber-i-recht-steuern\\\/\",\"name\":\"Datenschutz Weber I Recht & Steuern Kanzlei Ettlingen Karlsruhe\",\"isPartOf\":{\"@id\":\"https:\\\/\\\/www.weberlaw.de\\\/de\\\/#website\"},\"primaryImageOfPage\":{\"@id\":\"https:\\\/\\\/www.weberlaw.de\\\/de\\\/datenschutz-weber-i-recht-steuern\\\/#primaryimage\"},\"image\":{\"@id\":\"https:\\\/\\\/www.weberlaw.de\\\/de\\\/datenschutz-weber-i-recht-steuern\\\/#primaryimage\"},\"thumbnailUrl\":\"https:\\\/\\\/www.weberlaw.de\\\/wp-content\\\/uploads\\\/2020\\\/05\\\/Contact-header.jpg\",\"datePublished\":\"2026-03-12T07:17:25+00:00\",\"dateModified\":\"2026-03-30T21:01:11+00:00\",\"description\":\"Datenschutz Weber I Recht & Steuern Kanzlei Ettlingen Karlsruhe Rechtsanwalt Fachanwalt f\u00fcr Steuerrecht Steuerrecht\",\"breadcrumb\":{\"@id\":\"https:\\\/\\\/www.weberlaw.de\\\/de\\\/datenschutz-weber-i-recht-steuern\\\/#breadcrumb\"},\"inLanguage\":\"de\",\"potentialAction\":[{\"@type\":\"ReadAction\",\"target\":[\"https:\\\/\\\/www.weberlaw.de\\\/de\\\/datenschutz-weber-i-recht-steuern\\\/\"]}]},{\"@type\":\"ImageObject\",\"inLanguage\":\"de\",\"@id\":\"https:\\\/\\\/www.weberlaw.de\\\/de\\\/datenschutz-weber-i-recht-steuern\\\/#primaryimage\",\"url\":\"https:\\\/\\\/www.weberlaw.de\\\/wp-content\\\/uploads\\\/2020\\\/05\\\/Contact-header.jpg\",\"contentUrl\":\"https:\\\/\\\/www.weberlaw.de\\\/wp-content\\\/uploads\\\/2020\\\/05\\\/Contact-header.jpg\",\"width\":1920,\"height\":700,\"caption\":\"Kontakt\"},{\"@type\":\"BreadcrumbList\",\"@id\":\"https:\\\/\\\/www.weberlaw.de\\\/de\\\/datenschutz-weber-i-recht-steuern\\\/#breadcrumb\",\"itemListElement\":[{\"@type\":\"ListItem\",\"position\":1,\"name\":\"Kanzlei f\u00fcr Recht &amp; Steuern\",\"item\":\"https:\\\/\\\/www.weberlaw.de\\\/de\\\/fachanwalt-fuer-steuerrecht-in-karlsruhe-ettlingen-kanzlei-weber\\\/\"},{\"@type\":\"ListItem\",\"position\":2,\"name\":\"Datenschutz\"}]},{\"@type\":\"WebSite\",\"@id\":\"https:\\\/\\\/www.weberlaw.de\\\/de\\\/#website\",\"url\":\"https:\\\/\\\/www.weberlaw.de\\\/de\\\/\",\"name\":\"Weber | Recht &amp; Steuern\",\"description\":\"Kanzlei f\u00fcr Wirtschafts- und Steuerrecht\",\"publisher\":{\"@id\":\"https:\\\/\\\/www.weberlaw.de\\\/de\\\/#organization\"},\"potentialAction\":[{\"@type\":\"SearchAction\",\"target\":{\"@type\":\"EntryPoint\",\"urlTemplate\":\"https:\\\/\\\/www.weberlaw.de\\\/de\\\/?s={search_term_string}\"},\"query-input\":{\"@type\":\"PropertyValueSpecification\",\"valueRequired\":true,\"valueName\":\"search_term_string\"}}],\"inLanguage\":\"de\"},{\"@type\":\"Organization\",\"@id\":\"https:\\\/\\\/www.weberlaw.de\\\/de\\\/#organization\",\"name\":\"Weber Recht & Steuern Kanzlei\",\"url\":\"https:\\\/\\\/www.weberlaw.de\\\/de\\\/\",\"logo\":{\"@type\":\"ImageObject\",\"inLanguage\":\"de\",\"@id\":\"https:\\\/\\\/www.weberlaw.de\\\/de\\\/#\\\/schema\\\/logo\\\/image\\\/\",\"url\":\"https:\\\/\\\/www.weberlaw.de\\\/wp-content\\\/uploads\\\/2020\\\/05\\\/weber-recht-steuern-karlsruhe-baden-baden-3.png\",\"contentUrl\":\"https:\\\/\\\/www.weberlaw.de\\\/wp-content\\\/uploads\\\/2020\\\/05\\\/weber-recht-steuern-karlsruhe-baden-baden-3.png\",\"width\":890,\"height\":200,\"caption\":\"Weber Recht & Steuern Kanzlei\"},\"image\":{\"@id\":\"https:\\\/\\\/www.weberlaw.de\\\/de\\\/#\\\/schema\\\/logo\\\/image\\\/\"},\"sameAs\":[\"https:\\\/\\\/de.linkedin.com\\\/in\\\/konstantinweber\"]}]}<\/script>\n<!-- \/ Yoast SEO plugin. -->","yoast_head_json":{"title":"Datenschutz Weber I Recht & Steuern Kanzlei Ettlingen Karlsruhe","description":"Datenschutz Weber I Recht & Steuern Kanzlei Ettlingen Karlsruhe Rechtsanwalt Fachanwalt f\u00fcr Steuerrecht Steuerrecht","robots":{"index":"index","follow":"follow","max-snippet":"max-snippet:-1","max-image-preview":"max-image-preview:large","max-video-preview":"max-video-preview:-1"},"canonical":"https:\/\/www.weberlaw.de\/de\/datenschutz-weber-i-recht-steuern\/","og_locale":"de_DE","og_type":"article","og_title":"Datenschutz Weber I Recht & Steuern Kanzlei Ettlingen Karlsruhe","og_description":"Datenschutz Weber I Recht & Steuern Kanzlei Ettlingen Karlsruhe Rechtsanwalt Fachanwalt f\u00fcr Steuerrecht Steuerrecht","og_url":"https:\/\/www.weberlaw.de\/de\/datenschutz-weber-i-recht-steuern\/","og_site_name":"Weber | Recht &amp; Steuern","article_modified_time":"2026-03-30T21:01:11+00:00","og_image":[{"width":1920,"height":700,"url":"https:\/\/www.weberlaw.de\/wp-content\/uploads\/2020\/05\/Contact-header.jpg","type":"image\/jpeg"}],"twitter_card":"summary_large_image","twitter_misc":{"Gesch\u00e4tzte Lesezeit":"9\u00a0Minuten"},"schema":{"@context":"https:\/\/schema.org","@graph":[{"@type":"WebPage","@id":"https:\/\/www.weberlaw.de\/de\/datenschutz-weber-i-recht-steuern\/","url":"https:\/\/www.weberlaw.de\/de\/datenschutz-weber-i-recht-steuern\/","name":"Datenschutz Weber I Recht & Steuern Kanzlei Ettlingen Karlsruhe","isPartOf":{"@id":"https:\/\/www.weberlaw.de\/de\/#website"},"primaryImageOfPage":{"@id":"https:\/\/www.weberlaw.de\/de\/datenschutz-weber-i-recht-steuern\/#primaryimage"},"image":{"@id":"https:\/\/www.weberlaw.de\/de\/datenschutz-weber-i-recht-steuern\/#primaryimage"},"thumbnailUrl":"https:\/\/www.weberlaw.de\/wp-content\/uploads\/2020\/05\/Contact-header.jpg","datePublished":"2026-03-12T07:17:25+00:00","dateModified":"2026-03-30T21:01:11+00:00","description":"Datenschutz Weber I Recht & Steuern Kanzlei Ettlingen Karlsruhe Rechtsanwalt Fachanwalt f\u00fcr Steuerrecht Steuerrecht","breadcrumb":{"@id":"https:\/\/www.weberlaw.de\/de\/datenschutz-weber-i-recht-steuern\/#breadcrumb"},"inLanguage":"de","potentialAction":[{"@type":"ReadAction","target":["https:\/\/www.weberlaw.de\/de\/datenschutz-weber-i-recht-steuern\/"]}]},{"@type":"ImageObject","inLanguage":"de","@id":"https:\/\/www.weberlaw.de\/de\/datenschutz-weber-i-recht-steuern\/#primaryimage","url":"https:\/\/www.weberlaw.de\/wp-content\/uploads\/2020\/05\/Contact-header.jpg","contentUrl":"https:\/\/www.weberlaw.de\/wp-content\/uploads\/2020\/05\/Contact-header.jpg","width":1920,"height":700,"caption":"Kontakt"},{"@type":"BreadcrumbList","@id":"https:\/\/www.weberlaw.de\/de\/datenschutz-weber-i-recht-steuern\/#breadcrumb","itemListElement":[{"@type":"ListItem","position":1,"name":"Kanzlei f\u00fcr Recht &amp; Steuern","item":"https:\/\/www.weberlaw.de\/de\/fachanwalt-fuer-steuerrecht-in-karlsruhe-ettlingen-kanzlei-weber\/"},{"@type":"ListItem","position":2,"name":"Datenschutz"}]},{"@type":"WebSite","@id":"https:\/\/www.weberlaw.de\/de\/#website","url":"https:\/\/www.weberlaw.de\/de\/","name":"Weber | Recht &amp; Steuern","description":"Kanzlei f\u00fcr Wirtschafts- und Steuerrecht","publisher":{"@id":"https:\/\/www.weberlaw.de\/de\/#organization"},"potentialAction":[{"@type":"SearchAction","target":{"@type":"EntryPoint","urlTemplate":"https:\/\/www.weberlaw.de\/de\/?s={search_term_string}"},"query-input":{"@type":"PropertyValueSpecification","valueRequired":true,"valueName":"search_term_string"}}],"inLanguage":"de"},{"@type":"Organization","@id":"https:\/\/www.weberlaw.de\/de\/#organization","name":"Weber Recht & Steuern Kanzlei","url":"https:\/\/www.weberlaw.de\/de\/","logo":{"@type":"ImageObject","inLanguage":"de","@id":"https:\/\/www.weberlaw.de\/de\/#\/schema\/logo\/image\/","url":"https:\/\/www.weberlaw.de\/wp-content\/uploads\/2020\/05\/weber-recht-steuern-karlsruhe-baden-baden-3.png","contentUrl":"https:\/\/www.weberlaw.de\/wp-content\/uploads\/2020\/05\/weber-recht-steuern-karlsruhe-baden-baden-3.png","width":890,"height":200,"caption":"Weber Recht & Steuern Kanzlei"},"image":{"@id":"https:\/\/www.weberlaw.de\/de\/#\/schema\/logo\/image\/"},"sameAs":["https:\/\/de.linkedin.com\/in\/konstantinweber"]}]}},"_links":{"self":[{"href":"https:\/\/www.weberlaw.de\/de\/wp-json\/wp\/v2\/pages\/5","targetHints":{"allow":["GET"]}}],"collection":[{"href":"https:\/\/www.weberlaw.de\/de\/wp-json\/wp\/v2\/pages"}],"about":[{"href":"https:\/\/www.weberlaw.de\/de\/wp-json\/wp\/v2\/types\/page"}],"author":[{"embeddable":true,"href":"https:\/\/www.weberlaw.de\/de\/wp-json\/wp\/v2\/users\/2"}],"replies":[{"embeddable":true,"href":"https:\/\/www.weberlaw.de\/de\/wp-json\/wp\/v2\/comments?post=5"}],"version-history":[{"count":9,"href":"https:\/\/www.weberlaw.de\/de\/wp-json\/wp\/v2\/pages\/5\/revisions"}],"predecessor-version":[{"id":2773,"href":"https:\/\/www.weberlaw.de\/de\/wp-json\/wp\/v2\/pages\/5\/revisions\/2773"}],"wp:featuredmedia":[{"embeddable":true,"href":"https:\/\/www.weberlaw.de\/de\/wp-json\/wp\/v2\/media\/535"}],"wp:attachment":[{"href":"https:\/\/www.weberlaw.de\/de\/wp-json\/wp\/v2\/media?parent=5"}],"curies":[{"name":"wp","href":"https:\/\/api.w.org\/{rel}","templated":true}]}}