{"id":1748,"date":"2024-11-01T17:05:47","date_gmt":"2024-11-01T17:05:47","guid":{"rendered":"https:\/\/www.weberlaw.de\/?post_type=portfolio&#038;p=1748"},"modified":"2026-04-17T18:33:10","modified_gmt":"2026-04-17T18:33:10","slug":"deutsch-schweizer-steuerrecht","status":"publish","type":"portfolio","link":"https:\/\/www.weberlaw.de\/de\/kompetenz\/deutsch-schweizer-steuerrecht\/","title":{"rendered":"Deutsch-Schweizer Steuerrecht"},"content":{"rendered":"\n<style type=\"text\/css\" data-created_by=\"avia_inline_auto\" id=\"style-css-av-7mqw-3924e3c6e4e1144c31f6ab28f8048623\">\n.avia-section.av-7mqw-3924e3c6e4e1144c31f6ab28f8048623{\nbackground-repeat:no-repeat;\nbackground-image:url(https:\/\/www.weberlaw.de\/wp-content\/uploads\/2024\/11\/deutsch-schweizer-steuerrecht.jpg);\nbackground-position:50% 50%;\nbackground-attachment:scroll;\n}\n.avia-section.av-7mqw-3924e3c6e4e1144c31f6ab28f8048623 .av-section-color-overlay{\nopacity:0.1;\nbackground-color:#000000;\n}\n<\/style>\n<div id='av_section_1'  class='avia-section av-7mqw-3924e3c6e4e1144c31f6ab28f8048623 main_color avia-section-default avia-no-border-styling  avia-builder-el-0  el_before_av_section  avia-builder-el-first  heading-roboto avia-full-stretch avia-bg-style-scroll av-section-color-overlay-active av-minimum-height av-minimum-height-50 av-height-50  container_wrap fullsize'  data-section-bg-repeat='stretch' data-av_minimum_height_pc='50' data-av_min_height_opt='50'><div class=\"av-section-color-overlay-wrap\"><div class=\"av-section-color-overlay\"><\/div><div class='container av-section-cont-open' ><main  role=\"main\" itemprop=\"mainContentOfPage\"  class='template-page content  av-content-full alpha units'><div class='post-entry post-entry-type-page post-entry-1748'><div class='entry-content-wrapper clearfix'>\n\n<style type=\"text\/css\" data-created_by=\"avia_inline_auto\" id=\"style-css-av-ka49n3nr-9262b22eeacfccaf9476e291e74e1b85\">\n#top .av-special-heading.av-ka49n3nr-9262b22eeacfccaf9476e291e74e1b85{\npadding-bottom:10px;\ncolor:#ffffff;\nfont-size:50px;\n}\nbody .av-special-heading.av-ka49n3nr-9262b22eeacfccaf9476e291e74e1b85 .av-special-heading-tag .heading-char{\nfont-size:25px;\n}\n#top #wrap_all .av-special-heading.av-ka49n3nr-9262b22eeacfccaf9476e291e74e1b85 .av-special-heading-tag{\nfont-size:50px;\n}\n.av-special-heading.av-ka49n3nr-9262b22eeacfccaf9476e291e74e1b85 .special-heading-inner-border{\nborder-color:#ffffff;\n}\n.av-special-heading.av-ka49n3nr-9262b22eeacfccaf9476e291e74e1b85 .av-subheading{\nfont-size:15px;\n}\n\n@media only screen and (min-width: 480px) and (max-width: 767px){ \n#top #wrap_all .av-special-heading.av-ka49n3nr-9262b22eeacfccaf9476e291e74e1b85 .av-special-heading-tag{\nfont-size:0.8em;\n}\n}\n\n@media only screen and (max-width: 479px){ \n#top #wrap_all .av-special-heading.av-ka49n3nr-9262b22eeacfccaf9476e291e74e1b85 .av-special-heading-tag{\nfont-size:0.8em;\n}\n}\n<\/style>\n<div  class='av-special-heading av-ka49n3nr-9262b22eeacfccaf9476e291e74e1b85 av-special-heading-h1 custom-color-heading blockquote modern-quote modern-centered  avia-builder-el-1  avia-builder-el-no-sibling  av-inherit-size'><h1 class='av-special-heading-tag '  itemprop=\"headline\"  >Deutsch-Schweizer Steuerrecht<\/h1><div class=\"special-heading-border\"><div class=\"special-heading-inner-border\"><\/div><\/div><\/div>\n\n<\/div><\/div><\/main><!-- close content main element --><\/div><\/div><\/div><div id='av_section_2'  class='avia-section av-94qyx-7f89490e5e1cbd03b57ab941069f6126 main_color avia-section-default avia-no-border-styling  avia-builder-el-2  el_after_av_section  avia-builder-el-last  avia-bg-style-scroll container_wrap fullsize'  ><div class='container av-section-cont-open' ><div class='template-page content  av-content-full alpha units'><div class='post-entry post-entry-type-page post-entry-1748'><div class='entry-content-wrapper clearfix'>\n\n<style type=\"text\/css\" data-created_by=\"avia_inline_auto\" id=\"style-css-av-703s8-3390bc904c95ee300efd06b551eea2b2\">\n#top .av-special-heading.av-703s8-3390bc904c95ee300efd06b551eea2b2{\npadding-bottom:10px;\n}\nbody .av-special-heading.av-703s8-3390bc904c95ee300efd06b551eea2b2 .av-special-heading-tag .heading-char{\nfont-size:25px;\n}\n.av-special-heading.av-703s8-3390bc904c95ee300efd06b551eea2b2 .av-subheading{\nfont-size:15px;\n}\n<\/style>\n<div  class='av-special-heading av-703s8-3390bc904c95ee300efd06b551eea2b2 av-special-heading-h2 blockquote modern-quote modern-centered  avia-builder-el-3  el_before_av_hr  avia-builder-el-first '><h2 class='av-special-heading-tag '  itemprop=\"headline\"  >Steuerrecht Deutschland-Schweiz<\/h2><div class=\"special-heading-border\"><div class=\"special-heading-inner-border\"><\/div><\/div><\/div>\n\n<style type=\"text\/css\" data-created_by=\"avia_inline_auto\" id=\"style-css-av-k8e4jr89-fbdb95677888c7a3d5342c1037bc3a63\">\n#top .hr.av-k8e4jr89-fbdb95677888c7a3d5342c1037bc3a63{\nmargin-top:10px;\nmargin-bottom:10px;\n}\n.hr.av-k8e4jr89-fbdb95677888c7a3d5342c1037bc3a63 .hr-inner{\nwidth:50px;\nmax-width:45%;\n}\n<\/style>\n<div  class='hr av-k8e4jr89-fbdb95677888c7a3d5342c1037bc3a63 hr-custom  avia-builder-el-4  el_after_av_heading  el_before_av_one_half  hr-center hr-icon-yes'><span class='hr-inner inner-border-av-border-thin'><span class=\"hr-inner-style\"><\/span><\/span><span class='av-seperator-icon avia-iconfont avia-font-entypo-fontello' data-av_icon='\ue8c9' data-av_iconfont='entypo-fontello' ><\/span><span class='hr-inner inner-border-av-border-thin'><span class=\"hr-inner-style\"><\/span><\/span><\/div>\n\n<style type=\"text\/css\" data-created_by=\"avia_inline_auto\" id=\"style-css-av-6cc2-3eb23653b579926b77ee5ef1599341a9\">\n.flex_column.av-6cc2-3eb23653b579926b77ee5ef1599341a9{\nborder-radius:0px 0px 0px 0px;\npadding:0px 0px 0px 0px;\n}\n<\/style>\n<div  class='flex_column av-6cc2-3eb23653b579926b77ee5ef1599341a9 av_one_half  avia-builder-el-5  el_after_av_hr  el_before_av_one_half  first flex_column_div av-zero-column-padding  '     ><section  class='av_textblock_section av-2pnc-e13b734b85e5327facac80d299875f61 '   itemscope=\"itemscope\" itemtype=\"https:\/\/schema.org\/CreativeWork\" ><div class='avia_textblock'  itemprop=\"text\" ><p style=\"text-align: left;\"><strong>Beratung im Bereich des Doppelbesteuerungsabkommens (DBA) Deutschland\u2013 Schweiz:<\/strong><\/p>\n<p style=\"text-align: left;\">Das DBA Deutschland\u2013Schweiz regelt die Zuweisung von Besteuerungsrechten und dient der Vermeidung einer doppelten steuerlichen Belastung. Wir unterst\u00fctzen bei der Auslegung des Abkommens, der steuerlichen Einordnung von Eink\u00fcnften sowie bei der Abstimmung mit den Finanzbeh\u00f6rden beider Staaten.<\/p>\n<p style=\"text-align: left;\"><strong>Beratung bei Wegzug aus Deutschland in die Schweiz und aus der Schweiz in Deutschland:<\/strong><\/p>\n<p style=\"text-align: left;\">Ein Wegzug aus Deutschland in die Schweiz oder aus der Schweiz nach Deutschland wirft regelm\u00e4\u00dfig Fragen der steuerlichen Ans\u00e4ssigkeit, der Wegzugsbesteuerung und der Zuordnung von Eink\u00fcnften auf. Wir beraten bei der Planung und Umsetzung eines Wegzugs und begleiten Mandanten in streitigen Verfahren, wenn steuerliche Bewertungen angegriffen werden.<\/p>\n<p style=\"text-align: left;\"><strong>Beratung f\u00fcr Wochenaufenthalter, Grenzg\u00e4nger, Leitende Angestellte:<\/strong><\/p>\n<p style=\"text-align: left;\">Grenz\u00fcberschreitende Erwerbst\u00e4tigkeit f\u00fchrt h\u00e4ufig zu komplexen Abgrenzungsfragen hinsichtlich Ans\u00e4ssigkeit, Arbeitsortbesteuerung und Quellensteuer. Wir beraten Wochenaufenthalter, Grenzg\u00e4nger und leitende Angestellte zu ihren steuerlichen Pflichten und Gestaltungsm\u00f6glichkeiten nach deutschem und schweizerischem Recht.<\/p>\n<p style=\"text-align: left;\"><strong>Beratung im Bereich von ausl\u00e4ndischer Quellensteuer:\u00a0<\/strong><\/p>\n<p style=\"text-align: left;\">Die Schweiz erhebt auf bestimmte Eink\u00fcnfte \u2013 insbesondere Dividenden, Zinsen und Lizenzgeb\u00fchren \u2013 eine Verrechnungssteuer. Wir pr\u00fcfen Anrechnungs\u2011 und R\u00fcckerstattungsm\u00f6glichkeiten, begleiten R\u00fcckerstattungsverfahren und beraten zur optimalen Strukturierung grenz\u00fcberschreitender Kapitalanlagen.<\/p>\n<p style=\"text-align: left;\"><strong>Beratung im Erbschaft- und Schenkungsrecht in Deutschland und der Schweiz:<\/strong><\/p>\n<p style=\"text-align: left;\">Erbschaften und Schenkungen mit Bezug zur Schweiz unterliegen unterschiedlichen nationalen Regelungen und k\u00f6nnen zu Doppelbelastungen f\u00fchren. Wir beraten zur steuerlichen Behandlung, zur Anwendung des DBA\u2011Erbschaftsteuerrechts sowie zu Gestaltungsm\u00f6glichkeiten zur Vermeidung unn\u00f6tiger Steuerbelastungen.<\/p>\n<p style=\"text-align: left;\">Wir publizieren regelm\u00e4\u00dfig in den Fachzeitschriften in der Schweiz z.B. <strong><a href=\"https:\/\/steuerportal.ch\/\">SteuerRevue<\/a><\/strong> von Cosmos-Verlag AG, Schweiz Bern &#8211; nachfolgend ein kleiner Auszug &#8211; :<\/p>\n<p style=\"text-align: left;\"><strong><a href=\"https:\/\/weberlaw.de\/images\/PDF\/Umsatzsteuerliche_Organschaft_in_Deutschland_-_und_ihre_Auswirkungen_auf_Unternehmen_in_der_Schweiz.pdf\">\u201eUmsatzsteuerliche Organschaft in Deutschland \u2013 und ihre Auswirkungen auf Unternehmen in der Schweiz\u201c SteuerRevue, Schweiz, Nr. 1\/\/2019, S. 20-28 [\u2026] \u00bb<\/a><\/strong><\/p>\n<p>F\u00fcr ein pers\u00f6nliches Gespr\u00e4ch oder bei Fragestellungen k\u00f6nnen Sie mit uns <span tabindex=\"0\" role=\"button\" data-url=\"https:\/\/www.weberlaw.de\/de\/kontakt-weber-i-recht-steuern-kanzlei-ettlingen-karlsruhe\/\" aria-label=\"Kontaktformular, dadurch gelangen Sie zu www.weberlaw.de\"><strong><a href=\"https:\/\/www.weberlaw.de\/de\/kontakt-weber-i-recht-steuern-kanzlei-ettlingen-karlsruhe\/\">Kontakt<\/a><\/strong>, auch per E-Mail <a href=\"mailto:kw@weberlaw.de\"><strong>kw@weberlaw.de<\/strong><\/a>\u00a0aufnehmen<\/span>.<\/p>\n<\/div><\/section><\/div>\n<style type=\"text\/css\" data-created_by=\"avia_inline_auto\" id=\"style-css-av-3fzy-a260406e07ab3d983519404aa6c40175\">\n.flex_column.av-3fzy-a260406e07ab3d983519404aa6c40175{\nborder-radius:0px 0px 0px 0px;\npadding:0px 0px 0px 0px;\n}\n<\/style>\n<div  class='flex_column av-3fzy-a260406e07ab3d983519404aa6c40175 av_one_half  avia-builder-el-7  el_after_av_one_half  avia-builder-el-last  flex_column_div av-zero-column-padding  '     ><section  class='av_textblock_section av-2pnc-1-21420e4f5a4fb0fcacaaaacf08d1105e '   itemscope=\"itemscope\" itemtype=\"https:\/\/schema.org\/CreativeWork\" ><div class='avia_textblock'  itemprop=\"text\" ><p style=\"text-align: left;\"><strong>Umsatzsteuerberatung f\u00fcr Schweizer Unternehmen in Deutschland:<\/strong><\/p>\n<p style=\"text-align: left;\">Die umsatzsteuerliche Beratung f\u00fcr Schweizer Unternehmen, die in Deutschland t\u00e4tig werden, umfasst insbesondere die Pr\u00fcfung der umsatzsteuerlichen Registrierungspflichten, die Einordnung grenz\u00fcberschreitender Lieferungen und Dienstleistungen sowie die korrekte Umsetzung der deutschen Umsatzsteuer in der praktischen Abwicklung.<\/p>\n<p style=\"text-align: left;\"><strong>Beratung bei Betriebsst\u00e4ttenbesteuerung in Deutschland und in der Schweiz:<\/strong><\/p>\n<p style=\"text-align: left;\">Ein weiterer Schwerpunkt liegt in der Betriebsst\u00e4ttenbesteuerung in beiden Staaten. Dabei stellt sich regelm\u00e4\u00dfig die Frage, ob und unter welchen Voraussetzungen eine steuerliche Betriebsst\u00e4tte in Deutschland oder in der Schweiz entsteht, wie die Zuordnung der Eink\u00fcnfte vorzunehmen ist und welche steuerlichen Konsequenzen sich daraus ergeben. Wir begleiten sowohl die steuerliche Analyse als auch die Abstimmung mit den zust\u00e4ndigen Beh\u00f6rden und unterst\u00fctzen bei der praktischen Umsetzung der jeweiligen steuerlichen Anforderungen.<\/p>\n<p style=\"text-align: left;\"><strong>Grenz\u00fcberschreitende Steuergestaltungen in Bezug auf Deutschland und die Schweiz:<\/strong><\/p>\n<p style=\"text-align: left;\">Dar\u00fcber hinaus beraten wir zu grenz\u00fcberschreitenden Steuergestaltungen zwischen Deutschland und der Schweiz. Dies umfasst die Strukturierung von T\u00e4tigkeiten, Investitionen und Verm\u00f6gensdispositionen unter Ber\u00fccksichtigung der nationalen steuerlichen Rahmenbedingungen sowie des Doppelbesteuerungsabkommens. Ziel ist die Entwicklung rechtssicherer und steuerlich tragf\u00e4higer L\u00f6sungen, die den individuellen wirtschaftlichen Bed\u00fcrfnissen der Mandanten entsprechen.<\/p>\n<p style=\"text-align: left;\"><strong>Vertretung vor Steuerbeh\u00f6rden und Gerichten bei au\u00dfergerichtlichen und gerichtlichen Rechtsmittelverfahren sowie bei Selbstanzeigen in Deutschland und der Schweiz:<\/strong><\/p>\n<p style=\"text-align: left;\">Schlie\u00dflich vertreten wir Mandanten vor Steuerbeh\u00f6rden und Gerichten. Dies umfasst sowohl au\u00dfergerichtliche als auch gerichtliche Rechtsmittelverfahren sowie die Begleitung von Selbstanzeigen. Wir \u00fcbernehmen die Abstimmung mit den zust\u00e4ndigen Finanzbeh\u00f6rden, bereiten die erforderlichen Unterlagen vor und setzen die steuerlichen Interessen unserer Mandanten konsequent durch.<\/p>\n<p style=\"text-align: left;\">Wir publizieren regelm\u00e4\u00dfig in den Fachzeitschriften in der Schweiz z.B.\u00a0<strong><a href=\"https:\/\/steuerportal.ch\/\">SteuerRevue<\/a><\/strong>\u00a0von Cosmos-Verlag AG, Schweiz Bern \u2013 nachfolgend ein kleiner Auszug \u2013 :<\/p>\n<p style=\"text-align: left;\"><strong><a href=\"https:\/\/weberlaw.de\/images\/Abgrenzung_zwischen__153_AO_und__371_AO_in_Deutschland.pdf\">\u201eAbgrenzung zwischen Steuererkl\u00e4rungsberichtigung nach \u00a7 153 AO und Selbstanzeige nach \u00a7 371 AO in Deutschland\u201c,\u00a0 SteuerRevue, Schweiz, Nr. 10\/\/2017, S. 754-761 [\u2026] \u00bb<\/a><\/strong><\/p>\n<p>F\u00fcr ein pers\u00f6nliches Gespr\u00e4ch oder bei Fragestellungen k\u00f6nnen Sie mit uns <span tabindex=\"0\" role=\"button\" data-url=\"https:\/\/www.weberlaw.de\/de\/kontakt-weber-i-recht-steuern-kanzlei-ettlingen-karlsruhe\/\" aria-label=\"Kontaktformular, dadurch gelangen Sie zu www.weberlaw.de\"><strong><a href=\"https:\/\/www.weberlaw.de\/de\/kontakt-weber-i-recht-steuern-kanzlei-ettlingen-karlsruhe\/\">Kontakt<\/a><\/strong>, auch per E-Mail <a href=\"mailto:kw@weberlaw.de\"><strong>kw@weberlaw.de<\/strong><\/a>\u00a0aufnehmen<\/span>.<\/p>\n<\/div><\/section><\/div>\n","protected":false},"excerpt":{"rendered":"","protected":false},"author":1,"featured_media":1742,"comment_status":"closed","ping_status":"closed","template":"","meta":{"footnotes":""},"tags":[],"portfolio_entries":[7],"class_list":["post-1748","portfolio","type-portfolio","status-publish","has-post-thumbnail","hentry","portfolio_entries-kompetenzen"],"yoast_head":"<!-- This site is optimized with the Yoast SEO plugin v27.3 - https:\/\/yoast.com\/product\/yoast-seo-wordpress\/ -->\n<title>Deutsch\u2011Schweizer Steuerrecht Fachanwalt Steuerrecht Karlsruhe<\/title>\n<meta name=\"description\" content=\"Deutsch\u2011Schweizer Steuerrecht: DBA, Wegzug, Quellensteuer, Betriebsst\u00e4tten, Eink\u00fcnfte aus Vermietung und Verpachtung, Erbschaftsteuer\" \/>\n<meta name=\"robots\" content=\"index, follow, max-snippet:-1, max-image-preview:large, max-video-preview:-1\" \/>\n<link rel=\"canonical\" href=\"https:\/\/www.weberlaw.de\/de\/kompetenz\/deutsch-schweizer-steuerrecht\/\" \/>\n<meta property=\"og:locale\" content=\"de_DE\" \/>\n<meta property=\"og:type\" content=\"article\" \/>\n<meta property=\"og:title\" content=\"Deutsch\u2011Schweizer Steuerrecht Fachanwalt Steuerrecht Karlsruhe\" \/>\n<meta property=\"og:description\" content=\"Deutsch\u2011Schweizer Steuerrecht: DBA, Wegzug, Quellensteuer, Betriebsst\u00e4tten, Eink\u00fcnfte aus Vermietung und Verpachtung, Erbschaftsteuer\" \/>\n<meta property=\"og:url\" content=\"https:\/\/www.weberlaw.de\/de\/kompetenz\/deutsch-schweizer-steuerrecht\/\" \/>\n<meta property=\"og:site_name\" content=\"Weber | Recht &amp; Steuern\" \/>\n<meta property=\"article:modified_time\" content=\"2026-04-17T18:33:10+00:00\" \/>\n<meta property=\"og:image\" content=\"https:\/\/www.weberlaw.de\/wp-content\/uploads\/2024\/11\/deutsch-schweizer-steuerrecht.jpg\" \/>\n\t<meta property=\"og:image:width\" content=\"800\" \/>\n\t<meta property=\"og:image:height\" content=\"532\" \/>\n\t<meta property=\"og:image:type\" content=\"image\/jpeg\" \/>\n<meta name=\"twitter:card\" content=\"summary_large_image\" \/>\n<meta name=\"twitter:label1\" content=\"Gesch\u00e4tzte Lesezeit\" \/>\n\t<meta name=\"twitter:data1\" content=\"4\u00a0Minuten\" \/>\n<script type=\"application\/ld+json\" class=\"yoast-schema-graph\">{\"@context\":\"https:\\\/\\\/schema.org\",\"@graph\":[{\"@type\":\"WebPage\",\"@id\":\"https:\\\/\\\/www.weberlaw.de\\\/de\\\/kompetenz\\\/deutsch-schweizer-steuerrecht\\\/\",\"url\":\"https:\\\/\\\/www.weberlaw.de\\\/de\\\/kompetenz\\\/deutsch-schweizer-steuerrecht\\\/\",\"name\":\"Deutsch\u2011Schweizer Steuerrecht Fachanwalt Steuerrecht Karlsruhe\",\"isPartOf\":{\"@id\":\"https:\\\/\\\/www.weberlaw.de\\\/de\\\/#website\"},\"primaryImageOfPage\":{\"@id\":\"https:\\\/\\\/www.weberlaw.de\\\/de\\\/kompetenz\\\/deutsch-schweizer-steuerrecht\\\/#primaryimage\"},\"image\":{\"@id\":\"https:\\\/\\\/www.weberlaw.de\\\/de\\\/kompetenz\\\/deutsch-schweizer-steuerrecht\\\/#primaryimage\"},\"thumbnailUrl\":\"https:\\\/\\\/www.weberlaw.de\\\/wp-content\\\/uploads\\\/2024\\\/11\\\/deutsch-schweizer-steuerrecht.jpg\",\"datePublished\":\"2024-11-01T17:05:47+00:00\",\"dateModified\":\"2026-04-17T18:33:10+00:00\",\"description\":\"Deutsch\u2011Schweizer Steuerrecht: DBA, Wegzug, Quellensteuer, Betriebsst\u00e4tten, Eink\u00fcnfte aus Vermietung und Verpachtung, Erbschaftsteuer\",\"breadcrumb\":{\"@id\":\"https:\\\/\\\/www.weberlaw.de\\\/de\\\/kompetenz\\\/deutsch-schweizer-steuerrecht\\\/#breadcrumb\"},\"inLanguage\":\"de\",\"potentialAction\":[{\"@type\":\"ReadAction\",\"target\":[\"https:\\\/\\\/www.weberlaw.de\\\/de\\\/kompetenz\\\/deutsch-schweizer-steuerrecht\\\/\"]}]},{\"@type\":\"ImageObject\",\"inLanguage\":\"de\",\"@id\":\"https:\\\/\\\/www.weberlaw.de\\\/de\\\/kompetenz\\\/deutsch-schweizer-steuerrecht\\\/#primaryimage\",\"url\":\"https:\\\/\\\/www.weberlaw.de\\\/wp-content\\\/uploads\\\/2024\\\/11\\\/deutsch-schweizer-steuerrecht.jpg\",\"contentUrl\":\"https:\\\/\\\/www.weberlaw.de\\\/wp-content\\\/uploads\\\/2024\\\/11\\\/deutsch-schweizer-steuerrecht.jpg\",\"width\":800,\"height\":532,\"caption\":\"Deutsch-Schweizer Steuerrecht\"},{\"@type\":\"BreadcrumbList\",\"@id\":\"https:\\\/\\\/www.weberlaw.de\\\/de\\\/kompetenz\\\/deutsch-schweizer-steuerrecht\\\/#breadcrumb\",\"itemListElement\":[{\"@type\":\"ListItem\",\"position\":1,\"name\":\"Kanzlei f\u00fcr Recht &amp; Steuern\",\"item\":\"https:\\\/\\\/www.weberlaw.de\\\/de\\\/fachanwalt-fuer-steuerrecht-in-karlsruhe-ettlingen-kanzlei-weber\\\/\"},{\"@type\":\"ListItem\",\"position\":2,\"name\":\"Deutsch-Schweizer Steuerrecht\"}]},{\"@type\":\"WebSite\",\"@id\":\"https:\\\/\\\/www.weberlaw.de\\\/de\\\/#website\",\"url\":\"https:\\\/\\\/www.weberlaw.de\\\/de\\\/\",\"name\":\"Weber | Recht &amp; Steuern\",\"description\":\"Kanzlei f\u00fcr Wirtschafts- und Steuerrecht\",\"publisher\":{\"@id\":\"https:\\\/\\\/www.weberlaw.de\\\/de\\\/#organization\"},\"potentialAction\":[{\"@type\":\"SearchAction\",\"target\":{\"@type\":\"EntryPoint\",\"urlTemplate\":\"https:\\\/\\\/www.weberlaw.de\\\/de\\\/?s={search_term_string}\"},\"query-input\":{\"@type\":\"PropertyValueSpecification\",\"valueRequired\":true,\"valueName\":\"search_term_string\"}}],\"inLanguage\":\"de\"},{\"@type\":\"Organization\",\"@id\":\"https:\\\/\\\/www.weberlaw.de\\\/de\\\/#organization\",\"name\":\"Weber Recht & Steuern Kanzlei\",\"url\":\"https:\\\/\\\/www.weberlaw.de\\\/de\\\/\",\"logo\":{\"@type\":\"ImageObject\",\"inLanguage\":\"de\",\"@id\":\"https:\\\/\\\/www.weberlaw.de\\\/de\\\/#\\\/schema\\\/logo\\\/image\\\/\",\"url\":\"https:\\\/\\\/www.weberlaw.de\\\/wp-content\\\/uploads\\\/2020\\\/05\\\/weber-recht-steuern-karlsruhe-baden-baden-3.png\",\"contentUrl\":\"https:\\\/\\\/www.weberlaw.de\\\/wp-content\\\/uploads\\\/2020\\\/05\\\/weber-recht-steuern-karlsruhe-baden-baden-3.png\",\"width\":890,\"height\":200,\"caption\":\"Weber Recht & Steuern Kanzlei\"},\"image\":{\"@id\":\"https:\\\/\\\/www.weberlaw.de\\\/de\\\/#\\\/schema\\\/logo\\\/image\\\/\"},\"sameAs\":[\"https:\\\/\\\/de.linkedin.com\\\/in\\\/konstantinweber\"]}]}<\/script>\n<!-- \/ Yoast SEO plugin. -->","yoast_head_json":{"title":"Deutsch\u2011Schweizer Steuerrecht Fachanwalt Steuerrecht Karlsruhe","description":"Deutsch\u2011Schweizer Steuerrecht: DBA, Wegzug, Quellensteuer, Betriebsst\u00e4tten, Eink\u00fcnfte aus Vermietung und Verpachtung, Erbschaftsteuer","robots":{"index":"index","follow":"follow","max-snippet":"max-snippet:-1","max-image-preview":"max-image-preview:large","max-video-preview":"max-video-preview:-1"},"canonical":"https:\/\/www.weberlaw.de\/de\/kompetenz\/deutsch-schweizer-steuerrecht\/","og_locale":"de_DE","og_type":"article","og_title":"Deutsch\u2011Schweizer Steuerrecht Fachanwalt Steuerrecht Karlsruhe","og_description":"Deutsch\u2011Schweizer Steuerrecht: DBA, Wegzug, Quellensteuer, Betriebsst\u00e4tten, Eink\u00fcnfte aus Vermietung und Verpachtung, Erbschaftsteuer","og_url":"https:\/\/www.weberlaw.de\/de\/kompetenz\/deutsch-schweizer-steuerrecht\/","og_site_name":"Weber | Recht &amp; Steuern","article_modified_time":"2026-04-17T18:33:10+00:00","og_image":[{"width":800,"height":532,"url":"https:\/\/www.weberlaw.de\/wp-content\/uploads\/2024\/11\/deutsch-schweizer-steuerrecht.jpg","type":"image\/jpeg"}],"twitter_card":"summary_large_image","twitter_misc":{"Gesch\u00e4tzte Lesezeit":"4\u00a0Minuten"},"schema":{"@context":"https:\/\/schema.org","@graph":[{"@type":"WebPage","@id":"https:\/\/www.weberlaw.de\/de\/kompetenz\/deutsch-schweizer-steuerrecht\/","url":"https:\/\/www.weberlaw.de\/de\/kompetenz\/deutsch-schweizer-steuerrecht\/","name":"Deutsch\u2011Schweizer Steuerrecht Fachanwalt Steuerrecht Karlsruhe","isPartOf":{"@id":"https:\/\/www.weberlaw.de\/de\/#website"},"primaryImageOfPage":{"@id":"https:\/\/www.weberlaw.de\/de\/kompetenz\/deutsch-schweizer-steuerrecht\/#primaryimage"},"image":{"@id":"https:\/\/www.weberlaw.de\/de\/kompetenz\/deutsch-schweizer-steuerrecht\/#primaryimage"},"thumbnailUrl":"https:\/\/www.weberlaw.de\/wp-content\/uploads\/2024\/11\/deutsch-schweizer-steuerrecht.jpg","datePublished":"2024-11-01T17:05:47+00:00","dateModified":"2026-04-17T18:33:10+00:00","description":"Deutsch\u2011Schweizer Steuerrecht: DBA, Wegzug, Quellensteuer, Betriebsst\u00e4tten, Eink\u00fcnfte aus Vermietung und Verpachtung, Erbschaftsteuer","breadcrumb":{"@id":"https:\/\/www.weberlaw.de\/de\/kompetenz\/deutsch-schweizer-steuerrecht\/#breadcrumb"},"inLanguage":"de","potentialAction":[{"@type":"ReadAction","target":["https:\/\/www.weberlaw.de\/de\/kompetenz\/deutsch-schweizer-steuerrecht\/"]}]},{"@type":"ImageObject","inLanguage":"de","@id":"https:\/\/www.weberlaw.de\/de\/kompetenz\/deutsch-schweizer-steuerrecht\/#primaryimage","url":"https:\/\/www.weberlaw.de\/wp-content\/uploads\/2024\/11\/deutsch-schweizer-steuerrecht.jpg","contentUrl":"https:\/\/www.weberlaw.de\/wp-content\/uploads\/2024\/11\/deutsch-schweizer-steuerrecht.jpg","width":800,"height":532,"caption":"Deutsch-Schweizer Steuerrecht"},{"@type":"BreadcrumbList","@id":"https:\/\/www.weberlaw.de\/de\/kompetenz\/deutsch-schweizer-steuerrecht\/#breadcrumb","itemListElement":[{"@type":"ListItem","position":1,"name":"Kanzlei f\u00fcr Recht &amp; Steuern","item":"https:\/\/www.weberlaw.de\/de\/fachanwalt-fuer-steuerrecht-in-karlsruhe-ettlingen-kanzlei-weber\/"},{"@type":"ListItem","position":2,"name":"Deutsch-Schweizer Steuerrecht"}]},{"@type":"WebSite","@id":"https:\/\/www.weberlaw.de\/de\/#website","url":"https:\/\/www.weberlaw.de\/de\/","name":"Weber | Recht &amp; Steuern","description":"Kanzlei f\u00fcr Wirtschafts- und Steuerrecht","publisher":{"@id":"https:\/\/www.weberlaw.de\/de\/#organization"},"potentialAction":[{"@type":"SearchAction","target":{"@type":"EntryPoint","urlTemplate":"https:\/\/www.weberlaw.de\/de\/?s={search_term_string}"},"query-input":{"@type":"PropertyValueSpecification","valueRequired":true,"valueName":"search_term_string"}}],"inLanguage":"de"},{"@type":"Organization","@id":"https:\/\/www.weberlaw.de\/de\/#organization","name":"Weber Recht & Steuern Kanzlei","url":"https:\/\/www.weberlaw.de\/de\/","logo":{"@type":"ImageObject","inLanguage":"de","@id":"https:\/\/www.weberlaw.de\/de\/#\/schema\/logo\/image\/","url":"https:\/\/www.weberlaw.de\/wp-content\/uploads\/2020\/05\/weber-recht-steuern-karlsruhe-baden-baden-3.png","contentUrl":"https:\/\/www.weberlaw.de\/wp-content\/uploads\/2020\/05\/weber-recht-steuern-karlsruhe-baden-baden-3.png","width":890,"height":200,"caption":"Weber Recht & Steuern Kanzlei"},"image":{"@id":"https:\/\/www.weberlaw.de\/de\/#\/schema\/logo\/image\/"},"sameAs":["https:\/\/de.linkedin.com\/in\/konstantinweber"]}]}},"_links":{"self":[{"href":"https:\/\/www.weberlaw.de\/de\/wp-json\/wp\/v2\/portfolio\/1748","targetHints":{"allow":["GET"]}}],"collection":[{"href":"https:\/\/www.weberlaw.de\/de\/wp-json\/wp\/v2\/portfolio"}],"about":[{"href":"https:\/\/www.weberlaw.de\/de\/wp-json\/wp\/v2\/types\/portfolio"}],"author":[{"embeddable":true,"href":"https:\/\/www.weberlaw.de\/de\/wp-json\/wp\/v2\/users\/1"}],"replies":[{"embeddable":true,"href":"https:\/\/www.weberlaw.de\/de\/wp-json\/wp\/v2\/comments?post=1748"}],"version-history":[{"count":12,"href":"https:\/\/www.weberlaw.de\/de\/wp-json\/wp\/v2\/portfolio\/1748\/revisions"}],"predecessor-version":[{"id":2958,"href":"https:\/\/www.weberlaw.de\/de\/wp-json\/wp\/v2\/portfolio\/1748\/revisions\/2958"}],"wp:featuredmedia":[{"embeddable":true,"href":"https:\/\/www.weberlaw.de\/de\/wp-json\/wp\/v2\/media\/1742"}],"wp:attachment":[{"href":"https:\/\/www.weberlaw.de\/de\/wp-json\/wp\/v2\/media?parent=1748"}],"wp:term":[{"taxonomy":"post_tag","embeddable":true,"href":"https:\/\/www.weberlaw.de\/de\/wp-json\/wp\/v2\/tags?post=1748"},{"taxonomy":"portfolio_entries","embeddable":true,"href":"https:\/\/www.weberlaw.de\/de\/wp-json\/wp\/v2\/portfolio_entries?post=1748"}],"curies":[{"name":"wp","href":"https:\/\/api.w.org\/{rel}","templated":true}]}}