{"id":216,"date":"2024-11-01T17:03:49","date_gmt":"2024-11-01T17:03:49","guid":{"rendered":"http:\/\/beta.weberlaw.de\/portfolio-item\/steuerrecht\/"},"modified":"2024-11-30T15:02:19","modified_gmt":"2024-11-30T15:02:19","slug":"steuerrecht","status":"publish","type":"portfolio","link":"https:\/\/www.weberlaw.de\/de\/kompetenz\/steuerrecht\/","title":{"rendered":"Steuerrecht"},"content":{"rendered":"\n<style type=\"text\/css\" data-created_by=\"avia_inline_auto\" id=\"style-css-av-7mqw-ec1ea7f36daec5c09e98da3feb541e21\">\n.avia-section.av-7mqw-ec1ea7f36daec5c09e98da3feb541e21{\nbackground-repeat:no-repeat;\nbackground-image:url(https:\/\/www.weberlaw.de\/wp-content\/uploads\/2020\/03\/panthermedia_B193773850_800x534.jpg);\nbackground-position:50% 50%;\nbackground-attachment:scroll;\n}\n.avia-section.av-7mqw-ec1ea7f36daec5c09e98da3feb541e21 .av-section-color-overlay{\nopacity:0.1;\nbackground-color:#000000;\n}\n<\/style>\n<div id='av_section_1'  class='avia-section av-7mqw-ec1ea7f36daec5c09e98da3feb541e21 main_color avia-section-default avia-no-border-styling  avia-builder-el-0  el_before_av_section  avia-builder-el-first  heading-roboto avia-full-stretch avia-bg-style-scroll av-section-color-overlay-active av-minimum-height av-minimum-height-50 av-height-50  container_wrap fullsize'  data-section-bg-repeat='stretch' data-av_minimum_height_pc='50' data-av_min_height_opt='50'><div class=\"av-section-color-overlay-wrap\"><div class=\"av-section-color-overlay\"><\/div><div class='container av-section-cont-open' ><main  role=\"main\" itemprop=\"mainContentOfPage\"  class='template-page content  av-content-full alpha units'><div class='post-entry post-entry-type-page post-entry-216'><div class='entry-content-wrapper clearfix'>\n\n<style type=\"text\/css\" data-created_by=\"avia_inline_auto\" id=\"style-css-av-ka49n3nr-7079111a5fa8ce5a2d44b2a065a3e300\">\n#top .av-special-heading.av-ka49n3nr-7079111a5fa8ce5a2d44b2a065a3e300{\npadding-bottom:10px;\ncolor:#ffffff;\nfont-size:50px;\n}\nbody .av-special-heading.av-ka49n3nr-7079111a5fa8ce5a2d44b2a065a3e300 .av-special-heading-tag .heading-char{\nfont-size:25px;\n}\n#top #wrap_all .av-special-heading.av-ka49n3nr-7079111a5fa8ce5a2d44b2a065a3e300 .av-special-heading-tag{\nfont-size:50px;\n}\n.av-special-heading.av-ka49n3nr-7079111a5fa8ce5a2d44b2a065a3e300 .special-heading-inner-border{\nborder-color:#ffffff;\n}\n.av-special-heading.av-ka49n3nr-7079111a5fa8ce5a2d44b2a065a3e300 .av-subheading{\nfont-size:15px;\n}\n\n@media only screen and (min-width: 480px) and (max-width: 767px){ \n#top #wrap_all .av-special-heading.av-ka49n3nr-7079111a5fa8ce5a2d44b2a065a3e300 .av-special-heading-tag{\nfont-size:0.8em;\n}\n}\n\n@media only screen and (max-width: 479px){ \n#top #wrap_all .av-special-heading.av-ka49n3nr-7079111a5fa8ce5a2d44b2a065a3e300 .av-special-heading-tag{\nfont-size:0.8em;\n}\n}\n<\/style>\n<div  class='av-special-heading av-ka49n3nr-7079111a5fa8ce5a2d44b2a065a3e300 av-special-heading-h1 custom-color-heading blockquote modern-quote modern-centered  avia-builder-el-1  avia-builder-el-no-sibling  av-inherit-size'><h1 class='av-special-heading-tag '  itemprop=\"headline\"  >Steuerrecht <\/h1><div class=\"special-heading-border\"><div class=\"special-heading-inner-border\"><\/div><\/div><\/div>\n\n<\/div><\/div><\/main><!-- close content main element --><\/div><\/div><\/div><div id='av_section_2'  class='avia-section av-94qyx-7f89490e5e1cbd03b57ab941069f6126 main_color avia-section-default avia-no-border-styling  avia-builder-el-2  el_after_av_section  avia-builder-el-last  avia-bg-style-scroll container_wrap fullsize'  ><div class='container av-section-cont-open' ><div class='template-page content  av-content-full alpha units'><div class='post-entry post-entry-type-page post-entry-216'><div class='entry-content-wrapper clearfix'>\n\n<style type=\"text\/css\" data-created_by=\"avia_inline_auto\" id=\"style-css-av-av_heading-021dc41368e100be7d8c42a169ec1adc\">\n#top .av-special-heading.av-av_heading-021dc41368e100be7d8c42a169ec1adc{\npadding-bottom:10px;\n}\nbody .av-special-heading.av-av_heading-021dc41368e100be7d8c42a169ec1adc .av-special-heading-tag .heading-char{\nfont-size:25px;\n}\n.av-special-heading.av-av_heading-021dc41368e100be7d8c42a169ec1adc .av-subheading{\nfont-size:15px;\n}\n<\/style>\n<div  class='av-special-heading av-av_heading-021dc41368e100be7d8c42a169ec1adc av-special-heading-h2 blockquote modern-quote modern-centered  avia-builder-el-3  el_before_av_hr  avia-builder-el-first '><h2 class='av-special-heading-tag '  itemprop=\"headline\"  >Steuerrecht und internationales Steuerrecht<\/h2><div class=\"special-heading-border\"><div class=\"special-heading-inner-border\"><\/div><\/div><\/div>\n\n<style type=\"text\/css\" data-created_by=\"avia_inline_auto\" id=\"style-css-av-k8e4jr89-fbdb95677888c7a3d5342c1037bc3a63\">\n#top .hr.av-k8e4jr89-fbdb95677888c7a3d5342c1037bc3a63{\nmargin-top:10px;\nmargin-bottom:10px;\n}\n.hr.av-k8e4jr89-fbdb95677888c7a3d5342c1037bc3a63 .hr-inner{\nwidth:50px;\nmax-width:45%;\n}\n<\/style>\n<div  class='hr av-k8e4jr89-fbdb95677888c7a3d5342c1037bc3a63 hr-custom  avia-builder-el-4  el_after_av_heading  el_before_av_one_half  hr-center hr-icon-yes'><span class='hr-inner inner-border-av-border-thin'><span class=\"hr-inner-style\"><\/span><\/span><span class='av-seperator-icon avia-iconfont avia-font-entypo-fontello' data-av_icon='\ue8c9' data-av_iconfont='entypo-fontello' ><\/span><span class='hr-inner inner-border-av-border-thin'><span class=\"hr-inner-style\"><\/span><\/span><\/div>\n\n<style type=\"text\/css\" data-created_by=\"avia_inline_auto\" id=\"style-css-av-6cc2-3eb23653b579926b77ee5ef1599341a9\">\n.flex_column.av-6cc2-3eb23653b579926b77ee5ef1599341a9{\nborder-radius:0px 0px 0px 0px;\npadding:0px 0px 0px 0px;\n}\n<\/style>\n<div  class='flex_column av-6cc2-3eb23653b579926b77ee5ef1599341a9 av_one_half  avia-builder-el-5  el_after_av_hr  el_before_av_one_half  first flex_column_div av-zero-column-padding  '     ><section  class='av_textblock_section av-2pnc-e103d35e767307d565ab276127fb3572 '   itemscope=\"itemscope\" itemtype=\"https:\/\/schema.org\/CreativeWork\" ><div class='avia_textblock'  itemprop=\"text\" ><p>Aber auch im klassischen Steuerrecht und internationalen Steuerrecht beraten wir unsere Mandanten. Die globale Wirtschaft betrifft heutzutage nicht nur gro\u00dfe Unternehmen, sondern auch mittelst\u00e4ndische und kleine Unternehmen. Alle diese Unternehmen &#8211; unabh\u00e4ngig von ihrer Gr\u00f6\u00dfe &#8211; m\u00fcssen sich der steuerlichen Regelungen im In- und Ausland stellen.<\/p>\n<p>Hier setzen wir unser Know-how im Bereich des internationalen Steuerrechts f\u00fcr Unternehmen verschiedener Gr\u00f6\u00dfen und Privatpersonen ein.<\/p>\n<\/div><\/section><\/div>\n<style type=\"text\/css\" data-created_by=\"avia_inline_auto\" id=\"style-css-av-3fzy-a260406e07ab3d983519404aa6c40175\">\n.flex_column.av-3fzy-a260406e07ab3d983519404aa6c40175{\nborder-radius:0px 0px 0px 0px;\npadding:0px 0px 0px 0px;\n}\n<\/style>\n<div  class='flex_column av-3fzy-a260406e07ab3d983519404aa6c40175 av_one_half  avia-builder-el-7  el_after_av_one_half  avia-builder-el-last  flex_column_div av-zero-column-padding  '     ><section  class='av_textblock_section av-2pnc-e103d35e767307d565ab276127fb3572 '   itemscope=\"itemscope\" itemtype=\"https:\/\/schema.org\/CreativeWork\" ><div class='avia_textblock'  itemprop=\"text\" ><p>Wir beraten unsere Mandanten bei der Anwendung und Auslegung der Doppelbesteuerungsabkommen (insbesondere zur Vermeidung der Doppelbesteuerung usw.) zwischen verschiedenen Staaten, bei der steuerlichen Gestaltung ausl\u00e4ndischer Investitionen in Deutschland und deutscher Investitionen im Ausland.<\/p>\n<\/div><\/section><\/div>\n","protected":false},"excerpt":{"rendered":"","protected":false},"author":1,"featured_media":80,"comment_status":"closed","ping_status":"closed","template":"","meta":{"footnotes":""},"tags":[],"portfolio_entries":[7],"class_list":["post-216","portfolio","type-portfolio","status-publish","has-post-thumbnail","hentry","portfolio_entries-kompetenzen"],"yoast_head":"<!-- This site is optimized with the Yoast SEO plugin v27.3 - https:\/\/yoast.com\/product\/yoast-seo-wordpress\/ -->\n<title>Steuerrecht - Weber | Recht &amp; Steuern<\/title>\n<meta name=\"robots\" content=\"index, follow, max-snippet:-1, max-image-preview:large, max-video-preview:-1\" \/>\n<link rel=\"canonical\" href=\"https:\/\/www.weberlaw.de\/de\/kompetenz\/steuerrecht\/\" \/>\n<meta property=\"og:locale\" content=\"de_DE\" \/>\n<meta property=\"og:type\" content=\"article\" \/>\n<meta property=\"og:title\" content=\"Steuerrecht - Weber | Recht &amp; Steuern\" \/>\n<meta property=\"og:url\" content=\"https:\/\/www.weberlaw.de\/de\/kompetenz\/steuerrecht\/\" \/>\n<meta property=\"og:site_name\" content=\"Weber | Recht &amp; Steuern\" \/>\n<meta property=\"article:modified_time\" content=\"2024-11-30T15:02:19+00:00\" \/>\n<meta property=\"og:image\" content=\"https:\/\/www.weberlaw.de\/wp-content\/uploads\/2020\/03\/panthermedia_B193773850_800x534.jpg\" \/>\n\t<meta property=\"og:image:width\" content=\"800\" \/>\n\t<meta property=\"og:image:height\" content=\"534\" \/>\n\t<meta property=\"og:image:type\" content=\"image\/jpeg\" \/>\n<meta name=\"twitter:card\" content=\"summary_large_image\" \/>\n<meta name=\"twitter:label1\" content=\"Gesch\u00e4tzte Lesezeit\" \/>\n\t<meta name=\"twitter:data1\" content=\"4\u00a0Minuten\" \/>\n<script type=\"application\/ld+json\" class=\"yoast-schema-graph\">{\"@context\":\"https:\\\/\\\/schema.org\",\"@graph\":[{\"@type\":\"WebPage\",\"@id\":\"https:\\\/\\\/www.weberlaw.de\\\/de\\\/kompetenz\\\/steuerrecht\\\/\",\"url\":\"https:\\\/\\\/www.weberlaw.de\\\/de\\\/kompetenz\\\/steuerrecht\\\/\",\"name\":\"Steuerrecht - Weber | Recht &amp; Steuern\",\"isPartOf\":{\"@id\":\"https:\\\/\\\/www.weberlaw.de\\\/de\\\/#website\"},\"primaryImageOfPage\":{\"@id\":\"https:\\\/\\\/www.weberlaw.de\\\/de\\\/kompetenz\\\/steuerrecht\\\/#primaryimage\"},\"image\":{\"@id\":\"https:\\\/\\\/www.weberlaw.de\\\/de\\\/kompetenz\\\/steuerrecht\\\/#primaryimage\"},\"thumbnailUrl\":\"https:\\\/\\\/www.weberlaw.de\\\/wp-content\\\/uploads\\\/2020\\\/03\\\/panthermedia_B193773850_800x534.jpg\",\"datePublished\":\"2024-11-01T17:03:49+00:00\",\"dateModified\":\"2024-11-30T15:02:19+00:00\",\"breadcrumb\":{\"@id\":\"https:\\\/\\\/www.weberlaw.de\\\/de\\\/kompetenz\\\/steuerrecht\\\/#breadcrumb\"},\"inLanguage\":\"de\",\"potentialAction\":[{\"@type\":\"ReadAction\",\"target\":[\"https:\\\/\\\/www.weberlaw.de\\\/de\\\/kompetenz\\\/steuerrecht\\\/\"]}]},{\"@type\":\"ImageObject\",\"inLanguage\":\"de\",\"@id\":\"https:\\\/\\\/www.weberlaw.de\\\/de\\\/kompetenz\\\/steuerrecht\\\/#primaryimage\",\"url\":\"https:\\\/\\\/www.weberlaw.de\\\/wp-content\\\/uploads\\\/2020\\\/03\\\/panthermedia_B193773850_800x534.jpg\",\"contentUrl\":\"https:\\\/\\\/www.weberlaw.de\\\/wp-content\\\/uploads\\\/2020\\\/03\\\/panthermedia_B193773850_800x534.jpg\",\"width\":800,\"height\":534,\"caption\":\"Steuerrecht\"},{\"@type\":\"BreadcrumbList\",\"@id\":\"https:\\\/\\\/www.weberlaw.de\\\/de\\\/kompetenz\\\/steuerrecht\\\/#breadcrumb\",\"itemListElement\":[{\"@type\":\"ListItem\",\"position\":1,\"name\":\"Kanzlei f\u00fcr Recht &amp; Steuern\",\"item\":\"https:\\\/\\\/www.weberlaw.de\\\/de\\\/fachanwalt-fuer-steuerrecht-in-karlsruhe-ettlingen-kanzlei-weber\\\/\"},{\"@type\":\"ListItem\",\"position\":2,\"name\":\"Steuerrecht\"}]},{\"@type\":\"WebSite\",\"@id\":\"https:\\\/\\\/www.weberlaw.de\\\/de\\\/#website\",\"url\":\"https:\\\/\\\/www.weberlaw.de\\\/de\\\/\",\"name\":\"Weber | Recht &amp; Steuern\",\"description\":\"Kanzlei f\u00fcr Wirtschafts- und Steuerrecht\",\"publisher\":{\"@id\":\"https:\\\/\\\/www.weberlaw.de\\\/de\\\/#organization\"},\"potentialAction\":[{\"@type\":\"SearchAction\",\"target\":{\"@type\":\"EntryPoint\",\"urlTemplate\":\"https:\\\/\\\/www.weberlaw.de\\\/de\\\/?s={search_term_string}\"},\"query-input\":{\"@type\":\"PropertyValueSpecification\",\"valueRequired\":true,\"valueName\":\"search_term_string\"}}],\"inLanguage\":\"de\"},{\"@type\":\"Organization\",\"@id\":\"https:\\\/\\\/www.weberlaw.de\\\/de\\\/#organization\",\"name\":\"Weber Recht & Steuern Kanzlei\",\"url\":\"https:\\\/\\\/www.weberlaw.de\\\/de\\\/\",\"logo\":{\"@type\":\"ImageObject\",\"inLanguage\":\"de\",\"@id\":\"https:\\\/\\\/www.weberlaw.de\\\/de\\\/#\\\/schema\\\/logo\\\/image\\\/\",\"url\":\"https:\\\/\\\/www.weberlaw.de\\\/wp-content\\\/uploads\\\/2020\\\/05\\\/weber-recht-steuern-karlsruhe-baden-baden-3.png\",\"contentUrl\":\"https:\\\/\\\/www.weberlaw.de\\\/wp-content\\\/uploads\\\/2020\\\/05\\\/weber-recht-steuern-karlsruhe-baden-baden-3.png\",\"width\":890,\"height\":200,\"caption\":\"Weber Recht & Steuern Kanzlei\"},\"image\":{\"@id\":\"https:\\\/\\\/www.weberlaw.de\\\/de\\\/#\\\/schema\\\/logo\\\/image\\\/\"},\"sameAs\":[\"https:\\\/\\\/de.linkedin.com\\\/in\\\/konstantinweber\"]}]}<\/script>\n<!-- \/ Yoast SEO plugin. -->","yoast_head_json":{"title":"Steuerrecht - Weber | Recht &amp; Steuern","robots":{"index":"index","follow":"follow","max-snippet":"max-snippet:-1","max-image-preview":"max-image-preview:large","max-video-preview":"max-video-preview:-1"},"canonical":"https:\/\/www.weberlaw.de\/de\/kompetenz\/steuerrecht\/","og_locale":"de_DE","og_type":"article","og_title":"Steuerrecht - Weber | Recht &amp; Steuern","og_url":"https:\/\/www.weberlaw.de\/de\/kompetenz\/steuerrecht\/","og_site_name":"Weber | Recht &amp; Steuern","article_modified_time":"2024-11-30T15:02:19+00:00","og_image":[{"width":800,"height":534,"url":"https:\/\/www.weberlaw.de\/wp-content\/uploads\/2020\/03\/panthermedia_B193773850_800x534.jpg","type":"image\/jpeg"}],"twitter_card":"summary_large_image","twitter_misc":{"Gesch\u00e4tzte Lesezeit":"4\u00a0Minuten"},"schema":{"@context":"https:\/\/schema.org","@graph":[{"@type":"WebPage","@id":"https:\/\/www.weberlaw.de\/de\/kompetenz\/steuerrecht\/","url":"https:\/\/www.weberlaw.de\/de\/kompetenz\/steuerrecht\/","name":"Steuerrecht - Weber | Recht &amp; Steuern","isPartOf":{"@id":"https:\/\/www.weberlaw.de\/de\/#website"},"primaryImageOfPage":{"@id":"https:\/\/www.weberlaw.de\/de\/kompetenz\/steuerrecht\/#primaryimage"},"image":{"@id":"https:\/\/www.weberlaw.de\/de\/kompetenz\/steuerrecht\/#primaryimage"},"thumbnailUrl":"https:\/\/www.weberlaw.de\/wp-content\/uploads\/2020\/03\/panthermedia_B193773850_800x534.jpg","datePublished":"2024-11-01T17:03:49+00:00","dateModified":"2024-11-30T15:02:19+00:00","breadcrumb":{"@id":"https:\/\/www.weberlaw.de\/de\/kompetenz\/steuerrecht\/#breadcrumb"},"inLanguage":"de","potentialAction":[{"@type":"ReadAction","target":["https:\/\/www.weberlaw.de\/de\/kompetenz\/steuerrecht\/"]}]},{"@type":"ImageObject","inLanguage":"de","@id":"https:\/\/www.weberlaw.de\/de\/kompetenz\/steuerrecht\/#primaryimage","url":"https:\/\/www.weberlaw.de\/wp-content\/uploads\/2020\/03\/panthermedia_B193773850_800x534.jpg","contentUrl":"https:\/\/www.weberlaw.de\/wp-content\/uploads\/2020\/03\/panthermedia_B193773850_800x534.jpg","width":800,"height":534,"caption":"Steuerrecht"},{"@type":"BreadcrumbList","@id":"https:\/\/www.weberlaw.de\/de\/kompetenz\/steuerrecht\/#breadcrumb","itemListElement":[{"@type":"ListItem","position":1,"name":"Kanzlei f\u00fcr Recht &amp; Steuern","item":"https:\/\/www.weberlaw.de\/de\/fachanwalt-fuer-steuerrecht-in-karlsruhe-ettlingen-kanzlei-weber\/"},{"@type":"ListItem","position":2,"name":"Steuerrecht"}]},{"@type":"WebSite","@id":"https:\/\/www.weberlaw.de\/de\/#website","url":"https:\/\/www.weberlaw.de\/de\/","name":"Weber | Recht &amp; Steuern","description":"Kanzlei f\u00fcr Wirtschafts- und Steuerrecht","publisher":{"@id":"https:\/\/www.weberlaw.de\/de\/#organization"},"potentialAction":[{"@type":"SearchAction","target":{"@type":"EntryPoint","urlTemplate":"https:\/\/www.weberlaw.de\/de\/?s={search_term_string}"},"query-input":{"@type":"PropertyValueSpecification","valueRequired":true,"valueName":"search_term_string"}}],"inLanguage":"de"},{"@type":"Organization","@id":"https:\/\/www.weberlaw.de\/de\/#organization","name":"Weber Recht & Steuern Kanzlei","url":"https:\/\/www.weberlaw.de\/de\/","logo":{"@type":"ImageObject","inLanguage":"de","@id":"https:\/\/www.weberlaw.de\/de\/#\/schema\/logo\/image\/","url":"https:\/\/www.weberlaw.de\/wp-content\/uploads\/2020\/05\/weber-recht-steuern-karlsruhe-baden-baden-3.png","contentUrl":"https:\/\/www.weberlaw.de\/wp-content\/uploads\/2020\/05\/weber-recht-steuern-karlsruhe-baden-baden-3.png","width":890,"height":200,"caption":"Weber Recht & Steuern Kanzlei"},"image":{"@id":"https:\/\/www.weberlaw.de\/de\/#\/schema\/logo\/image\/"},"sameAs":["https:\/\/de.linkedin.com\/in\/konstantinweber"]}]}},"_links":{"self":[{"href":"https:\/\/www.weberlaw.de\/de\/wp-json\/wp\/v2\/portfolio\/216","targetHints":{"allow":["GET"]}}],"collection":[{"href":"https:\/\/www.weberlaw.de\/de\/wp-json\/wp\/v2\/portfolio"}],"about":[{"href":"https:\/\/www.weberlaw.de\/de\/wp-json\/wp\/v2\/types\/portfolio"}],"author":[{"embeddable":true,"href":"https:\/\/www.weberlaw.de\/de\/wp-json\/wp\/v2\/users\/1"}],"replies":[{"embeddable":true,"href":"https:\/\/www.weberlaw.de\/de\/wp-json\/wp\/v2\/comments?post=216"}],"version-history":[{"count":9,"href":"https:\/\/www.weberlaw.de\/de\/wp-json\/wp\/v2\/portfolio\/216\/revisions"}],"predecessor-version":[{"id":419,"href":"https:\/\/www.weberlaw.de\/de\/wp-json\/wp\/v2\/portfolio\/216\/revisions\/419"}],"wp:featuredmedia":[{"embeddable":true,"href":"https:\/\/www.weberlaw.de\/de\/wp-json\/wp\/v2\/media\/80"}],"wp:attachment":[{"href":"https:\/\/www.weberlaw.de\/de\/wp-json\/wp\/v2\/media?parent=216"}],"wp:term":[{"taxonomy":"post_tag","embeddable":true,"href":"https:\/\/www.weberlaw.de\/de\/wp-json\/wp\/v2\/tags?post=216"},{"taxonomy":"portfolio_entries","embeddable":true,"href":"https:\/\/www.weberlaw.de\/de\/wp-json\/wp\/v2\/portfolio_entries?post=216"}],"curies":[{"name":"wp","href":"https:\/\/api.w.org\/{rel}","templated":true}]}}