{"id":300,"date":"2020-04-26T16:30:23","date_gmt":"2020-04-26T16:30:23","guid":{"rendered":"http:\/\/beta.weberlaw.de\/news\/"},"modified":"2024-05-17T12:50:33","modified_gmt":"2024-05-17T12:50:33","slug":"news","status":"publish","type":"page","link":"https:\/\/www.weberlaw.de\/en\/news\/","title":{"rendered":"News"},"content":{"rendered":"\n<style type=\"text\/css\" data-created_by=\"avia_inline_auto\" id=\"style-css-av-7mqw-1f18fa2de013bbca4022ae37072d9cdb\">\n.avia-section.av-7mqw-1f18fa2de013bbca4022ae37072d9cdb{\nbackground-repeat:no-repeat;\nbackground-image:url(https:\/\/www.weberlaw.de\/wp-content\/uploads\/2020\/04\/news-weber-recht-steuern.jpg);\nbackground-position:50% 50%;\nbackground-attachment:scroll;\n}\n.avia-section.av-7mqw-1f18fa2de013bbca4022ae37072d9cdb .av-section-color-overlay{\nopacity:0.1;\nbackground-color:#000000;\n}\n<\/style>\n<div id='av_section_1'  class='avia-section av-7mqw-1f18fa2de013bbca4022ae37072d9cdb main_color avia-section-default avia-no-border-styling  avia-builder-el-0  el_before_av_section  avia-builder-el-first  heading-roboto avia-full-stretch avia-bg-style-scroll av-section-color-overlay-active av-minimum-height av-minimum-height-50 av-height-50  container_wrap fullsize'  data-section-bg-repeat='stretch' data-av_minimum_height_pc='50' data-av_min_height_opt='50'><div class=\"av-section-color-overlay-wrap\"><div class=\"av-section-color-overlay\"><\/div><div class='container av-section-cont-open' ><main  role=\"main\" itemprop=\"mainContentOfPage\"  class='template-page content  av-content-full alpha units'><div class='post-entry post-entry-type-page post-entry-300'><div class='entry-content-wrapper clearfix'>\n\n<style type=\"text\/css\" data-created_by=\"avia_inline_auto\" id=\"style-css-av-ka4bfkxn-e0627c40d542d6f2f01fd7c1cad9d58c\">\n#top .av-special-heading.av-ka4bfkxn-e0627c40d542d6f2f01fd7c1cad9d58c{\npadding-bottom:10px;\ncolor:#ffffff;\nfont-size:50px;\n}\nbody .av-special-heading.av-ka4bfkxn-e0627c40d542d6f2f01fd7c1cad9d58c .av-special-heading-tag .heading-char{\nfont-size:25px;\n}\n#top #wrap_all .av-special-heading.av-ka4bfkxn-e0627c40d542d6f2f01fd7c1cad9d58c .av-special-heading-tag{\nfont-size:50px;\n}\n.av-special-heading.av-ka4bfkxn-e0627c40d542d6f2f01fd7c1cad9d58c .special-heading-inner-border{\nborder-color:#ffffff;\n}\n.av-special-heading.av-ka4bfkxn-e0627c40d542d6f2f01fd7c1cad9d58c .av-subheading{\nfont-size:15px;\n}\n\n@media only screen and (min-width: 480px) and (max-width: 767px){ \n#top #wrap_all .av-special-heading.av-ka4bfkxn-e0627c40d542d6f2f01fd7c1cad9d58c .av-special-heading-tag{\nfont-size:0.8em;\n}\n}\n\n@media only screen and (max-width: 479px){ \n#top #wrap_all .av-special-heading.av-ka4bfkxn-e0627c40d542d6f2f01fd7c1cad9d58c .av-special-heading-tag{\nfont-size:0.8em;\n}\n}\n<\/style>\n<div  class='av-special-heading av-ka4bfkxn-e0627c40d542d6f2f01fd7c1cad9d58c av-special-heading-h1 custom-color-heading blockquote modern-quote modern-centered  avia-builder-el-1  avia-builder-el-no-sibling  av-inherit-size'><h1 class='av-special-heading-tag '  itemprop=\"headline\"  >News<\/h1><div class=\"special-heading-border\"><div class=\"special-heading-inner-border\"><\/div><\/div><\/div>\n<\/div><\/div><\/main><!-- close content main element --><\/div><\/div><\/div><div id='av_section_2'  class='avia-section av-94qyx-7f89490e5e1cbd03b57ab941069f6126 main_color avia-section-default avia-no-border-styling  avia-builder-el-2  el_after_av_section  avia-builder-el-last  avia-bg-style-scroll container_wrap fullsize'  ><div class='container av-section-cont-open' ><div class='template-page content  av-content-full alpha units'><div class='post-entry post-entry-type-page post-entry-300'><div class='entry-content-wrapper clearfix'>\n\n<style type=\"text\/css\" data-created_by=\"avia_inline_auto\" id=\"style-css-av-bkfqs-2a7a8d132b3cd9b2b09bdd6b137e30df\">\n#top .av-special-heading.av-bkfqs-2a7a8d132b3cd9b2b09bdd6b137e30df{\npadding-bottom:10px;\n}\nbody .av-special-heading.av-bkfqs-2a7a8d132b3cd9b2b09bdd6b137e30df .av-special-heading-tag .heading-char{\nfont-size:25px;\n}\n.av-special-heading.av-bkfqs-2a7a8d132b3cd9b2b09bdd6b137e30df .av-subheading{\nfont-size:15px;\n}\n<\/style>\n<div  class='av-special-heading av-bkfqs-2a7a8d132b3cd9b2b09bdd6b137e30df av-special-heading-h2 blockquote modern-quote modern-centered  avia-builder-el-3  el_before_av_hr  avia-builder-el-first '><h2 class='av-special-heading-tag '  itemprop=\"headline\"  >Newsletter<\/h2><div class=\"special-heading-border\"><div class=\"special-heading-inner-border\"><\/div><\/div><\/div>\n\n<style type=\"text\/css\" data-created_by=\"avia_inline_auto\" id=\"style-css-av-k8e4jr89-d61db5a992592ee8bfa00668c140ac3f\">\n#top .hr.av-k8e4jr89-d61db5a992592ee8bfa00668c140ac3f{\nmargin-top:30px;\nmargin-bottom:30px;\n}\n.hr.av-k8e4jr89-d61db5a992592ee8bfa00668c140ac3f .hr-inner{\nwidth:50px;\nmax-width:45%;\n}\n<\/style>\n<div  class='hr av-k8e4jr89-d61db5a992592ee8bfa00668c140ac3f hr-custom  avia-builder-el-4  el_after_av_heading  el_before_av_one_full  hr-center hr-icon-yes'><span class='hr-inner inner-border-av-border-thin'><span class=\"hr-inner-style\"><\/span><\/span><span class='av-seperator-icon avia-iconfont avia-font-entypo-fontello' data-av_icon='\ue8c9' data-av_iconfont='entypo-fontello' ><\/span><span class='hr-inner inner-border-av-border-thin'><span class=\"hr-inner-style\"><\/span><\/span><\/div>\n\n<style type=\"text\/css\" data-created_by=\"avia_inline_auto\" id=\"style-css-av-6cc2-3eb23653b579926b77ee5ef1599341a9\">\n.flex_column.av-6cc2-3eb23653b579926b77ee5ef1599341a9{\nborder-radius:0px 0px 0px 0px;\npadding:0px 0px 0px 0px;\n}\n<\/style>\n<div  class='flex_column av-6cc2-3eb23653b579926b77ee5ef1599341a9 av_one_full  avia-builder-el-5  el_after_av_hr  avia-builder-el-last  first flex_column_div av-zero-column-padding  '     ><div  class='av-alb-blogposts template-blog  '  itemscope=\"itemscope\" itemtype=\"https:\/\/schema.org\/Blog\" ><article class=\"post-entry post-entry-type-standard post-entry-2932 post-loop-1 post-parity-odd single-big  post-2932 post type-post status-publish format-standard hentry category-newsletter\"  itemscope=\"itemscope\" itemtype=\"https:\/\/schema.org\/BlogPosting\" ><div class=\"blog-meta\"><\/div><div class='entry-content-wrapper clearfix standard-content'><header class=\"entry-content-header\" aria-label=\"Post: M\u00f6glichkeiten und Rechte des Kl\u00e4gers, Unt\u00e4tigkeit des Finanzgerichts [\u2026]\u00bb\"><h2 class='post-title entry-title '  itemprop=\"headline\" ><a href=\"https:\/\/www.weberlaw.de\/en\/untaetigkeit-des-finanzgerichts\/\" rel=\"bookmark\" title=\"Permanent Link: M\u00f6glichkeiten und Rechte des Kl\u00e4gers, Unt\u00e4tigkeit des Finanzgerichts [\u2026]\u00bb\">M\u00f6glichkeiten und Rechte des Kl\u00e4gers, Unt\u00e4tigkeit des Finanzgerichts [\u2026]\u00bb<span class=\"post-format-icon minor-meta\"><\/span><\/a><\/h2><span class=\"post-meta-infos\"><time class=\"date-container minor-meta updated\"  itemprop=\"datePublished\" datetime=\"2026-04-15T16:24:25+00:00\" >April 15, 2026<\/time><span class=\"text-sep\">\/<\/span><span class=\"blog-categories minor-meta\">in <a href=\"https:\/\/www.weberlaw.de\/de\/category\/newsletter\/\" rel=\"tag\">Newsletter<\/a><\/span><span class=\"text-sep\">\/<\/span><span class=\"blog-author minor-meta\">by <span class=\"entry-author-link\"  itemprop=\"author\" ><span class=\"author\"><span class=\"fn\"><a href=\"https:\/\/www.weberlaw.de\/en\/author\/weber\/\" title=\"Posts by Konstantin Weber\" rel=\"author\">Konstantin Weber<\/a><\/span><\/span><\/span><\/span><\/span><\/header><div class=\"entry-content\"  itemprop=\"text\" ><p>Unt\u00e4tigkeit des Finanzgerichts, M\u00f6glichkeiten und Rechte des Kl\u00e4gers: In finanzgerichtlichen Verfahren kommt es in der Praxis nicht selten vor, dass nach Einreichung der Klage \u00fcber einen l\u00e4ngeren Zeitraum hinweg keine erkennbare gerichtliche Aktivit\u00e4t erfolgt. F\u00fcr den Kl\u00e4ger stellt sich in derartigen Situationen die Frage, ob und wie er auf die Verfahrensdauer Einfluss nehmen kann. Finanzgerichte [&hellip;]<\/p>\n<\/div><footer class=\"entry-footer\"><\/footer><div class='post_delimiter'><\/div><\/div><div class=\"post_author_timeline\"><\/div><span class='hidden'>\n\t\t\t\t<span class='av-structured-data'  itemprop=\"image\" itemscope=\"itemscope\" itemtype=\"https:\/\/schema.org\/ImageObject\" >\n\t\t\t\t\t\t<span itemprop='url'>https:\/\/www.weberlaw.de\/wp-content\/uploads\/2024\/11\/weber-law-firm-tax-law-karlsruhe-ettlingen-2.png<\/span>\n\t\t\t\t\t\t<span itemprop='height'>0<\/span>\n\t\t\t\t\t\t<span itemprop='width'>0<\/span>\n\t\t\t\t<\/span>\n\t\t\t\t<span class='av-structured-data'  itemprop=\"publisher\" itemtype=\"https:\/\/schema.org\/Organization\" itemscope=\"itemscope\" >\n\t\t\t\t\t\t<span itemprop='name'>Konstantin Weber<\/span>\n\t\t\t\t\t\t<span itemprop='logo' itemscope itemtype='https:\/\/schema.org\/ImageObject'>\n\t\t\t\t\t\t\t<span itemprop='url'>https:\/\/www.weberlaw.de\/wp-content\/uploads\/2024\/11\/weber-law-firm-tax-law-karlsruhe-ettlingen-2.png<\/span>\n\t\t\t\t\t\t<\/span>\n\t\t\t\t<\/span><span class='av-structured-data'  itemprop=\"author\" itemscope=\"itemscope\" itemtype=\"https:\/\/schema.org\/Person\" ><span itemprop='name'>Konstantin Weber<\/span><\/span><span class='av-structured-data'  itemprop=\"datePublished\" datetime=\"2026-04-15T16:24:25+00:00\" >2026-04-15 16:24:25<\/span><span class='av-structured-data'  itemprop=\"dateModified\" itemtype=\"https:\/\/schema.org\/dateModified\" >2026-04-15 16:36:17<\/span><span class='av-structured-data'  itemprop=\"mainEntityOfPage\" itemtype=\"https:\/\/schema.org\/mainEntityOfPage\" ><span itemprop='name'>M\u00f6glichkeiten und Rechte des Kl\u00e4gers, Unt\u00e4tigkeit des Finanzgerichts [\u2026]\u00bb<\/span><\/span><\/span><\/article><article class=\"post-entry post-entry-type-standard post-entry-2804 post-loop-2 post-parity-even single-big  post-2804 post type-post status-publish format-standard hentry category-newsletter\"  itemscope=\"itemscope\" itemtype=\"https:\/\/schema.org\/BlogPosting\" ><div class=\"blog-meta\"><\/div><div class='entry-content-wrapper clearfix standard-content'><header class=\"entry-content-header\" aria-label=\"Post: Steuerbescheid Einspruch abgelehnt \u2013 und nun? [\u2026]\u00bb\"><h2 class='post-title entry-title '  itemprop=\"headline\" ><a href=\"https:\/\/www.weberlaw.de\/en\/steuerbescheid-einspruch-abgelehnt-und-nun\/\" rel=\"bookmark\" title=\"Permanent Link: Steuerbescheid Einspruch abgelehnt \u2013 und nun? [\u2026]\u00bb\">Steuerbescheid Einspruch abgelehnt \u2013 und nun? [\u2026]\u00bb<span class=\"post-format-icon minor-meta\"><\/span><\/a><\/h2><span class=\"post-meta-infos\"><time class=\"date-container minor-meta updated\"  itemprop=\"datePublished\" datetime=\"2026-04-01T17:56:38+00:00\" >April 1, 2026<\/time><span class=\"text-sep\">\/<\/span><span class=\"blog-categories minor-meta\">in <a href=\"https:\/\/www.weberlaw.de\/de\/category\/newsletter\/\" rel=\"tag\">Newsletter<\/a><\/span><span class=\"text-sep\">\/<\/span><span class=\"blog-author minor-meta\">by <span class=\"entry-author-link\"  itemprop=\"author\" ><span class=\"author\"><span class=\"fn\"><a href=\"https:\/\/www.weberlaw.de\/en\/author\/weber\/\" title=\"Posts by Konstantin Weber\" rel=\"author\">Konstantin Weber<\/a><\/span><\/span><\/span><\/span><\/span><\/header><div class=\"entry-content\"  itemprop=\"text\" ><p>Die Ablehnung eines Einspruchs durch die Finanzbeh\u00f6rde ist f\u00fcr viele Steuerpflichtige ein Einschnitt \u2013 doch sie bedeutet nicht das Ende. Jetzt beginnen Fristen zu laufen, strategische Fragen stellen sich neu und die Entscheidung f\u00fcr oder gegen eine Klage will gut abgewogen sein. Wer seine Rechte wahren und unn\u00f6tige Risiken vermeiden m\u00f6chte, sollte die n\u00e4chsten Schritte [&hellip;]<\/p>\n<\/div><footer class=\"entry-footer\"><\/footer><div class='post_delimiter'><\/div><\/div><div class=\"post_author_timeline\"><\/div><span class='hidden'>\n\t\t\t\t<span class='av-structured-data'  itemprop=\"image\" itemscope=\"itemscope\" itemtype=\"https:\/\/schema.org\/ImageObject\" >\n\t\t\t\t\t\t<span itemprop='url'>https:\/\/www.weberlaw.de\/wp-content\/uploads\/2024\/11\/weber-law-firm-tax-law-karlsruhe-ettlingen-2.png<\/span>\n\t\t\t\t\t\t<span itemprop='height'>0<\/span>\n\t\t\t\t\t\t<span itemprop='width'>0<\/span>\n\t\t\t\t<\/span>\n\t\t\t\t<span class='av-structured-data'  itemprop=\"publisher\" itemtype=\"https:\/\/schema.org\/Organization\" itemscope=\"itemscope\" >\n\t\t\t\t\t\t<span itemprop='name'>Konstantin Weber<\/span>\n\t\t\t\t\t\t<span itemprop='logo' itemscope itemtype='https:\/\/schema.org\/ImageObject'>\n\t\t\t\t\t\t\t<span itemprop='url'>https:\/\/www.weberlaw.de\/wp-content\/uploads\/2024\/11\/weber-law-firm-tax-law-karlsruhe-ettlingen-2.png<\/span>\n\t\t\t\t\t\t<\/span>\n\t\t\t\t<\/span><span class='av-structured-data'  itemprop=\"author\" itemscope=\"itemscope\" itemtype=\"https:\/\/schema.org\/Person\" ><span itemprop='name'>Konstantin Weber<\/span><\/span><span class='av-structured-data'  itemprop=\"datePublished\" datetime=\"2026-04-01T17:56:38+00:00\" >2026-04-01 17:56:38<\/span><span class='av-structured-data'  itemprop=\"dateModified\" itemtype=\"https:\/\/schema.org\/dateModified\" >2026-04-01 18:03:03<\/span><span class='av-structured-data'  itemprop=\"mainEntityOfPage\" itemtype=\"https:\/\/schema.org\/mainEntityOfPage\" ><span itemprop='name'>Steuerbescheid Einspruch abgelehnt \u2013 und nun? [\u2026]\u00bb<\/span><\/span><\/span><\/article><article class=\"post-entry post-entry-type-standard post-entry-2329 post-loop-3 post-parity-odd post-entry-last single-big  post-2329 post type-post status-publish format-standard hentry category-newsletter\"  itemscope=\"itemscope\" itemtype=\"https:\/\/schema.org\/BlogPosting\" ><div class=\"blog-meta\"><\/div><div class='entry-content-wrapper clearfix standard-content'><header class=\"entry-content-header\" aria-label=\"Post: Steuern f\u00fcr Influencer: Die gr\u00f6\u00dften Risiken im Creator\u2011Business \u2013 und wie Sie sich sch\u00fctzen [\u2026]\u00bb\"><h2 class='post-title entry-title '  itemprop=\"headline\" ><a href=\"https:\/\/www.weberlaw.de\/en\/steuern-fuer-influencer-die-groessten-risiken\/\" rel=\"bookmark\" title=\"Permanent Link: Steuern f\u00fcr Influencer: Die gr\u00f6\u00dften Risiken im Creator\u2011Business \u2013 und wie Sie sich sch\u00fctzen [\u2026]\u00bb\">Steuern f\u00fcr Influencer: Die gr\u00f6\u00dften Risiken im Creator\u2011Business \u2013 und wie Sie sich sch\u00fctzen [\u2026]\u00bb<span class=\"post-format-icon minor-meta\"><\/span><\/a><\/h2><span class=\"post-meta-infos\"><time class=\"date-container minor-meta updated\"  itemprop=\"datePublished\" datetime=\"2026-03-24T18:51:34+00:00\" >March 24, 2026<\/time><span class=\"text-sep\">\/<\/span><span class=\"blog-categories minor-meta\">in <a href=\"https:\/\/www.weberlaw.de\/de\/category\/newsletter\/\" rel=\"tag\">Newsletter<\/a><\/span><span class=\"text-sep\">\/<\/span><span class=\"blog-author minor-meta\">by <span class=\"entry-author-link\"  itemprop=\"author\" ><span class=\"author\"><span class=\"fn\"><a href=\"https:\/\/www.weberlaw.de\/en\/author\/weber\/\" title=\"Posts by Konstantin Weber\" rel=\"author\">Konstantin Weber<\/a><\/span><\/span><\/span><\/span><\/span><\/header><div class=\"entry-content\"  itemprop=\"text\" ><p>Das Influencer\u2011Business hat sich in den letzten Jahren zu einer professionellen Branche entwickelt \u2013 mit erheblichen wirtschaftlichen Ums\u00e4tzen, komplexen Vertragsstrukturen und einer zunehmend strengen steuerlichen \u00dcberwachung. Viele Creator untersch\u00e4tzen jedoch, wie schnell steuerliche Fehler zu Steuernachzahlungen, Bu\u00dfgeldern oder sogar strafrechtlichen Konsequenzen f\u00fchren k\u00f6nnen. Als Kanzlei mit Schwerpunkt Steuerrecht, Steuerstrafrecht und Compliance begleiten wir regelm\u00e4\u00dfig Influencer, [&hellip;]<\/p>\n<\/div><footer class=\"entry-footer\"><\/footer><div class='post_delimiter'><\/div><\/div><div class=\"post_author_timeline\"><\/div><span class='hidden'>\n\t\t\t\t<span class='av-structured-data'  itemprop=\"image\" itemscope=\"itemscope\" itemtype=\"https:\/\/schema.org\/ImageObject\" >\n\t\t\t\t\t\t<span itemprop='url'>https:\/\/www.weberlaw.de\/wp-content\/uploads\/2024\/11\/weber-law-firm-tax-law-karlsruhe-ettlingen-2.png<\/span>\n\t\t\t\t\t\t<span itemprop='height'>0<\/span>\n\t\t\t\t\t\t<span itemprop='width'>0<\/span>\n\t\t\t\t<\/span>\n\t\t\t\t<span class='av-structured-data'  itemprop=\"publisher\" itemtype=\"https:\/\/schema.org\/Organization\" itemscope=\"itemscope\" >\n\t\t\t\t\t\t<span itemprop='name'>Konstantin Weber<\/span>\n\t\t\t\t\t\t<span itemprop='logo' itemscope itemtype='https:\/\/schema.org\/ImageObject'>\n\t\t\t\t\t\t\t<span itemprop='url'>https:\/\/www.weberlaw.de\/wp-content\/uploads\/2024\/11\/weber-law-firm-tax-law-karlsruhe-ettlingen-2.png<\/span>\n\t\t\t\t\t\t<\/span>\n\t\t\t\t<\/span><span class='av-structured-data'  itemprop=\"author\" itemscope=\"itemscope\" itemtype=\"https:\/\/schema.org\/Person\" ><span itemprop='name'>Konstantin Weber<\/span><\/span><span class='av-structured-data'  itemprop=\"datePublished\" datetime=\"2026-03-24T18:51:34+00:00\" >2026-03-24 18:51:34<\/span><span class='av-structured-data'  itemprop=\"dateModified\" itemtype=\"https:\/\/schema.org\/dateModified\" >2026-04-01 15:45:47<\/span><span class='av-structured-data'  itemprop=\"mainEntityOfPage\" itemtype=\"https:\/\/schema.org\/mainEntityOfPage\" ><span itemprop='name'>Steuern f\u00fcr Influencer: Die gr\u00f6\u00dften Risiken im Creator\u2011Business \u2013 und wie Sie sich sch\u00fctzen [\u2026]\u00bb<\/span><\/span><\/span><\/article><div class='single-big'><nav class='pagination'><span class='pagination-meta'>Page 1 of 42<\/span><span class='current'>1<\/span><a href='https:\/\/www.weberlaw.de\/en\/wp-json\/wp\/v2\/pages\/300\/page\/2\/' class='inactive next_page' >2<\/a><a href='https:\/\/www.weberlaw.de\/en\/wp-json\/wp\/v2\/pages\/300\/page\/3\/' class='inactive' >3<\/a><a href='https:\/\/www.weberlaw.de\/en\/wp-json\/wp\/v2\/pages\/300\/page\/2\/'>&rsaquo;<\/a><a href='https:\/\/www.weberlaw.de\/en\/wp-json\/wp\/v2\/pages\/300\/page\/42\/'>&raquo;<\/a><\/nav>\n<\/div><\/div><\/div>\n<\/p>\n","protected":false},"excerpt":{"rendered":"","protected":false},"author":2,"featured_media":297,"parent":0,"menu_order":0,"comment_status":"closed","ping_status":"closed","template":"","meta":{"footnotes":""},"class_list":["post-300","page","type-page","status-publish","has-post-thumbnail","hentry"],"yoast_head":"<!-- This site is optimized with the Yoast SEO plugin v27.3 - https:\/\/yoast.com\/product\/yoast-seo-wordpress\/ -->\n<title>News - Weber | Recht &amp; Steuern<\/title>\n<meta name=\"robots\" content=\"index, follow, max-snippet:-1, max-image-preview:large, max-video-preview:-1\" \/>\n<link rel=\"canonical\" href=\"https:\/\/www.weberlaw.de\/en\/news\/\" \/>\n<meta property=\"og:locale\" content=\"en_US\" \/>\n<meta property=\"og:type\" content=\"article\" \/>\n<meta property=\"og:title\" content=\"News - Weber | Recht &amp; Steuern\" \/>\n<meta property=\"og:url\" content=\"https:\/\/www.weberlaw.de\/en\/news\/\" \/>\n<meta property=\"og:site_name\" content=\"Weber | Recht &amp; Steuern\" \/>\n<meta property=\"article:modified_time\" content=\"2024-05-17T12:50:33+00:00\" \/>\n<meta property=\"og:image\" content=\"https:\/\/www.weberlaw.de\/wp-content\/uploads\/2020\/04\/news-weber-recht-steuern.jpg\" \/>\n\t<meta property=\"og:image:width\" content=\"1920\" \/>\n\t<meta property=\"og:image:height\" content=\"1266\" \/>\n\t<meta property=\"og:image:type\" content=\"image\/jpeg\" \/>\n<meta name=\"twitter:card\" content=\"summary_large_image\" \/>\n<meta name=\"twitter:label1\" content=\"Est. reading time\" \/>\n\t<meta name=\"twitter:data1\" content=\"3 minutes\" \/>\n<script type=\"application\/ld+json\" class=\"yoast-schema-graph\">{\"@context\":\"https:\\\/\\\/schema.org\",\"@graph\":[{\"@type\":\"WebPage\",\"@id\":\"https:\\\/\\\/www.weberlaw.de\\\/en\\\/news\\\/\",\"url\":\"https:\\\/\\\/www.weberlaw.de\\\/en\\\/news\\\/\",\"name\":\"News - Weber | Recht &amp; Steuern\",\"isPartOf\":{\"@id\":\"https:\\\/\\\/www.weberlaw.de\\\/de\\\/#website\"},\"primaryImageOfPage\":{\"@id\":\"https:\\\/\\\/www.weberlaw.de\\\/en\\\/news\\\/#primaryimage\"},\"image\":{\"@id\":\"https:\\\/\\\/www.weberlaw.de\\\/en\\\/news\\\/#primaryimage\"},\"thumbnailUrl\":\"https:\\\/\\\/www.weberlaw.de\\\/wp-content\\\/uploads\\\/2020\\\/04\\\/news-weber-recht-steuern.jpg\",\"datePublished\":\"2020-04-26T16:30:23+00:00\",\"dateModified\":\"2024-05-17T12:50:33+00:00\",\"breadcrumb\":{\"@id\":\"https:\\\/\\\/www.weberlaw.de\\\/en\\\/news\\\/#breadcrumb\"},\"inLanguage\":\"en-US\",\"potentialAction\":[{\"@type\":\"ReadAction\",\"target\":[\"https:\\\/\\\/www.weberlaw.de\\\/en\\\/news\\\/\"]}]},{\"@type\":\"ImageObject\",\"inLanguage\":\"en-US\",\"@id\":\"https:\\\/\\\/www.weberlaw.de\\\/en\\\/news\\\/#primaryimage\",\"url\":\"https:\\\/\\\/www.weberlaw.de\\\/wp-content\\\/uploads\\\/2020\\\/04\\\/news-weber-recht-steuern.jpg\",\"contentUrl\":\"https:\\\/\\\/www.weberlaw.de\\\/wp-content\\\/uploads\\\/2020\\\/04\\\/news-weber-recht-steuern.jpg\",\"width\":1920,\"height\":1266,\"caption\":\"news-weber-recht-steuern\"},{\"@type\":\"BreadcrumbList\",\"@id\":\"https:\\\/\\\/www.weberlaw.de\\\/en\\\/news\\\/#breadcrumb\",\"itemListElement\":[{\"@type\":\"ListItem\",\"position\":1,\"name\":\"Kanzlei f\u00fcr Recht &amp; Steuern\",\"item\":\"https:\\\/\\\/www.weberlaw.de\\\/en\\\/law-tax-office-karlsruhe-germany\\\/\"},{\"@type\":\"ListItem\",\"position\":2,\"name\":\"News\"}]},{\"@type\":\"WebSite\",\"@id\":\"https:\\\/\\\/www.weberlaw.de\\\/de\\\/#website\",\"url\":\"https:\\\/\\\/www.weberlaw.de\\\/de\\\/\",\"name\":\"Weber | Recht &amp; Steuern\",\"description\":\"Kanzlei f\u00fcr Wirtschafts- und Steuerrecht\",\"publisher\":{\"@id\":\"https:\\\/\\\/www.weberlaw.de\\\/de\\\/#organization\"},\"potentialAction\":[{\"@type\":\"SearchAction\",\"target\":{\"@type\":\"EntryPoint\",\"urlTemplate\":\"https:\\\/\\\/www.weberlaw.de\\\/de\\\/?s={search_term_string}\"},\"query-input\":{\"@type\":\"PropertyValueSpecification\",\"valueRequired\":true,\"valueName\":\"search_term_string\"}}],\"inLanguage\":\"en-US\"},{\"@type\":\"Organization\",\"@id\":\"https:\\\/\\\/www.weberlaw.de\\\/de\\\/#organization\",\"name\":\"Weber Recht & Steuern Kanzlei\",\"url\":\"https:\\\/\\\/www.weberlaw.de\\\/de\\\/\",\"logo\":{\"@type\":\"ImageObject\",\"inLanguage\":\"en-US\",\"@id\":\"https:\\\/\\\/www.weberlaw.de\\\/de\\\/#\\\/schema\\\/logo\\\/image\\\/\",\"url\":\"https:\\\/\\\/www.weberlaw.de\\\/wp-content\\\/uploads\\\/2020\\\/05\\\/weber-recht-steuern-karlsruhe-baden-baden-3.png\",\"contentUrl\":\"https:\\\/\\\/www.weberlaw.de\\\/wp-content\\\/uploads\\\/2020\\\/05\\\/weber-recht-steuern-karlsruhe-baden-baden-3.png\",\"width\":890,\"height\":200,\"caption\":\"Weber Recht & Steuern Kanzlei\"},\"image\":{\"@id\":\"https:\\\/\\\/www.weberlaw.de\\\/de\\\/#\\\/schema\\\/logo\\\/image\\\/\"},\"sameAs\":[\"https:\\\/\\\/de.linkedin.com\\\/in\\\/konstantinweber\"]}]}<\/script>\n<!-- \/ Yoast SEO plugin. -->","yoast_head_json":{"title":"News - Weber | Recht &amp; Steuern","robots":{"index":"index","follow":"follow","max-snippet":"max-snippet:-1","max-image-preview":"max-image-preview:large","max-video-preview":"max-video-preview:-1"},"canonical":"https:\/\/www.weberlaw.de\/en\/news\/","og_locale":"en_US","og_type":"article","og_title":"News - Weber | Recht &amp; Steuern","og_url":"https:\/\/www.weberlaw.de\/en\/news\/","og_site_name":"Weber | Recht &amp; Steuern","article_modified_time":"2024-05-17T12:50:33+00:00","og_image":[{"width":1920,"height":1266,"url":"https:\/\/www.weberlaw.de\/wp-content\/uploads\/2020\/04\/news-weber-recht-steuern.jpg","type":"image\/jpeg"}],"twitter_card":"summary_large_image","twitter_misc":{"Est. reading time":"3 minutes"},"schema":{"@context":"https:\/\/schema.org","@graph":[{"@type":"WebPage","@id":"https:\/\/www.weberlaw.de\/en\/news\/","url":"https:\/\/www.weberlaw.de\/en\/news\/","name":"News - Weber | Recht &amp; Steuern","isPartOf":{"@id":"https:\/\/www.weberlaw.de\/de\/#website"},"primaryImageOfPage":{"@id":"https:\/\/www.weberlaw.de\/en\/news\/#primaryimage"},"image":{"@id":"https:\/\/www.weberlaw.de\/en\/news\/#primaryimage"},"thumbnailUrl":"https:\/\/www.weberlaw.de\/wp-content\/uploads\/2020\/04\/news-weber-recht-steuern.jpg","datePublished":"2020-04-26T16:30:23+00:00","dateModified":"2024-05-17T12:50:33+00:00","breadcrumb":{"@id":"https:\/\/www.weberlaw.de\/en\/news\/#breadcrumb"},"inLanguage":"en-US","potentialAction":[{"@type":"ReadAction","target":["https:\/\/www.weberlaw.de\/en\/news\/"]}]},{"@type":"ImageObject","inLanguage":"en-US","@id":"https:\/\/www.weberlaw.de\/en\/news\/#primaryimage","url":"https:\/\/www.weberlaw.de\/wp-content\/uploads\/2020\/04\/news-weber-recht-steuern.jpg","contentUrl":"https:\/\/www.weberlaw.de\/wp-content\/uploads\/2020\/04\/news-weber-recht-steuern.jpg","width":1920,"height":1266,"caption":"news-weber-recht-steuern"},{"@type":"BreadcrumbList","@id":"https:\/\/www.weberlaw.de\/en\/news\/#breadcrumb","itemListElement":[{"@type":"ListItem","position":1,"name":"Kanzlei f\u00fcr Recht &amp; Steuern","item":"https:\/\/www.weberlaw.de\/en\/law-tax-office-karlsruhe-germany\/"},{"@type":"ListItem","position":2,"name":"News"}]},{"@type":"WebSite","@id":"https:\/\/www.weberlaw.de\/de\/#website","url":"https:\/\/www.weberlaw.de\/de\/","name":"Weber | Recht &amp; Steuern","description":"Kanzlei f\u00fcr Wirtschafts- und Steuerrecht","publisher":{"@id":"https:\/\/www.weberlaw.de\/de\/#organization"},"potentialAction":[{"@type":"SearchAction","target":{"@type":"EntryPoint","urlTemplate":"https:\/\/www.weberlaw.de\/de\/?s={search_term_string}"},"query-input":{"@type":"PropertyValueSpecification","valueRequired":true,"valueName":"search_term_string"}}],"inLanguage":"en-US"},{"@type":"Organization","@id":"https:\/\/www.weberlaw.de\/de\/#organization","name":"Weber Recht & Steuern Kanzlei","url":"https:\/\/www.weberlaw.de\/de\/","logo":{"@type":"ImageObject","inLanguage":"en-US","@id":"https:\/\/www.weberlaw.de\/de\/#\/schema\/logo\/image\/","url":"https:\/\/www.weberlaw.de\/wp-content\/uploads\/2020\/05\/weber-recht-steuern-karlsruhe-baden-baden-3.png","contentUrl":"https:\/\/www.weberlaw.de\/wp-content\/uploads\/2020\/05\/weber-recht-steuern-karlsruhe-baden-baden-3.png","width":890,"height":200,"caption":"Weber Recht & Steuern Kanzlei"},"image":{"@id":"https:\/\/www.weberlaw.de\/de\/#\/schema\/logo\/image\/"},"sameAs":["https:\/\/de.linkedin.com\/in\/konstantinweber"]}]}},"_links":{"self":[{"href":"https:\/\/www.weberlaw.de\/en\/wp-json\/wp\/v2\/pages\/300","targetHints":{"allow":["GET"]}}],"collection":[{"href":"https:\/\/www.weberlaw.de\/en\/wp-json\/wp\/v2\/pages"}],"about":[{"href":"https:\/\/www.weberlaw.de\/en\/wp-json\/wp\/v2\/types\/page"}],"author":[{"embeddable":true,"href":"https:\/\/www.weberlaw.de\/en\/wp-json\/wp\/v2\/users\/2"}],"replies":[{"embeddable":true,"href":"https:\/\/www.weberlaw.de\/en\/wp-json\/wp\/v2\/comments?post=300"}],"version-history":[{"count":4,"href":"https:\/\/www.weberlaw.de\/en\/wp-json\/wp\/v2\/pages\/300\/revisions"}],"predecessor-version":[{"id":465,"href":"https:\/\/www.weberlaw.de\/en\/wp-json\/wp\/v2\/pages\/300\/revisions\/465"}],"wp:featuredmedia":[{"embeddable":true,"href":"https:\/\/www.weberlaw.de\/en\/wp-json\/wp\/v2\/media\/297"}],"wp:attachment":[{"href":"https:\/\/www.weberlaw.de\/en\/wp-json\/wp\/v2\/media?parent=300"}],"curies":[{"name":"wp","href":"https:\/\/api.w.org\/{rel}","templated":true}]}}